{"id":881,"date":"2025-07-07T16:04:26","date_gmt":"2025-07-07T14:04:26","guid":{"rendered":"https:\/\/centrocongressi.billia.it\/?page_id=881"},"modified":"2026-03-26T17:00:28","modified_gmt":"2026-03-26T16:00:28","slug":"home-2","status":"publish","type":"page","link":"https:\/\/centrocongressi.billia.it\/fr\/","title":{"rendered":"Home"},"content":{"rendered":"<p>[et_pb_section fb_built=&#8221;1&#8243; disabled_on=&#8221;off|off|off&#8221; admin_label=&#8221;Hero Header&#8221; module_class=&#8221;hero-intro&#8221; _builder_version=&#8221;4.27.4&#8243; _module_preset=&#8221;default&#8221; background_color=&#8221;gcid-07410290-6c7e-421e-9a0e-1994d51fb261&#8243; z_index=&#8221;55&#8243; custom_padding=&#8221;0px||0px||true|false&#8221; da_disable_devices=&#8221;off|off|off&#8221; global_colors_info=&#8221;{%22gcid-07410290-6c7e-421e-9a0e-1994d51fb261%22:%91%22background_color%22%93}&#8221; custom_css_main_element_last_edited=&#8221;on|tablet&#8221; da_is_popup=&#8221;off&#8221; da_exit_intent=&#8221;off&#8221; da_has_close=&#8221;on&#8221; da_alt_close=&#8221;off&#8221; da_dark_close=&#8221;off&#8221; da_not_modal=&#8221;on&#8221; da_is_singular=&#8221;off&#8221; da_with_loader=&#8221;off&#8221; da_has_shadow=&#8221;on&#8221;][et_pb_row column_structure=&#8221;1_2,1_2&#8243; make_equal=&#8221;on&#8221; module_class=&#8221;pa-inline-buttons&#8221; _builder_version=&#8221;4.27.6&#8243; _module_preset=&#8221;default&#8221; width=&#8221;100%&#8221; max_width=&#8221;100%&#8221; custom_padding=&#8221;0px||0px||true|false&#8221; hover_enabled=&#8221;0&#8243; box_shadow_style=&#8221;preset1&#8243; box_shadow_blur=&#8221;10px&#8221; box_shadow_color=&#8221;rgba(13,57,93,0.13)&#8221; global_colors_info=&#8221;{}&#8221; sticky_enabled=&#8221;0&#8243;][et_pb_column type=&#8221;1_2&#8243; module_class=&#8221;ken-burns-col&#8221; _builder_version=&#8221;4.27.6&#8243; _module_preset=&#8221;default&#8221; background_enable_image=&#8221;off&#8221; parallax=&#8221;on&#8221; background_video_mp4=&#8221;https:\/\/centrocongressi.billia.it\/wp-content\/uploads\/2026\/03\/centro-congressi-billia-bil-orrizzontale-finale-03-26-d.mp4&#8243; custom_css_main_element=&#8221;width: 50%!important;||margin-right: 0 !important;||min-height: 100vh!important;&#8221; border_width_all=&#8221;5px&#8221; border_color_all=&#8221;#0D395D&#8221; global_colors_info=&#8221;{}&#8221; custom_css_main_element_last_edited=&#8221;on|phone&#8221; custom_css_main_element_tablet=&#8221;width: 100%;||height: 50vh;||margin-bottom: 0!important;||min-height: 50vh!important;&#8221; custom_css_main_element_phone=&#8221;width: 100%!important;||margin-right: 0 !important;||margin-bottom: 0!important;||min-height: 70vh!important;||display: block!important;||display: flex;||align-items: flex-end;||align-content: flex-start;&#8221; border_style_all=&#8221;none&#8221;][et_pb_image src=&#8221;https:\/\/centrocongressi.billia.it\/wp-content\/uploads\/2025\/06\/logo-centro-congressi-billa-saint-vincent-valle-aosta-png-200x.png&#8221; title_text=&#8221;logo-centro-congressi-billa-saint-vincent-valle-aosta-png-200x&#8221; show_bottom_space=&#8221;off&#8221; disabled_on=&#8221;off|on|on&#8221; _builder_version=&#8221;4.27.6&#8243; _module_preset=&#8221;default&#8221; width=&#8221;250px&#8221; width_tablet=&#8221;180px&#8221; width_phone=&#8221;100%&#8221; width_last_edited=&#8221;on|tablet&#8221; custom_margin=&#8221;0px|0px|0px|0px|false|false&#8221; hover_enabled=&#8221;0&#8243; global_colors_info=&#8221;{}&#8221; sticky_enabled=&#8221;0&#8243; module_class=&#8221;logo-mob&#8221;][\/et_pb_image][\/et_pb_column][et_pb_column type=&#8221;1_2&#8243; _builder_version=&#8221;4.27.6&#8243; _module_preset=&#8221;default&#8221; position_origin_a_tablet=&#8221;&#8221; position_origin_a_phone=&#8221;&#8221; position_origin_a_last_edited=&#8221;on|tablet&#8221; position_origin_f_tablet=&#8221;&#8221; position_origin_f_phone=&#8221;&#8221; position_origin_f_last_edited=&#8221;on|tablet&#8221; position_origin_r_tablet=&#8221;&#8221; position_origin_r_phone=&#8221;&#8221; position_origin_r_last_edited=&#8221;on|tablet&#8221; custom_padding=&#8221;2em|2em|2em|5em|true|false&#8221; custom_padding_tablet=&#8221;3em|3em|3em|3em|true|true&#8221; custom_padding_phone=&#8221;2em|1em|2em|1em|true|true&#8221; custom_padding_last_edited=&#8221;on|tablet&#8221; hover_enabled=&#8221;0&#8243; background_color_tablet=&#8221;gcid-07410290-6c7e-421e-9a0e-1994d51fb261&#8243; background_last_edited=&#8221;on|tablet&#8221; background_enable_color_tablet=&#8221;on&#8221; use_background_color_gradient_tablet=&#8221;off&#8221; positioning_tablet=&#8221;none&#8221; positioning_phone=&#8221;none&#8221; positioning_last_edited=&#8221;on|tablet&#8221; custom_css_main_element=&#8221;display: flex;||flex-direction: column;||justify-content: center;&#8221; global_colors_info=&#8221;{%22gcid-07410290-6c7e-421e-9a0e-1994d51fb261%22:%91%22background_color%22%93}&#8221; custom_css_main_element_last_edited=&#8221;on|tablet&#8221; custom_css_main_element_tablet=&#8221;display: flex;||flex-direction: column;||justify-content: center;||width: 100%;||margin-top: 0;&#8221; custom_css_main_element_phone=&#8221;display: flex;||flex-direction: column;||justify-content: center;||width: 100%;||margin-top: 0;&#8221; admin_label=&#8221;Column&#8221; sticky_enabled=&#8221;0&#8243; border_style_all_last_edited=&#8221;on|desktop&#8221; border_style_all=&#8221;none&#8221; border_style_all_tablet=&#8221;none&#8221; border_style_all_phone=&#8221;none&#8221;][et_pb_image src=&#8221;https:\/\/centrocongressi.billia.it\/wp-content\/uploads\/2025\/06\/centro-congressi-billia-saint-vincent-valle-aosta-grand-hotel-billia-logo-512x.webp&#8221; title_text=&#8221;centro-congressi-billia-saint-vincent-valle-aosta-grand-hotel-billia-logo-512x&#8221; show_bottom_space=&#8221;off&#8221; disabled_on=&#8221;on|off|off&#8221; _builder_version=&#8221;4.27.6&#8243; _module_preset=&#8221;default&#8221; width=&#8221;250px&#8221; width_tablet=&#8221;180px&#8221; width_phone=&#8221;150px&#8221; width_last_edited=&#8221;on|tablet&#8221; custom_margin=&#8221;||1em||false|false&#8221; global_colors_info=&#8221;{}&#8221;][\/et_pb_image][et_pb_text _builder_version=&#8221;4.27.6&#8243; _module_preset=&#8221;default&#8221; header_font_size=&#8221;60px&#8221; custom_margin=&#8221;||0px||false|false&#8221; header_font_size_tablet=&#8221;55px&#8221; header_font_size_phone=&#8221;38px&#8221; header_font_size_last_edited=&#8221;on|tablet&#8221; global_colors_info=&#8221;{}&#8221;]<\/p>\n<h1>Organizza il tuo evento al <strong>Centro Congressi Billia<\/strong><\/h1>\n<p>[\/et_pb_text][et_pb_text _builder_version=&#8221;4.27.4&#8243; _module_preset=&#8221;default&#8221; text_font=&#8221;&#8211;et_global_heading_font||||||||&#8221; text_line_height=&#8221;1.5em&#8221; custom_margin=&#8221;||0.5em||false|false&#8221; global_colors_info=&#8221;{}&#8221;]<\/p>\n<p><em>Un luogo ricco di storia, in una posizione strategica con servizi esclusivi per i vostri meeting.<\/em><\/p>\n<p>[\/et_pb_text][et_pb_text _builder_version=&#8221;4.27.4&#8243; _module_preset=&#8221;default&#8221; global_colors_info=&#8221;{}&#8221;]<\/p>\n<p>Il <strong>Centro Congressi Billia<\/strong> di <strong>Saint-Vincent<\/strong> in Valle d\u2019Aosta, unito al prestigioso <strong>Grand H\u00f4tel Billia<\/strong> e al <strong>Parc Hotel Billia<\/strong>, \u00e8 un punto di riferimento per tutti gli eventi aziendali.<\/p>\n<p>[\/et_pb_text][et_pb_code module_class=&#8221;hero-btn&#8221; _builder_version=&#8221;4.27.5&#8243; _module_preset=&#8221;default&#8221; custom_margin=&#8221;||0px||false|false&#8221; custom_padding=&#8221;||0px||false|false&#8221; global_colors_info=&#8221;{}&#8221;]<\/p>\n<div class=\"et_pb_button_module_wrapper et_pb_button_alignment_left et_pb_module\" style=\"margin-right: 0.5em; margin-bottom: 0;\"><!-- [et_pb_line_break_holder] -->\t\t\t\t<a class=\"et_pb_button et_pb_bg_layout_light btn-vuoto\" href=\"#txt-intro\">Scopri di pi\u00f9<\/a><!-- [et_pb_line_break_holder] -->\t\t\t<\/div>\n<p><!-- [et_pb_line_break_holder] --><\/p>\n<div class=\"et_pb_button_module_wrapper et_pb_button_alignment_left et_pb_module\" style=\"margin-bottom: 0;\"><!-- [et_pb_line_break_holder] -->\t\t\t\t<a class=\"et_pb_button et_pb_bg_layout_light  btn-pieno\" href=\"#ctc\">Richiedi Info<\/a><!-- [et_pb_line_break_holder] -->\t\t\t<\/div>\n<p>[\/et_pb_code][\/et_pb_column][\/et_pb_row][\/et_pb_section][et_pb_section fb_built=&#8221;1&#8243; admin_label=&#8221;Header&#8221; _builder_version=&#8221;4.27.5&#8243; _module_preset=&#8221;default&#8221; background_color=&#8221;#0D395D&#8221; z_index=&#8221;155&#8243; custom_padding=&#8221;0px||0px||true|false&#8221; sticky_position=&#8221;top&#8221; da_disable_devices=&#8221;off|off|off&#8221; global_colors_info=&#8221;{%22gcid-72113eb7-40fe-40b9-9099-4d206bf69aab%22:%91%22background_color_gradient_stops%22%93}&#8221; da_is_popup=&#8221;off&#8221; da_exit_intent=&#8221;off&#8221; da_has_close=&#8221;on&#8221; da_alt_close=&#8221;off&#8221; da_dark_close=&#8221;off&#8221; da_not_modal=&#8221;on&#8221; da_is_singular=&#8221;off&#8221; da_with_loader=&#8221;off&#8221; da_has_shadow=&#8221;on&#8221;][et_pb_row _builder_version=&#8221;4.27.6&#8243; _module_preset=&#8221;default&#8221; width=&#8221;90%&#8221; width_tablet=&#8221;90%&#8221; width_phone=&#8221;100%&#8221; width_last_edited=&#8221;on|phone&#8221; max_width=&#8221;90%&#8221; max_width_tablet=&#8221;90%&#8221; max_width_phone=&#8221;100%&#8221; max_width_last_edited=&#8221;on|phone&#8221; custom_padding=&#8221;1em||1em||true|false&#8221; module_alignment_tablet=&#8221;&#8221; module_alignment_phone=&#8221;left&#8221; module_alignment_last_edited=&#8221;on|phone&#8221; global_colors_info=&#8221;{}&#8221; custom_padding__sticky_enabled=&#8221;on|sticky&#8221; custom_padding__sticky=&#8221;0.5em||0.5em||true|false&#8221;][et_pb_column type=&#8221;4_4&#8243; _builder_version=&#8221;4.27.4&#8243; _module_preset=&#8221;default&#8221; global_colors_info=&#8221;{}&#8221;][et_pb_image src=&#8221;https:\/\/centrocongressi.billia.it\/wp-content\/uploads\/2025\/06\/logo-centro-congressi-billa-saint-vincent-valle-aosta-png-512x-short-bn.webp&#8221; title_text=&#8221;logo-centro-congressi-billa-saint-vincent-valle-aosta-png-512x-short-bn&#8221; _builder_version=&#8221;4.27.6&#8243; _module_preset=&#8221;default&#8221; width=&#8221;150px&#8221; width_tablet=&#8221;80px&#8221; width_phone=&#8221;75px&#8221; width_last_edited=&#8221;on|desktop&#8221; module_alignment=&#8221;center&#8221; custom_padding=&#8221;1em||||false|false&#8221; global_colors_info=&#8221;{}&#8221; width__sticky_enabled=&#8221;on|sticky&#8221; width__sticky=&#8221;80px&#8221; custom_padding__sticky_enabled=&#8221;on|sticky&#8221; custom_padding__sticky=&#8221;0em||||false|false&#8221;][\/et_pb_image][\/et_pb_column][\/et_pb_row][\/et_pb_section][et_pb_section fb_built=&#8221;1&#8243; _builder_version=&#8221;4.27.5&#8243; _module_preset=&#8221;default&#8221; z_index=&#8221;155&#8243; custom_padding=&#8221;0px||0px||true|false&#8221; da_disable_devices=&#8221;off|off|off&#8221; global_colors_info=&#8221;{}&#8221; da_is_popup=&#8221;off&#8221; da_exit_intent=&#8221;off&#8221; da_has_close=&#8221;on&#8221; da_alt_close=&#8221;off&#8221; da_dark_close=&#8221;off&#8221; da_not_modal=&#8221;on&#8221; da_is_singular=&#8221;off&#8221; da_with_loader=&#8221;off&#8221; da_has_shadow=&#8221;on&#8221;][et_pb_row make_equal=&#8221;on&#8221; custom_padding_last_edited=&#8221;on|tablet&#8221; admin_label=&#8221;Virtual Tour&#8221; module_id=&#8221;txt-intro&#8221; module_class=&#8221;pa-inline-buttons&#8221; _builder_version=&#8221;4.27.6&#8243; _module_preset=&#8221;default&#8221; background_color=&#8221;#0D395D&#8221; width=&#8221;100%&#8221; max_width=&#8221;unset&#8221; display_conditions=&#8221;W10=&#8221; custom_margin=&#8221;||0em||false|false&#8221; custom_margin_tablet=&#8221;||0em||false|false&#8221; custom_margin_phone=&#8221;||||false|false&#8221; custom_margin_last_edited=&#8221;on|tablet&#8221; custom_padding=&#8221;1em|10em|1em|5em|true|false&#8221; custom_padding_tablet=&#8221;3em|5em|3em|5em|true|true&#8221; custom_padding_phone=&#8221;0em|2em|3em|2em|false|true&#8221; custom_css_main_element=&#8221;justify-content: center;&#8221; global_colors_info=&#8221;{%22gcid-07410290-6c7e-421e-9a0e-1994d51fb261%22:%91%22background_color_gradient_stops%22%93}&#8221; custom_css_main_element_last_edited=&#8221;on|tablet&#8221; custom_css_main_element_tablet=&#8221;justify-content: center;&#8221; custom_css_main_element_phone=&#8221;justify-content: center;&#8221;][et_pb_column type=&#8221;4_4&#8243; module_class=&#8221;btn-mob-w100&#8243; _builder_version=&#8221;4.27.5&#8243; _module_preset=&#8221;default&#8221; custom_css_main_element=&#8221;display: flex;||justify-content: center;||align-items: center;&#8221; global_colors_info=&#8221;{}&#8221; custom_css_main_element_last_edited=&#8221;on|tablet&#8221; custom_css_main_element_phone=&#8221;gap: 1em;||display: flex;||flex-direction: column;&#8221; custom_css_main_element_tablet=&#8221;display: flex;||justify-content: center;||align-items: center;||flex-direction: column;&#8221;][et_pb_text _builder_version=&#8221;4.27.5&#8243; _module_preset=&#8221;default&#8221; text_font=&#8221;Saira|600||on|||||&#8221; text_text_color=&#8221;gcid-07410290-6c7e-421e-9a0e-1994d51fb261&#8243; text_font_size=&#8221;22px&#8221; text_line_height=&#8221;1.2em&#8221; custom_margin=&#8221;|1em|0px||false|false&#8221; custom_margin_tablet=&#8221;|0em|1em||false|false&#8221; custom_margin_phone=&#8221;||0em||false|false&#8221; custom_margin_last_edited=&#8221;on|tablet&#8221; text_orientation_tablet=&#8221;&#8221; text_orientation_phone=&#8221;left&#8221; text_orientation_last_edited=&#8221;on|desktop&#8221; global_colors_info=&#8221;{%22gcid-07410290-6c7e-421e-9a0e-1994d51fb261%22:%91%22text_text_color%22%93}&#8221;]<\/p>\n<p><span>Scopri Ogni Angolo del <strong>Centro Congressi<\/strong> con il<\/span><\/p>\n<p>[\/et_pb_text][et_pb_button button_url=&#8221;#virtual-tour&#8221; button_text=&#8221;Virtual Tour&#8221; button_alignment=&#8221;left&#8221; button_alignment_tablet=&#8221;left&#8221; button_alignment_phone=&#8221;center&#8221; button_alignment_last_edited=&#8221;on|phone&#8221; _builder_version=&#8221;4.27.5&#8243; _module_preset=&#8221;default&#8221; custom_button=&#8221;on&#8221; button_text_size=&#8221;16px&#8221; button_text_color=&#8221;gcid-primary-color&#8221; button_bg_color=&#8221;gcid-07410290-6c7e-421e-9a0e-1994d51fb261&#8243; button_border_color=&#8221;gcid-primary-color&#8221; button_font=&#8221;&#8211;et_global_heading_font|||on|||||&#8221; button_use_icon=&#8221;off&#8221; custom_margin=&#8221;|1em|0px||false|false&#8221; custom_margin_tablet=&#8221;|1em|0px||false|false&#8221; custom_margin_phone=&#8221;|0em|0px||false|false&#8221; custom_margin_last_edited=&#8221;on|phone&#8221; custom_padding=&#8221;0.5em|2em|0.5em|2em|true|true&#8221; global_colors_info=&#8221;{%22gcid-07410290-6c7e-421e-9a0e-1994d51fb261%22:%91%22button_text_color__hover%22,%22button_bg_color%22%93,%22gcid-primary-color%22:%91%22button_border_color%22,%22button_text_color%22,%22button_bg_color__hover%22%93}&#8221; button_bg_color__hover_enabled=&#8221;on|desktop&#8221; button_bg_color__hover=&#8221;#0d395d&#8221; button_bg_enable_color__hover=&#8221;on&#8221; button_text_color__hover_enabled=&#8221;on|hover&#8221; button_text_color__hover=&#8221;#ffffff&#8221; custom_css_main_element_last_edited=&#8221;on|phone&#8221; custom_css_main_element_phone=&#8221;width: 100%;&#8221;][\/et_pb_button][\/et_pb_column][\/et_pb_row][\/et_pb_section][et_pb_section fb_built=&#8221;1&#8243; admin_label=&#8221;Intro&#8221; module_id=&#8221;intro&#8221; module_class=&#8221;mb-5em&#8221; _builder_version=&#8221;4.27.4&#8243; _module_preset=&#8221;default&#8221; background_image=&#8221;https:\/\/centrocongressi.billia.it\/wp-content\/uploads\/2025\/06\/centro-congressi-billia-saint-vincent-valle-aosta-grand-hotel-billia-img-belle-vue.webp&#8221; parallax=&#8221;on&#8221; z_index=&#8221;55&#8243; custom_margin=&#8221;0px||0px||false|false&#8221; custom_padding=&#8221;0px|0px|0px|0px|true|true&#8221; da_popup_slug=&#8221;intro&#8221; da_disable_devices=&#8221;off|off|off&#8221; global_colors_info=&#8221;{}&#8221; da_is_popup=&#8221;off&#8221; da_exit_intent=&#8221;off&#8221; da_has_close=&#8221;on&#8221; da_alt_close=&#8221;off&#8221; da_dark_close=&#8221;off&#8221; da_not_modal=&#8221;on&#8221; da_is_singular=&#8221;off&#8221; da_with_loader=&#8221;off&#8221; da_has_shadow=&#8221;on&#8221;][et_pb_row column_structure=&#8221;1_2,1_2&#8243; custom_padding_last_edited=&#8221;on|phone&#8221; _builder_version=&#8221;4.27.4&#8243; _module_preset=&#8221;default&#8221; width=&#8221;100%&#8221; max_width=&#8221;100%&#8221; module_alignment=&#8221;center&#8221; custom_padding=&#8221;3em||3em||true|false&#8221; custom_padding_tablet=&#8221;3em||1em||false|false&#8221; custom_padding_phone=&#8221;5em|2em|3em|2em|false|true&#8221; custom_css_main_element=&#8221;            background-image: linear-gradient(45deg, rgba(255, 255, 255, 0.4) 0%, rgba(255, 255, 255, 0.9) 100%);||            box-shadow: 0px 2px 18px 0px rgba(0, 0, 0, 0.12);||            backdrop-filter: blur(2px);||            -webkit-backdrop-filter: blur(2px);||display: flex;||flex-direction: column;||align-items: center;&#8221; global_colors_info=&#8221;{}&#8221;][et_pb_column type=&#8221;1_2&#8243; _builder_version=&#8221;4.27.4&#8243; _module_preset=&#8221;default&#8221; custom_padding=&#8221;5em|5em|0em|5em|false|true&#8221; custom_padding_tablet=&#8221;5em|5em|0em|5em|false|true&#8221; custom_padding_phone=&#8221;0em|0em|0em|0em|true|true&#8221; custom_padding_last_edited=&#8221;on|phone&#8221; custom_css_main_element=&#8221;display: flex;||align-items: center;||justify-content: center;||flex-wrap: wrap;||margin-right: 0!important;||width: 100%!important;||max-width: 1380px!important;&#8221; global_colors_info=&#8221;{}&#8221;][et_pb_heading title=&#8221;Meeting&#8221; _builder_version=&#8221;4.27.4&#8243; _module_preset=&#8221;default&#8221; title_level=&#8221;h2&#8243; title_text_align=&#8221;center&#8221; title_font_size=&#8221;45px&#8221; width=&#8221;100%&#8221; module_alignment=&#8221;center&#8221; custom_margin=&#8221;||2em||false|false&#8221; custom_margin_tablet=&#8221;||5em||false|false&#8221; custom_margin_phone=&#8221;||2em||false|false&#8221; custom_margin_last_edited=&#8221;on|tablet&#8221; title_font_size_tablet=&#8221;45px&#8221; title_font_size_phone=&#8221;35px&#8221; title_font_size_last_edited=&#8221;on|phone&#8221; global_colors_info=&#8221;{}&#8221; custom_css_main_element_last_edited=&#8221;on|tablet&#8221; custom_css_main_element_tablet=&#8221;flex: 1 1 100%;&#8221; custom_css_main_element_phone=&#8221;flex: 1 1 100%;&#8221;][\/et_pb_heading][et_pb_number_counter title=&#8221;Sale&#8221; number=&#8221;7&#8243; percent_sign=&#8221;off&#8221; admin_label=&#8221;7 sale&#8221; _builder_version=&#8221;4.27.4&#8243; _module_preset=&#8221;default&#8221; number_font=&#8221;|700|||||||&#8221; custom_padding_tablet=&#8221;&#8221; custom_padding_phone=&#8221;||||false|false&#8221; custom_padding_last_edited=&#8221;on|phone&#8221; title_font_size_tablet=&#8221;&#8221; title_font_size_phone=&#8221;&#8221; title_font_size_last_edited=&#8221;on|phone&#8221; number_font_size_tablet=&#8221;&#8221; number_font_size_phone=&#8221;50px&#8221; number_font_size_last_edited=&#8221;on|phone&#8221; global_colors_info=&#8221;{}&#8221;][\/et_pb_number_counter][et_pb_number_counter title=&#8221;Posti Totali&#8221; number=&#8221;1000&#8243; percent_sign=&#8221;off&#8221; admin_label=&#8221;1000&#8243; _builder_version=&#8221;4.27.4&#8243; _module_preset=&#8221;default&#8221; number_font=&#8221;|700|||||||&#8221; number_font_size_tablet=&#8221;&#8221; number_font_size_phone=&#8221;50px&#8221; number_font_size_last_edited=&#8221;on|phone&#8221; global_colors_info=&#8221;{}&#8221;][\/et_pb_number_counter][et_pb_number_counter title=&#8221;Metri quadrati&#8221; number=&#8221;1200&#8243; percent_sign=&#8221;off&#8221; admin_label=&#8221;1200&#8243; _builder_version=&#8221;4.27.4&#8243; _module_preset=&#8221;default&#8221; number_font=&#8221;|700|||||||&#8221; number_font_size_tablet=&#8221;&#8221; number_font_size_phone=&#8221;50px&#8221; number_font_size_last_edited=&#8221;on|phone&#8221; global_colors_info=&#8221;{}&#8221;][\/et_pb_number_counter][et_pb_number_counter title=&#8221;Posti auditorium&#8221; number=&#8221;545&#8243; percent_sign=&#8221;off&#8221; admin_label=&#8221;545&#8243; _builder_version=&#8221;4.27.4&#8243; _module_preset=&#8221;default&#8221; number_font=&#8221;|700|||||||&#8221; number_font_size_tablet=&#8221;&#8221; number_font_size_phone=&#8221;50px&#8221; number_font_size_last_edited=&#8221;on|phone&#8221; global_colors_info=&#8221;{}&#8221;][\/et_pb_number_counter][\/et_pb_column][et_pb_column type=&#8221;1_2&#8243; _builder_version=&#8221;4.27.4&#8243; _module_preset=&#8221;default&#8221; custom_padding=&#8221;0em|5em|3em|5em|false|true&#8221; custom_padding_tablet=&#8221;0em|5em|5em|5em|false|true&#8221; custom_padding_phone=&#8221;0em|0em|0em|0em|true|true&#8221; custom_padding_last_edited=&#8221;on|phone&#8221; custom_css_main_element=&#8221;display: flex;||align-items: center;||justify-content: center;||flex-wrap: wrap;||margin-right: 0!important;||width: 100%!important;||max-width: 1380px!important;&#8221; global_colors_info=&#8221;{}&#8221;][et_pb_divider _builder_version=&#8221;4.27.4&#8243; _module_preset=&#8221;default&#8221; width=&#8221;100%&#8221; custom_margin=&#8221;||2em||false|false&#8221; global_colors_info=&#8221;{}&#8221;][\/et_pb_divider][et_pb_heading title=&#8221;Accomodation&#8221; _builder_version=&#8221;4.27.4&#8243; _module_preset=&#8221;default&#8221; title_level=&#8221;h2&#8243; title_text_align=&#8221;center&#8221; title_font_size=&#8221;45px&#8221; width=&#8221;100%&#8221; module_alignment=&#8221;center&#8221; custom_margin=&#8221;||2em||false|false&#8221; custom_margin_tablet=&#8221;1em||5em||false|false&#8221; custom_margin_phone=&#8221;||2em||false|false&#8221; custom_margin_last_edited=&#8221;on|tablet&#8221; title_font_size_tablet=&#8221;45px&#8221; title_font_size_phone=&#8221;35px&#8221; title_font_size_last_edited=&#8221;on|phone&#8221; global_colors_info=&#8221;{}&#8221; custom_css_main_element_last_edited=&#8221;on|tablet&#8221; custom_css_main_element_tablet=&#8221;flex: 1 1 100%;&#8221; custom_css_main_element_phone=&#8221;flex: 1 1 100%;&#8221;][\/et_pb_heading][et_pb_number_counter title=&#8221;Coperti&#8221; number=&#8221;430&#8243; percent_sign=&#8221;off&#8221; admin_label=&#8221;430&#8243; _builder_version=&#8221;4.27.4&#8243; _module_preset=&#8221;default&#8221; number_font=&#8221;|700|||||||&#8221; number_font_size_tablet=&#8221;&#8221; number_font_size_phone=&#8221;50px&#8221; number_font_size_last_edited=&#8221;on|phone&#8221; global_colors_info=&#8221;{}&#8221;][\/et_pb_number_counter][et_pb_number_counter title=&#8221;sale ristorante&#8221; number=&#8221;3&#8243; percent_sign=&#8221;off&#8221; admin_label=&#8221;7 sale&#8221; _builder_version=&#8221;4.27.4&#8243; _module_preset=&#8221;default&#8221; number_font=&#8221;|700|||||||&#8221; title_font_size_tablet=&#8221;&#8221; title_font_size_phone=&#8221;&#8221; title_font_size_last_edited=&#8221;on|phone&#8221; number_font_size_tablet=&#8221;&#8221; number_font_size_phone=&#8221;50px&#8221; number_font_size_last_edited=&#8221;on|phone&#8221; global_colors_info=&#8221;{}&#8221;][\/et_pb_number_counter][et_pb_number_counter title=&#8221;Camere Parc Hotel Billia&#8221; number=&#8221;119&#8243; percent_sign=&#8221;off&#8221; admin_label=&#8221;7 sale&#8221; _builder_version=&#8221;4.27.4&#8243; _module_preset=&#8221;default&#8221; number_font=&#8221;|700|||||||&#8221; custom_padding_tablet=&#8221;&#8221; custom_padding_phone=&#8221;||||false|false&#8221; custom_padding_last_edited=&#8221;on|phone&#8221; title_font_size_tablet=&#8221;&#8221; title_font_size_phone=&#8221;&#8221; title_font_size_last_edited=&#8221;on|phone&#8221; number_font_size_tablet=&#8221;&#8221; number_font_size_phone=&#8221;50px&#8221; number_font_size_last_edited=&#8221;on|phone&#8221; global_colors_info=&#8221;{}&#8221;][\/et_pb_number_counter][et_pb_number_counter title=&#8221;Camere Grand Hotel  Billia&#8221; number=&#8221;69&#8243; percent_sign=&#8221;off&#8221; admin_label=&#8221;7 sale&#8221; _builder_version=&#8221;4.27.4&#8243; _module_preset=&#8221;default&#8221; number_font=&#8221;|700|||||||&#8221; title_font_size_tablet=&#8221;&#8221; title_font_size_phone=&#8221;&#8221; title_font_size_last_edited=&#8221;on|phone&#8221; number_font_size_tablet=&#8221;&#8221; number_font_size_phone=&#8221;50px&#8221; number_font_size_last_edited=&#8221;on|phone&#8221; global_colors_info=&#8221;{}&#8221;][\/et_pb_number_counter][\/et_pb_column][\/et_pb_row][et_pb_row column_structure=&#8221;1_4,3_4&#8243; make_equal=&#8221;on&#8221; custom_padding_last_edited=&#8221;on|tablet&#8221; module_id=&#8221;txt-intro&#8221; _builder_version=&#8221;4.27.5&#8243; _module_preset=&#8221;default&#8221; background_color=&#8221;gcid-07410290-6c7e-421e-9a0e-1994d51fb261&#8243; use_background_color_gradient=&#8221;on&#8221; background_color_gradient_direction=&#8221;45deg&#8221; background_color_gradient_stops=&#8221;rgba(255,255,255,0.74) 0%|rgba(255,255,255,0.97) 100%&#8221; width=&#8221;100%&#8221; max_width=&#8221;unset&#8221; custom_margin=&#8221;||0em||false|false&#8221; custom_margin_tablet=&#8221;||0em||false|false&#8221; custom_margin_phone=&#8221;||0em||false|false&#8221; custom_margin_last_edited=&#8221;on|tablet&#8221; custom_padding=&#8221;7em|10em|7em|5em|false|false&#8221; custom_padding_tablet=&#8221;5em|5em|5em|5em|true|true&#8221; custom_padding_phone=&#8221;5em|2em|3em|2em|false|true&#8221; custom_css_main_element=&#8221;justify-content: center;&#8221; global_colors_info=&#8221;{%22gcid-07410290-6c7e-421e-9a0e-1994d51fb261%22:%91%22background_color_gradient_stops%22,%22background_color%22%93}&#8221; custom_css_main_element_last_edited=&#8221;on|tablet&#8221; custom_css_main_element_tablet=&#8221;justify-content: center;&#8221; custom_css_main_element_phone=&#8221;justify-content: center;&#8221;][et_pb_column type=&#8221;1_4&#8243; _builder_version=&#8221;4.27.4&#8243; _module_preset=&#8221;default&#8221; custom_css_main_element=&#8221;display: flex;||gap: 0.5em;||flex-direction: column;&#8221; global_colors_info=&#8221;{}&#8221; custom_css_main_element_last_edited=&#8221;on|tablet&#8221; custom_css_main_element_tablet=&#8221;display: flex;||gap: 0.5em;&#8221; custom_css_main_element_phone=&#8221;display: flex;||align-items: center;||justify-content: center;||gap: 1em;&#8221;][et_pb_image src=&#8221;https:\/\/centrocongressi.billia.it\/wp-content\/uploads\/2025\/06\/centro-congressi-billia-saint-vincent-valle-aosta-grand-hotel-billia-logo-512x.webp&#8221; title_text=&#8221;centro-congressi-billia-saint-vincent-valle-aosta-grand-hotel-billia-logo-512x&#8221; align=&#8221;right&#8221; align_tablet=&#8221;left&#8221; align_phone=&#8221;center&#8221; align_last_edited=&#8221;on|tablet&#8221; _builder_version=&#8221;4.27.4&#8243; _module_preset=&#8221;default&#8221; max_width=&#8221;125px&#8221; max_width_tablet=&#8221;170px&#8221; max_width_phone=&#8221;250px&#8221; max_width_last_edited=&#8221;on|desktop&#8221; custom_margin=&#8221;||1em||false|false&#8221; custom_margin_tablet=&#8221;||1em||false|false&#8221; custom_margin_phone=&#8221;||0em||false|false&#8221; custom_margin_last_edited=&#8221;on|phone&#8221; animation_style=&#8221;fade&#8221; global_colors_info=&#8221;{}&#8221;][\/et_pb_image][et_pb_image src=&#8221;https:\/\/centrocongressi.billia.it\/wp-content\/uploads\/2025\/06\/grand-hotel-billia-saint-vincent-1908-valle-aosta-logo-gold-512x.webp&#8221; title_text=&#8221;grand-hotel-billia-saint-vincent-1908-valle-aosta-logo-gold-512x&#8221; show_bottom_space=&#8221;off&#8221; align=&#8221;right&#8221; align_tablet=&#8221;center&#8221; align_phone=&#8221;center&#8221; align_last_edited=&#8221;on|tablet&#8221; _builder_version=&#8221;4.27.4&#8243; _module_preset=&#8221;default&#8221; max_width=&#8221;125px&#8221; max_width_tablet=&#8221;120px&#8221; max_width_phone=&#8221;120px&#8221; max_width_last_edited=&#8221;on|tablet&#8221; custom_margin=&#8221;0em||1em||false|false&#8221; custom_margin_tablet=&#8221;0em|4%|0px||false|false&#8221; custom_margin_phone=&#8221;0em|0%|0px||false|false&#8221; custom_margin_last_edited=&#8221;on|desktop&#8221; animation_style=&#8221;fade&#8221; animation_delay=&#8221;300ms&#8221; global_colors_info=&#8221;{}&#8221; custom_css_main_element_last_edited=&#8221;on|desktop&#8221; custom_css_main_element_tablet=&#8221;float: right;&#8221; custom_css_main_element_phone=&#8221;float: right;&#8221;][\/et_pb_image][et_pb_image src=&#8221;https:\/\/centrocongressi.billia.it\/wp-content\/uploads\/2025\/06\/parc-hotel-billia-saint-vincent-1908-valle-aosta-logo-512x.webp&#8221; title_text=&#8221;parc-hotel-billia-saint-vincent-1908-valle-aosta-logo-512x&#8221; show_bottom_space=&#8221;off&#8221; align=&#8221;right&#8221; align_tablet=&#8221;left&#8221; align_phone=&#8221;center&#8221; align_last_edited=&#8221;on|tablet&#8221; _builder_version=&#8221;4.27.4&#8243; _module_preset=&#8221;default&#8221; max_width=&#8221;125px&#8221; module_alignment=&#8221;right&#8221; custom_margin=&#8221;||0px||false|false&#8221; custom_margin_tablet=&#8221;10px||0px||false|false&#8221; custom_margin_phone=&#8221;10px||0px||false|false&#8221; custom_margin_last_edited=&#8221;on|desktop&#8221; custom_padding=&#8221;||||false|false&#8221; custom_padding_tablet=&#8221;|1em|||false|false&#8221; custom_padding_phone=&#8221;|1em|||false|false&#8221; custom_padding_last_edited=&#8221;on|desktop&#8221; animation_style=&#8221;fade&#8221; animation_delay=&#8221;600ms&#8221; global_colors_info=&#8221;{}&#8221; custom_css_main_element_last_edited=&#8221;on|desktop&#8221; custom_css_main_element_tablet=&#8221;float: right;&#8221; custom_css_main_element_phone=&#8221;float: right;&#8221;][\/et_pb_image][\/et_pb_column][et_pb_column type=&#8221;3_4&#8243; admin_label=&#8221;Column&#8221; _builder_version=&#8221;4.27.4&#8243; _module_preset=&#8221;default&#8221; custom_padding=&#8221;|||3.5em|false|false&#8221; custom_padding_tablet=&#8221;|||0em|false|false&#8221; custom_padding_phone=&#8221;|||0em|false|false&#8221; custom_padding_last_edited=&#8221;on|desktop&#8221; custom_css_main_element=&#8221;max-width: 900px;||display: flex;||align-items: center;&#8221; border_width_left=&#8221;1px&#8221; border_width_left_tablet=&#8221;0px&#8221; border_width_left_phone=&#8221;0px&#8221; border_width_left_last_edited=&#8221;on|desktop&#8221; global_colors_info=&#8221;{}&#8221; custom_css_main_element_last_edited=&#8221;on|desktop&#8221; custom_css_main_element_tablet=&#8221;max-width: 900px;&#8221; custom_css_main_element_phone=&#8221;max-width: 900px;&#8221;][et_pb_text _builder_version=&#8221;4.27.4&#8243; _module_preset=&#8221;default&#8221; global_colors_info=&#8221;{}&#8221;]<\/p>\n<p><strong>Saint-Vincent <\/strong>si trova nel cuore delle Alpi, una posizione perfetta per eventi nazionali ed internazionali, facilmente raggiungibile <span style=\"font-weight: 400;\">dalle principali citt\u00e0 ed aeroporti del nord Italia.<\/span><\/p>\n<p>Il <strong>Centro Congressi Billia<\/strong> \u00e8 sinonimo di professionalit\u00e0, eleganza, funzionalit\u00e0 e tradizione, ma il suo valore aggiunto \u00e8 un\u2019offerta integrata comprensiva di ospitalit\u00e0 alberghiera in due hotel, servizi di ristorazione su misura, sale meeting con attrezzature tecniche di avanguardia e un Centro Benessere da 1700 mq.<\/p>\n<p>[\/et_pb_text][\/et_pb_column][\/et_pb_row][\/et_pb_section][et_pb_section fb_built=&#8221;1&#8243; fullwidth=&#8221;on&#8221; admin_label=&#8221;Slider&#8221; module_class=&#8221;sez-slider-home h50vh&#8221; _builder_version=&#8221;4.27.4&#8243; _module_preset=&#8221;default&#8221; z_index=&#8221;55&#8243; min_height_tablet=&#8221;30vh&#8221; min_height_phone=&#8221;50vh&#8221; min_height_last_edited=&#8221;on|tablet&#8221; custom_margin_tablet=&#8221;0px||||false|false&#8221; custom_margin_phone=&#8221;0px||||false|false&#8221; custom_margin_last_edited=&#8221;on|phone&#8221; da_disable_devices=&#8221;off|off|off&#8221; box_shadow_style=&#8221;preset1&#8243; box_shadow_blur=&#8221;10px&#8221; box_shadow_color=&#8221;rgba(13,57,93,0.31)&#8221; global_colors_info=&#8221;{}&#8221; da_is_popup=&#8221;off&#8221; da_exit_intent=&#8221;off&#8221; da_has_close=&#8221;on&#8221; da_alt_close=&#8221;off&#8221; da_dark_close=&#8221;off&#8221; da_not_modal=&#8221;on&#8221; da_is_singular=&#8221;off&#8221; da_with_loader=&#8221;off&#8221; da_has_shadow=&#8221;on&#8221;][et_pb_fullwidth_slider use_bg_overlay=&#8221;off&#8221; admin_label=&#8221;Fullwidth Slider&#8221; _builder_version=&#8221;4.27.4&#8243; _module_preset=&#8221;default&#8221; header_text_color=&#8221;gcid-07410290-6c7e-421e-9a0e-1994d51fb261&#8243; height=&#8221;80vh&#8221; height_tablet=&#8221;50vh&#8221; height_phone=&#8221;50vh&#8221; height_last_edited=&#8221;on|tablet&#8221; max_height=&#8221;80vh&#8221; auto=&#8221;on&#8221; auto_speed=&#8221;5000&#8243; auto_ignore_hover=&#8221;on&#8221; header_text_color_tablet=&#8221;#0D395D&#8221; header_text_color_phone=&#8221;gcid-primary-color&#8221; header_text_color_last_edited=&#8221;on|phone&#8221; header_font_size_tablet=&#8221;&#8221; header_font_size_phone=&#8221;28px&#8221; header_font_size_last_edited=&#8221;on|phone&#8221; global_colors_info=&#8221;{%22gcid-07410290-6c7e-421e-9a0e-1994d51fb261%22:%91%22header_text_color%22%93,%22gcid-primary-color%22:%91%22header_text_color_phone%22%93}&#8221;][et_pb_slide heading=&#8221;Competenza e Innovazione&#8221; use_bg_overlay=&#8221;on&#8221; bg_overlay_color=&#8221;rgba(13,57,93,0.3)&#8221; _builder_version=&#8221;4.27.4&#8243; _module_preset=&#8221;default&#8221; background_image=&#8221;https:\/\/centrocongressi.billia.it\/wp-content\/uploads\/2025\/06\/centro-congressi-billia-saint-vincent-valle-aosta-grand-hotel-billia-img-platea-sala-monte-bianco.webp&#8221; background_enable_image=&#8221;on&#8221; parallax=&#8221;on&#8221; custom_css_main_element=&#8221;min-height: 100vh!important;&#8221; global_colors_info=&#8221;{}&#8221; sticky_transition=&#8221;on&#8221;][\/et_pb_slide][et_pb_slide heading=&#8221;Eleganza e Posizione Strategica&#8221; use_bg_overlay=&#8221;on&#8221; bg_overlay_color=&#8221;rgba(13,57,93,0.3)&#8221; _builder_version=&#8221;4.27.4&#8243; _module_preset=&#8221;default&#8221; background_image=&#8221;https:\/\/centrocongressi.billia.it\/wp-content\/uploads\/2025\/06\/centro-congressi-billia-saint-vincent-valle-aosta-grand-hotel-billia-img-facciata-piscina.webp&#8221; background_enable_image=&#8221;on&#8221; parallax=&#8221;on&#8221; custom_css_main_element=&#8221;min-height: 100vh!important;&#8221; global_colors_info=&#8221;{}&#8221; sticky_transition=&#8221;on&#8221;][\/et_pb_slide][et_pb_slide heading=&#8221;Servizi food &#038; beverage&#8221; use_bg_overlay=&#8221;on&#8221; bg_overlay_color=&#8221;rgba(13,57,93,0.3)&#8221; _builder_version=&#8221;4.27.4&#8243; _module_preset=&#8221;default&#8221; background_image=&#8221;https:\/\/centrocongressi.billia.it\/wp-content\/uploads\/2025\/06\/centro-congressi-billia-saint-vincent-valle-aosta-grand-hotel-billia-img-rascard.webp&#8221; background_enable_image=&#8221;on&#8221; parallax=&#8221;on&#8221; custom_css_main_element=&#8221;min-height: 100vh!important;&#8221; global_colors_info=&#8221;{}&#8221; sticky_transition=&#8221;on&#8221;][\/et_pb_slide][et_pb_slide heading=&#8221;Ampi spazi di lavoro&#8221; use_bg_overlay=&#8221;on&#8221; bg_overlay_color=&#8221;rgba(13,57,93,0.3)&#8221; _builder_version=&#8221;4.27.4&#8243; _module_preset=&#8221;default&#8221; background_image=&#8221;https:\/\/centrocongressi.billia.it\/wp-content\/uploads\/2025\/06\/centro-congressi-billia-saint-vincent-valle-aosta-grand-hotel-billia-img-hall.webp&#8221; background_enable_image=&#8221;on&#8221; parallax=&#8221;on&#8221; custom_css_main_element=&#8221;min-height: 100vh!important;&#8221; global_colors_info=&#8221;{}&#8221; sticky_transition=&#8221;on&#8221;][\/et_pb_slide][\/et_pb_fullwidth_slider][\/et_pb_section][et_pb_section fb_built=&#8221;1&#8243; admin_label=&#8221;Perch\u00e9&#8221; _builder_version=&#8221;4.27.4&#8243; _module_preset=&#8221;default&#8221; z_index=&#8221;55&#8243; custom_padding=&#8221;||5em||false|false&#8221; da_disable_devices=&#8221;off|off|off&#8221; global_colors_info=&#8221;{}&#8221; da_is_popup=&#8221;off&#8221; da_exit_intent=&#8221;off&#8221; da_has_close=&#8221;on&#8221; da_alt_close=&#8221;off&#8221; da_dark_close=&#8221;off&#8221; da_not_modal=&#8221;on&#8221; da_is_singular=&#8221;off&#8221; da_with_loader=&#8221;off&#8221; da_has_shadow=&#8221;on&#8221;][et_pb_row custom_padding_last_edited=&#8221;on|phone&#8221; _builder_version=&#8221;4.27.4&#8243; _module_preset=&#8221;default&#8221; width_tablet=&#8221;&#8221; width_phone=&#8221;100%&#8221; width_last_edited=&#8221;on|phone&#8221; custom_padding=&#8221;||0px||false|false&#8221; custom_padding_tablet=&#8221;||0px||false|false&#8221; custom_padding_phone=&#8221;|1em|0px|1em|false|true&#8221; global_colors_info=&#8221;{}&#8221;][et_pb_column type=&#8221;4_4&#8243; _builder_version=&#8221;4.27.4&#8243; _module_preset=&#8221;default&#8221; global_colors_info=&#8221;{}&#8221;][et_pb_text _builder_version=&#8221;4.27.4&#8243; _module_preset=&#8221;default&#8221; header_2_text_align=&#8221;center&#8221; header_2_font_size=&#8221;50px&#8221; custom_margin=&#8221;||2em||false|false&#8221; header_2_font_size_tablet=&#8221;50px&#8221; header_2_font_size_phone=&#8221;35px&#8221; header_2_font_size_last_edited=&#8221;on|phone&#8221; global_colors_info=&#8221;{}&#8221;]<\/p>\n<h2>Perch\u00e9 Scegliere il<br \/><strong>Centro Congressi Billia<\/strong><\/h2>\n<p>[\/et_pb_text][\/et_pb_column][\/et_pb_row][et_pb_row column_structure=&#8221;1_4,1_4,1_4,1_4&#8243; use_custom_gutter=&#8221;on&#8221; gutter_width=&#8221;2&#8243; make_equal=&#8221;on&#8221; custom_padding_last_edited=&#8221;on|tablet&#8221; _builder_version=&#8221;4.27.4&#8243; _module_preset=&#8221;default&#8221; width=&#8221;100%&#8221; max_width=&#8221;1380px&#8221; custom_padding=&#8221;||||false|false&#8221; custom_padding_tablet=&#8221;|3em||3em|false|true&#8221; custom_padding_phone=&#8221;|10px||10px|false|true&#8221; global_colors_info=&#8221;{}&#8221;][et_pb_column type=&#8221;1_4&#8243; _builder_version=&#8221;4.27.4&#8243; _module_preset=&#8221;default&#8221; animation_style=&#8221;fold&#8221; animation_delay=&#8221;100ms&#8221; global_colors_info=&#8221;{}&#8221;][et_pb_blurb title=&#8221;Posizione Strategica&#8221; image=&#8221;https:\/\/centrocongressi.billia.it\/wp-content\/uploads\/2025\/07\/saint-vincent-centro-congressi-billia-copia.webp&#8221; module_class=&#8221;three-key &#8221; _builder_version=&#8221;4.27.4&#8243; _module_preset=&#8221;default&#8221; header_level=&#8221;h3&#8243; header_text_color=&#8221;gcid-07410290-6c7e-421e-9a0e-1994d51fb261&#8243; header_font_size=&#8221;25px&#8221; body_text_color=&#8221;gcid-07410290-6c7e-421e-9a0e-1994d51fb261&#8243; use_background_color_gradient=&#8221;on&#8221; background_color_gradient_direction=&#8221;45deg&#8221; background_color_gradient_stops=&#8221;#0d395d 0%|#222222 98%&#8221; text_orientation=&#8221;center&#8221; custom_padding=&#8221;||||false|true&#8221; header_font_size_tablet=&#8221;25px&#8221; header_font_size_phone=&#8221;30px&#8221; header_font_size_last_edited=&#8221;on|phone&#8221; border_radii=&#8221;on|2px|2px|2px|2px&#8221; border_color_all=&#8221;#0D395D&#8221; box_shadow_style=&#8221;preset1&#8243; box_shadow_color=&#8221;rgba(13,57,93,0.3)&#8221; global_colors_info=&#8221;{%22gcid-07410290-6c7e-421e-9a0e-1994d51fb261%22:%91%22header_text_color%22,%22body_text_color%22%93}&#8221;]<\/p>\n<p>Situato a <strong>Saint-Vincent<\/strong>, in Valle d\u2019Aosta, il Centro Congressi Billia permette di combinare il business con la ricchezza di un affascinante territorio alpino, rilevante per storia e cultura.<\/p>\n<p>[\/et_pb_blurb][\/et_pb_column][et_pb_column type=&#8221;1_4&#8243; _builder_version=&#8221;4.27.4&#8243; _module_preset=&#8221;default&#8221; animation_style=&#8221;fold&#8221; animation_delay=&#8221;300ms&#8221; global_colors_info=&#8221;{}&#8221;][et_pb_blurb title=&#8221;Unicit\u00e0 dell&#8217;offerta&#8221; image=&#8221;https:\/\/centrocongressi.billia.it\/wp-content\/uploads\/2025\/06\/centro-congressi-billia-saint-vincent-valle-aosta-grand-hotel-billia-img-facciata-piscina-montagne-crop.webp&#8221; module_class=&#8221;three-key &#8221; _builder_version=&#8221;4.27.4&#8243; _module_preset=&#8221;default&#8221; header_level=&#8221;h3&#8243; header_text_color=&#8221;gcid-07410290-6c7e-421e-9a0e-1994d51fb261&#8243; header_font_size=&#8221;25px&#8221; body_text_color=&#8221;gcid-07410290-6c7e-421e-9a0e-1994d51fb261&#8243; use_background_color_gradient=&#8221;on&#8221; background_color_gradient_direction=&#8221;45deg&#8221; background_color_gradient_stops=&#8221;#0d395d 0%|#222222 98%&#8221; text_orientation=&#8221;center&#8221; custom_padding=&#8221;||||false|true&#8221; header_font_size_tablet=&#8221;25px&#8221; header_font_size_phone=&#8221;30px&#8221; header_font_size_last_edited=&#8221;on|phone&#8221; border_radii=&#8221;on|2px|2px|2px|2px&#8221; border_color_all=&#8221;#0D395D&#8221; box_shadow_style=&#8221;preset1&#8243; box_shadow_color=&#8221;rgba(13,57,93,0.3)&#8221; global_colors_info=&#8221;{%22gcid-07410290-6c7e-421e-9a0e-1994d51fb261%22:%91%22header_text_color%22,%22body_text_color%22,%22header_text_color%22,%22body_text_color%22%93}&#8221;]<\/p>\n<p>Il Centro Congressi Billia \u00e8 parte integrante del polo che comprende il <strong>Parc Hotel Billia<\/strong> (4 stelle &#8211; 119 camere) e il <strong>Grand H\u00f4tel Billia<\/strong> (5 stelle &#8211; 69 camere), il ristorante (3 sale) e il Centro Benessere.<\/p>\n<p>[\/et_pb_blurb][\/et_pb_column][et_pb_column type=&#8221;1_4&#8243; _builder_version=&#8221;4.27.4&#8243; _module_preset=&#8221;default&#8221; animation_style=&#8221;fold&#8221; animation_delay=&#8221;600ms&#8221; global_colors_info=&#8221;{}&#8221;][et_pb_blurb title=&#8221;Ambiente Storico ed Elegante&#8221; image=&#8221;https:\/\/centrocongressi.billia.it\/wp-content\/uploads\/2025\/06\/centro-congressi-billia-saint-vincent-valle-aosta-grand-hotel-billia-img-1-scalone.webp&#8221; module_class=&#8221;three-key &#8221; _builder_version=&#8221;4.27.4&#8243; _module_preset=&#8221;default&#8221; header_level=&#8221;h3&#8243; header_text_color=&#8221;gcid-07410290-6c7e-421e-9a0e-1994d51fb261&#8243; header_font_size=&#8221;25px&#8221; body_text_color=&#8221;gcid-07410290-6c7e-421e-9a0e-1994d51fb261&#8243; use_background_color_gradient=&#8221;on&#8221; background_color_gradient_direction=&#8221;45deg&#8221; background_color_gradient_stops=&#8221;#0d395d 0%|#222222 98%&#8221; text_orientation=&#8221;center&#8221; custom_padding=&#8221;||||false|true&#8221; header_font_size_tablet=&#8221;25px&#8221; header_font_size_phone=&#8221;30px&#8221; header_font_size_last_edited=&#8221;on|phone&#8221; border_radii=&#8221;on|2px|2px|2px|2px&#8221; border_color_all=&#8221;#0D395D&#8221; box_shadow_style=&#8221;preset1&#8243; box_shadow_color=&#8221;rgba(13,57,93,0.3)&#8221; global_colors_info=&#8221;{%22gcid-07410290-6c7e-421e-9a0e-1994d51fb261%22:%91%22header_text_color%22,%22body_text_color%22,%22header_text_color%22,%22body_text_color%22%93}&#8221;]<\/p>\n<p>Il Grand H\u00f4tel Billia &#8211; <strong>inaugurato nel 1908<\/strong> &#8211; \u00e8 la quinta scenografica ideale per i vostri eventi. Sin dal 1953 infatti, tra le sue mura, si sono organizzati importanti momenti di business anche di valenza internazionale.<\/p>\n<p>[\/et_pb_blurb][\/et_pb_column][et_pb_column type=&#8221;1_4&#8243; _builder_version=&#8221;4.27.4&#8243; _module_preset=&#8221;default&#8221; animation_style=&#8221;fold&#8221; animation_delay=&#8221;900ms&#8221; global_colors_info=&#8221;{}&#8221;][et_pb_blurb title=&#8221;Struttura versatile&#8221; image=&#8221;https:\/\/centrocongressi.billia.it\/wp-content\/uploads\/2025\/06\/SALA-GRAN-PARADISO-Basso-Presidenza-copia.webp&#8221; module_class=&#8221;three-key &#8221; _builder_version=&#8221;4.27.4&#8243; _module_preset=&#8221;default&#8221; header_level=&#8221;h3&#8243; header_text_color=&#8221;gcid-07410290-6c7e-421e-9a0e-1994d51fb261&#8243; header_font_size=&#8221;25px&#8221; body_text_color=&#8221;gcid-07410290-6c7e-421e-9a0e-1994d51fb261&#8243; use_background_color_gradient=&#8221;on&#8221; background_color_gradient_direction=&#8221;45deg&#8221; background_color_gradient_stops=&#8221;#0d395d 0%|#222222 98%&#8221; text_orientation=&#8221;center&#8221; custom_padding=&#8221;||||false|true&#8221; header_font_size_tablet=&#8221;25px&#8221; header_font_size_phone=&#8221;30px&#8221; header_font_size_last_edited=&#8221;on|phone&#8221; border_radii=&#8221;on|2px|2px|2px|2px&#8221; border_color_all=&#8221;#0D395D&#8221; box_shadow_style=&#8221;preset1&#8243; box_shadow_color=&#8221;rgba(13,57,93,0.3)&#8221; global_colors_info=&#8221;{%22gcid-07410290-6c7e-421e-9a0e-1994d51fb261%22:%91%22header_text_color%22,%22body_text_color%22,%22header_text_color%22,%22body_text_color%22%93}&#8221;]<\/p>\n<p>Il Centro Congressi Billia offre <strong>sale moderne dotate di attrezzature tecniche<\/strong> di avanguardia e dispone di <strong>5 sale modulabili<\/strong> che consentono sessioni di lavoro parallele, oltre a <strong>2 salette per segreteria<\/strong> e <strong>2 aree espositive<\/strong>.<\/p>\n<p>[\/et_pb_blurb][\/et_pb_column][\/et_pb_row][et_pb_row custom_padding_last_edited=&#8221;on|desktop&#8221; disabled_on=&#8221;on|on|on&#8221; _builder_version=&#8221;4.27.4&#8243; _module_preset=&#8221;default&#8221; custom_margin=&#8221;3em||||false|false&#8221; custom_padding=&#8221;0px||0px||true|false&#8221; custom_padding_tablet=&#8221;0px||0px||true|false&#8221; custom_padding_phone=&#8221;0px||0px||true|false&#8221; disabled=&#8221;on&#8221; global_colors_info=&#8221;{}&#8221; custom_css_main_element_last_edited=&#8221;off|desktop&#8221;][et_pb_column type=&#8221;4_4&#8243; _builder_version=&#8221;4.27.4&#8243; _module_preset=&#8221;default&#8221; custom_css_main_element=&#8221;display: flex;||justify-content: center;||align-items: center;&#8221; global_colors_info=&#8221;{}&#8221;][et_pb_button button_url=&#8221;#ctc&#8221; button_text=&#8221;Richiedi Info o un Preventivo&#8221; button_alignment=&#8221;left&#8221; button_alignment_tablet=&#8221;left&#8221; button_alignment_phone=&#8221;center&#8221; button_alignment_last_edited=&#8221;on|phone&#8221; _builder_version=&#8221;4.27.4&#8243; _module_preset=&#8221;default&#8221; custom_button=&#8221;on&#8221; button_bg_color=&#8221;gcid-07410290-6c7e-421e-9a0e-1994d51fb261&#8243; button_font=&#8221;&#8211;et_global_heading_font|||on|||||&#8221; button_use_icon=&#8221;off&#8221; custom_padding=&#8221;0.5em|2em|0.5em|2em|true|true&#8221; global_colors_info=&#8221;{%22gcid-07410290-6c7e-421e-9a0e-1994d51fb261%22:%91%22button_bg_color%22,%22button_text_color__hover%22%93}&#8221; button_bg_color__hover_enabled=&#8221;on|hover&#8221; button_bg_color__hover=&#8221;#0D395D&#8221; button_bg_enable_color__hover=&#8221;on&#8221; button_text_color__hover_enabled=&#8221;on|hover&#8221; button_text_color__hover=&#8221;#ffffff&#8221;][\/et_pb_button][\/et_pb_column][\/et_pb_row][\/et_pb_section][et_pb_section fb_built=&#8221;1&#8243; admin_label=&#8221;C2A&#8221; _builder_version=&#8221;4.27.4&#8243; _module_preset=&#8221;default&#8221; use_background_color_gradient=&#8221;on&#8221; background_color_gradient_direction=&#8221;45deg&#8221; background_color_gradient_stops=&#8221;#0d395d 0%|rgba(13,57,93,0.81) 100%&#8221; background_color_gradient_overlays_image=&#8221;on&#8221; background_image=&#8221;https:\/\/centrocongressi.billia.it\/wp-content\/uploads\/2025\/06\/hotel-saintvincent.webp&#8221; background_size=&#8221;contain&#8221; background_repeat=&#8221;repeat&#8221; da_disable_devices=&#8221;off|off|off&#8221; global_colors_info=&#8221;{}&#8221; da_is_popup=&#8221;off&#8221; da_exit_intent=&#8221;off&#8221; da_has_close=&#8221;on&#8221; da_alt_close=&#8221;off&#8221; da_dark_close=&#8221;off&#8221; da_not_modal=&#8221;on&#8221; da_is_singular=&#8221;off&#8221; da_with_loader=&#8221;off&#8221; da_has_shadow=&#8221;on&#8221;][et_pb_row custom_padding_last_edited=&#8221;on|desktop&#8221; _builder_version=&#8221;4.27.4&#8243; _module_preset=&#8221;default&#8221; width_tablet=&#8221;&#8221; width_phone=&#8221;100%&#8221; width_last_edited=&#8221;on|phone&#8221; max_width_tablet=&#8221;&#8221; max_width_phone=&#8221;100%&#8221; max_width_last_edited=&#8221;on|phone&#8221; custom_padding=&#8221;0px||0px||true|false&#8221; custom_padding_tablet=&#8221;0px||0px||true|false&#8221; custom_padding_phone=&#8221;0px|1em|0px|1em|true|true&#8221; global_colors_info=&#8221;{}&#8221; custom_css_main_element_last_edited=&#8221;off|desktop&#8221;][et_pb_column type=&#8221;4_4&#8243; _builder_version=&#8221;4.27.4&#8243; _module_preset=&#8221;default&#8221; global_colors_info=&#8221;{}&#8221;][et_pb_image src=&#8221;https:\/\/centrocongressi.billia.it\/wp-content\/uploads\/2025\/06\/centro-congressi-billia-saint-vincent-valle-aosta-grand-hotel-billia-logo-512x-bn.webp&#8221; title_text=&#8221;centro-congressi-billia-saint-vincent-valle-aosta-grand-hotel-billia-logo-512x-bn&#8221; align_tablet=&#8221;center&#8221; align_phone=&#8221;center&#8221; align_last_edited=&#8221;on|tablet&#8221; _builder_version=&#8221;4.27.4&#8243; _module_preset=&#8221;default&#8221; width=&#8221;100px&#8221; width_tablet=&#8221;150px&#8221; width_phone=&#8221;120px&#8221; width_last_edited=&#8221;on|tablet&#8221; module_alignment=&#8221;center&#8221; global_colors_info=&#8221;{}&#8221;][\/et_pb_image][et_pb_text _builder_version=&#8221;4.27.4&#8243; _module_preset=&#8221;default&#8221; header_2_text_align=&#8221;center&#8221; header_2_text_color=&#8221;gcid-07410290-6c7e-421e-9a0e-1994d51fb261&#8243; header_2_font_size=&#8221;50px&#8221; custom_margin=&#8221;||0em||false|false&#8221; header_2_font_size_tablet=&#8221;50px&#8221; header_2_font_size_phone=&#8221;35px&#8221; header_2_font_size_last_edited=&#8221;on|phone&#8221; global_colors_info=&#8221;{%22gcid-07410290-6c7e-421e-9a0e-1994d51fb261%22:%91%22header_2_text_color%22%93}&#8221;]<\/p>\n<h2>Scopri le sale ideali per il tuo evento<\/h2>\n<p>[\/et_pb_text][\/et_pb_column][\/et_pb_row][\/et_pb_section][et_pb_section fb_built=&#8221;1&#8243; fullwidth=&#8221;on&#8221; admin_label=&#8221;Slider&#8221; module_class=&#8221;cust-slider&#8221; _builder_version=&#8221;4.27.4&#8243; _module_preset=&#8221;default&#8221; da_disable_devices=&#8221;off|off|off&#8221; global_colors_info=&#8221;{}&#8221; da_is_popup=&#8221;off&#8221; da_exit_intent=&#8221;off&#8221; da_has_close=&#8221;on&#8221; da_alt_close=&#8221;off&#8221; da_dark_close=&#8221;off&#8221; da_not_modal=&#8221;on&#8221; da_is_singular=&#8221;off&#8221; da_with_loader=&#8221;off&#8221; da_has_shadow=&#8221;on&#8221;][et_pb_fullwidth_slider dot_nav_custom_color=&#8221;#CDCDD7&#8243; _builder_version=&#8221;4.27.4&#8243; _module_preset=&#8221;default&#8221; auto=&#8221;on&#8221; auto_speed=&#8221;15000&#8243; header_font_size_tablet=&#8221;45px&#8221; header_font_size_phone=&#8221;38px&#8221; header_font_size_last_edited=&#8221;on|tablet&#8221; body_font_size_tablet=&#8221;&#8221; body_font_size_phone=&#8221;19px&#8221; body_font_size_last_edited=&#8221;on|phone&#8221; global_colors_info=&#8221;{}&#8221;][et_pb_slide heading=&#8221;Sala Gran Paradiso&#8221; button_text=&#8221;Scopri di pi\u00f9&#8221; button_link=&#8221;#pop-sala-paradiso&#8221; use_bg_overlay=&#8221;off&#8221; _builder_version=&#8221;4.27.4&#8243; _module_preset=&#8221;default&#8221; header_text_color=&#8221;#0D395D&#8221; body_text_color=&#8221;#222222&#8243; background_image=&#8221;https:\/\/centrocongressi.billia.it\/wp-content\/uploads\/2025\/06\/centro-congressi-billia-saint-vincent-valle-aosta-grand-hotel-billia-img-sala-gran-paradiso-2.webp&#8221; background_enable_image=&#8221;on&#8221; background_size=&#8221;contain&#8221; background_position=&#8221;center_left&#8221; custom_button=&#8221;on&#8221; button_text_size=&#8221;15px&#8221; button_text_color=&#8221;#0D395D&#8221; button_bg_color=&#8221;gcid-07410290-6c7e-421e-9a0e-1994d51fb261&#8243; button_border_width=&#8221;2px&#8221; button_border_color=&#8221;#0D395D&#8221; button_border_radius=&#8221;1px&#8221; button_font=&#8221;&#8211;et_global_heading_font|||on|||||&#8221; custom_css_main_element=&#8221;min-height: 100vh!important;&#8221; header_text_shadow_style=&#8221;preset1&#8243; header_text_shadow_vertical_length=&#8221;0em&#8221; header_text_shadow_blur_strength=&#8221;0em&#8221; header_text_shadow_color=&#8221;rgba(0,0,0,0)&#8221; body_text_shadow_style=&#8221;preset1&#8243; body_text_shadow_vertical_length=&#8221;0em&#8221; body_text_shadow_blur_strength=&#8221;0em&#8221; body_text_shadow_color=&#8221;RGBA(255,255,255,0)&#8221; global_colors_info=&#8221;{%22gcid-07410290-6c7e-421e-9a0e-1994d51fb261%22:%91%22button_bg_color%22%93}&#8221; sticky_transition=&#8221;on&#8221;]<\/p>\n<p><b>Eleganza e Capienza<\/b><\/p>\n<p>La <strong>Sala Gran Paradiso<\/strong> \u00e8 l\u2019auditorium, capace di ospitare 545 persone, ma divisibile grazie a tende motorizzate che ne riducono la capienza a 300 posti. Lo spazio \u2013 con finiture di pregio e la disposizione a teatro, che garantisce ottima visibilit\u00e0 \u2013 \u00e8 ideale per congressi e conferenze di grandi numeri. La sala \u00e8 inoltre attrezzata per spettacoli con americana motorizzata e back stage con camerini.<\/p>\n<p>[\/et_pb_slide][et_pb_slide heading=&#8221;Sala Cervino&#8221; button_text=&#8221;Scopri di pi\u00f9&#8221; button_link=&#8221;#pop-sala-cervino&#8221; use_bg_overlay=&#8221;off&#8221; _builder_version=&#8221;4.27.4&#8243; _module_preset=&#8221;default&#8221; header_text_color=&#8221;#0D395D&#8221; body_text_color=&#8221;#222222&#8243; background_image=&#8221;https:\/\/centrocongressi.billia.it\/wp-content\/uploads\/2025\/06\/centro-congressi-billia-saint-vincent-valle-aosta-grand-hotel-billia-img-sala-cervino.webp&#8221; background_enable_image=&#8221;on&#8221; background_size=&#8221;contain&#8221; background_position=&#8221;center_left&#8221; custom_button=&#8221;on&#8221; button_text_size=&#8221;15px&#8221; button_text_color=&#8221;#0D395D&#8221; button_bg_color=&#8221;gcid-07410290-6c7e-421e-9a0e-1994d51fb261&#8243; button_border_width=&#8221;2px&#8221; button_border_color=&#8221;#0D395D&#8221; button_border_radius=&#8221;1px&#8221; button_font=&#8221;&#8211;et_global_heading_font|||on|||||&#8221; custom_css_main_element=&#8221;min-height: 100vh!important;&#8221; header_text_shadow_style=&#8221;preset1&#8243; header_text_shadow_vertical_length=&#8221;0em&#8221; header_text_shadow_blur_strength=&#8221;0em&#8221; header_text_shadow_color=&#8221;rgba(0,0,0,0)&#8221; body_text_shadow_style=&#8221;preset1&#8243; body_text_shadow_vertical_length=&#8221;0em&#8221; body_text_shadow_blur_strength=&#8221;0em&#8221; body_text_shadow_color=&#8221;RGBA(255,255,255,0)&#8221; global_colors_info=&#8221;{%22gcid-07410290-6c7e-421e-9a0e-1994d51fb261%22:%91%22button_bg_color%22%93}&#8221; sticky_transition=&#8221;on&#8221;]<\/p>\n<p><strong>Flessibilit\u00e0 e Funzionalit\u00e0<\/strong><\/p>\n<p>La <strong>Sala Cervino<\/strong> offre fino a 170 posti a sedere e pu\u00f2 essere adattata alle tue esigenze grazie alla parete mobile che consente uno sdoppiamento in due sale. Perfetta per workshop e sessioni parallele.<\/p>\n<p>[\/et_pb_slide][et_pb_slide heading=&#8221;Sala Monte Bianco&#8221; button_text=&#8221;Scopri di pi\u00f9&#8221; button_link=&#8221;#pop-sala-monte-bianco&#8221; use_bg_overlay=&#8221;off&#8221; _builder_version=&#8221;4.27.4&#8243; _module_preset=&#8221;default&#8221; header_text_color=&#8221;#0D395D&#8221; body_text_color=&#8221;#222222&#8243; background_image=&#8221;https:\/\/centrocongressi.billia.it\/wp-content\/uploads\/2025\/06\/centro-congressi-billia-saint-vincent-valle-aosta-grand-hotel-billia-img-platea-sala-monte-bianco.webp&#8221; background_enable_image=&#8221;on&#8221; background_size=&#8221;contain&#8221; background_position=&#8221;center_left&#8221; custom_button=&#8221;on&#8221; button_text_size=&#8221;15px&#8221; button_text_color=&#8221;#0D395D&#8221; button_bg_color=&#8221;gcid-07410290-6c7e-421e-9a0e-1994d51fb261&#8243; button_border_width=&#8221;2px&#8221; button_border_color=&#8221;#0D395D&#8221; button_border_radius=&#8221;1px&#8221; button_font=&#8221;&#8211;et_global_heading_font|||on|||||&#8221; custom_css_main_element=&#8221;min-height: 100vh!important;&#8221; header_text_shadow_style=&#8221;preset1&#8243; header_text_shadow_vertical_length=&#8221;0em&#8221; header_text_shadow_blur_strength=&#8221;0em&#8221; header_text_shadow_color=&#8221;rgba(0,0,0,0)&#8221; body_text_shadow_style=&#8221;preset1&#8243; body_text_shadow_vertical_length=&#8221;0em&#8221; body_text_shadow_blur_strength=&#8221;0em&#8221; body_text_shadow_color=&#8221;RGBA(255,255,255,0)&#8221; global_colors_info=&#8221;{%22gcid-07410290-6c7e-421e-9a0e-1994d51fb261%22:%91%22button_bg_color%22%93}&#8221; sticky_transition=&#8221;on&#8221;]<\/p>\n<p><strong>Design e Comfort<\/strong><\/p>\n<p>La <strong>Sala Monte Bianco<\/strong> \u00e8 progettata per offrire il massimo del comfort e della visibilit\u00e0, con 140 sedute e un palco fisso. Ideale per presentazioni e seminari.\u200b<\/p>\n<p>[\/et_pb_slide][et_pb_slide heading=&#8221;Sala Zerbion&#8221; button_text=&#8221;Scopri di pi\u00f9&#8221; button_link=&#8221;#pop-sala-zerbion&#8221; use_bg_overlay=&#8221;off&#8221; _builder_version=&#8221;4.27.4&#8243; _module_preset=&#8221;default&#8221; header_text_color=&#8221;#0D395D&#8221; body_text_color=&#8221;#222222&#8243; background_image=&#8221;https:\/\/centrocongressi.billia.it\/wp-content\/uploads\/2025\/06\/centro-congressi-billia-saint-vincent-valle-aosta-grand-hotel-billia-img-sala-zerbion.webp&#8221; background_enable_image=&#8221;on&#8221; background_size=&#8221;contain&#8221; background_position=&#8221;center_left&#8221; custom_button=&#8221;on&#8221; button_text_size=&#8221;15px&#8221; button_text_color=&#8221;#0D395D&#8221; button_bg_color=&#8221;gcid-07410290-6c7e-421e-9a0e-1994d51fb261&#8243; button_border_width=&#8221;2px&#8221; button_border_color=&#8221;#0D395D&#8221; button_border_radius=&#8221;1px&#8221; button_font=&#8221;&#8211;et_global_heading_font|||on|||||&#8221; custom_css_main_element=&#8221;min-height: 100vh!important;&#8221; header_text_shadow_style=&#8221;preset1&#8243; header_text_shadow_vertical_length=&#8221;0em&#8221; header_text_shadow_blur_strength=&#8221;0em&#8221; header_text_shadow_color=&#8221;rgba(0,0,0,0)&#8221; body_text_shadow_style=&#8221;preset1&#8243; body_text_shadow_vertical_length=&#8221;0em&#8221; body_text_shadow_blur_strength=&#8221;0em&#8221; body_text_shadow_color=&#8221;RGBA(255,255,255,0)&#8221; global_colors_info=&#8221;{%22gcid-07410290-6c7e-421e-9a0e-1994d51fb261%22:%91%22button_bg_color%22%93}&#8221; sticky_transition=&#8221;on&#8221;]<\/p>\n<p><strong>Intimit\u00e0 e Luce Naturale<\/strong><\/p>\n<p>La Sala Zerbion \u00e8 perfetta per incontri pi\u00f9 intimi, con 70 posti e un ambiente a luce naturale, grazie alle ampie vetrate. \u00c8 la sala ideale per incontri di formazione e team building.<\/p>\n<p>[\/et_pb_slide][et_pb_slide heading=&#8221;Sala Monte Rosa&#8221; button_text=&#8221;Scopri di pi\u00f9&#8221; button_link=&#8221;#pop-sala-monte-rosa&#8221; use_bg_overlay=&#8221;off&#8221; _builder_version=&#8221;4.27.4&#8243; _module_preset=&#8221;default&#8221; header_text_color=&#8221;#0D395D&#8221; body_text_color=&#8221;#222222&#8243; background_image=&#8221;https:\/\/centrocongressi.billia.it\/wp-content\/uploads\/2025\/06\/centro-congressi-billia-saint-vincent-valle-aosta-grand-hotel-billia-img-sala-monte-rosa-2-copia.webp&#8221; background_enable_image=&#8221;on&#8221; background_size=&#8221;contain&#8221; background_position=&#8221;center_left&#8221; custom_button=&#8221;on&#8221; button_text_size=&#8221;15px&#8221; button_text_color=&#8221;#0D395D&#8221; button_bg_color=&#8221;gcid-07410290-6c7e-421e-9a0e-1994d51fb261&#8243; button_border_width=&#8221;2px&#8221; button_border_color=&#8221;#0D395D&#8221; button_border_radius=&#8221;1px&#8221; button_font=&#8221;&#8211;et_global_heading_font|||on|||||&#8221; custom_css_main_element=&#8221;min-height: 100vh!important;&#8221; header_text_shadow_style=&#8221;preset1&#8243; header_text_shadow_vertical_length=&#8221;0em&#8221; header_text_shadow_blur_strength=&#8221;0em&#8221; header_text_shadow_color=&#8221;rgba(0,0,0,0)&#8221; body_text_shadow_style=&#8221;preset1&#8243; body_text_shadow_vertical_length=&#8221;0em&#8221; body_text_shadow_blur_strength=&#8221;0em&#8221; body_text_shadow_color=&#8221;RGBA(255,255,255,0)&#8221; global_colors_info=&#8221;{%22gcid-07410290-6c7e-421e-9a0e-1994d51fb261%22:%91%22button_bg_color%22%93}&#8221; sticky_transition=&#8221;on&#8221;]<\/p>\n<p><strong>Versatilit\u00e0 e Eleganza<\/strong><\/p>\n<p>La <strong>Sala Monte Rosa<\/strong> ospita fino a 60 persone con disposizione a platea, ma si adatta facilmente a diverse configurazioni di tavoli e sedute. Ideale per meeting, workshop e seminari, offre un ambiente elegante e moderno, perfetto per ogni tipo di evento.<\/p>\n<p>[\/et_pb_slide][\/et_pb_fullwidth_slider][\/et_pb_section][et_pb_section fb_built=&#8221;1&#8243; admin_label=&#8221;C2A&#8221; _builder_version=&#8221;4.27.4&#8243; _module_preset=&#8221;default&#8221; use_background_color_gradient=&#8221;on&#8221; background_color_gradient_direction=&#8221;45deg&#8221; background_color_gradient_stops=&#8221;#0d395d 0%|rgba(13,57,93,0.81) 100%&#8221; background_color_gradient_overlays_image=&#8221;on&#8221; background_image=&#8221;https:\/\/centrocongressi.billia.it\/wp-content\/uploads\/2025\/06\/hotel-saintvincent.webp&#8221; background_size=&#8221;contain&#8221; background_repeat=&#8221;repeat&#8221; z_index=&#8221;150&#8243; da_disable_devices=&#8221;off|off|off&#8221; global_colors_info=&#8221;{}&#8221; da_is_popup=&#8221;off&#8221; da_exit_intent=&#8221;off&#8221; da_has_close=&#8221;on&#8221; da_alt_close=&#8221;off&#8221; da_dark_close=&#8221;off&#8221; da_not_modal=&#8221;on&#8221; da_is_singular=&#8221;off&#8221; da_with_loader=&#8221;off&#8221; da_has_shadow=&#8221;on&#8221;][et_pb_row custom_padding_last_edited=&#8221;on|desktop&#8221; _builder_version=&#8221;4.27.4&#8243; _module_preset=&#8221;default&#8221; custom_padding=&#8221;0px||0px||true|false&#8221; custom_padding_tablet=&#8221;0px||0px||true|false&#8221; custom_padding_phone=&#8221;0px||0px||true|false&#8221; global_colors_info=&#8221;{}&#8221; custom_css_main_element_last_edited=&#8221;off|desktop&#8221;][et_pb_column type=&#8221;4_4&#8243; _builder_version=&#8221;4.27.4&#8243; _module_preset=&#8221;default&#8221; custom_css_main_element=&#8221;display: flex;||justify-content: center;||align-items: center;&#8221; global_colors_info=&#8221;{}&#8221;][et_pb_button button_url=&#8221;#ctc&#8221; button_text=&#8221;Richiedi Info o un Preventivo&#8221; button_alignment=&#8221;left&#8221; button_alignment_tablet=&#8221;left&#8221; button_alignment_phone=&#8221;center&#8221; button_alignment_last_edited=&#8221;on|phone&#8221; _builder_version=&#8221;4.27.4&#8243; _module_preset=&#8221;default&#8221; custom_button=&#8221;on&#8221; button_bg_color=&#8221;gcid-07410290-6c7e-421e-9a0e-1994d51fb261&#8243; button_font=&#8221;&#8211;et_global_heading_font|||on|||||&#8221; button_use_icon=&#8221;off&#8221; custom_padding=&#8221;0.5em|2em|0.5em|2em|true|true&#8221; global_colors_info=&#8221;{%22gcid-07410290-6c7e-421e-9a0e-1994d51fb261%22:%91%22button_bg_color%22,%22button_text_color__hover%22%93}&#8221; button_bg_color__hover_enabled=&#8221;on|hover&#8221; button_bg_color__hover=&#8221;#0D395D&#8221; button_bg_enable_color__hover=&#8221;on&#8221; button_text_color__hover_enabled=&#8221;on|hover&#8221; button_text_color__hover=&#8221;#ffffff&#8221; custom_css_main_element_last_edited=&#8221;on|tablet&#8221; custom_css_main_element_tablet=&#8221;line-height: 1.2em!important;&#8221; custom_css_main_element_phone=&#8221;line-height: 1.2em!important;&#8221;][\/et_pb_button][\/et_pb_column][\/et_pb_row][\/et_pb_section][et_pb_section fb_built=&#8221;1&#8243; admin_label=&#8221;Gran paradiso&#8221; module_id=&#8221;pop-sala-paradiso&#8221; module_class=&#8221;popup&#8221; _builder_version=&#8221;4.27.4&#8243; _module_preset=&#8221;default&#8221; custom_padding=&#8221;0px||0px||true|false&#8221; da_is_popup=&#8221;on&#8221; da_popup_slug=&#8221;pop-sala-paradiso&#8221; da_disable_devices=&#8221;off|off|off&#8221; global_colors_info=&#8221;{}&#8221; da_exit_intent=&#8221;off&#8221; da_has_close=&#8221;on&#8221; da_alt_close=&#8221;off&#8221; da_dark_close=&#8221;off&#8221; da_not_modal=&#8221;on&#8221; da_is_singular=&#8221;off&#8221; da_with_loader=&#8221;off&#8221; da_has_shadow=&#8221;on&#8221;][et_pb_row column_structure=&#8221;1_2,1_2&#8243; make_equal=&#8221;on&#8221; _builder_version=&#8221;4.27.4&#8243; _module_preset=&#8221;default&#8221; width=&#8221;100%&#8221; max_width=&#8221;100%&#8221; min_height=&#8221;403.8px&#8221; custom_padding=&#8221;0px||0px||true|false&#8221; global_colors_info=&#8221;{}&#8221; custom_css_main_element_last_edited=&#8221;on|tablet&#8221; custom_css_main_element_tablet=&#8221;display: flex;||flex-direction: column-reverse;&#8221; custom_css_main_element_phone=&#8221;display: flex;||flex-direction: column-reverse;&#8221;][et_pb_column type=&#8221;1_2&#8243; _builder_version=&#8221;4.27.4&#8243; _module_preset=&#8221;default&#8221; background_enable_image=&#8221;off&#8221; parallax=&#8221;on&#8221; global_colors_info=&#8221;{}&#8221;][et_pb_slider module_class=&#8221;img-slider&#8221; _builder_version=&#8221;4.27.4&#8243; _module_preset=&#8221;default&#8221; width=&#8221;100%&#8221; height_tablet=&#8221;&#8221; height_phone=&#8221;&#8221; height_last_edited=&#8221;on|tablet&#8221; max_height_tablet=&#8221;50vh&#8221; max_height_phone=&#8221;50vh&#8221; max_height_last_edited=&#8221;on|tablet&#8221; custom_margin=&#8221;0px||0px||true|false&#8221; custom_padding=&#8221;0px||0px||true|false&#8221; auto=&#8221;on&#8221; auto_speed=&#8221;3000&#8243; auto_ignore_hover=&#8221;on&#8221; global_colors_info=&#8221;{}&#8221;][et_pb_slide _builder_version=&#8221;4.27.4&#8243; _module_preset=&#8221;default&#8221; background_image=&#8221;https:\/\/centrocongressi.billia.it\/wp-content\/uploads\/2025\/06\/centro-congressi-billia-saint-vincent-valle-aosta-grand-hotel-billia-img-sala-gran-paradiso-alto.webp&#8221; background_enable_image=&#8221;on&#8221; global_colors_info=&#8221;{}&#8221; sticky_transition=&#8221;on&#8221;][\/et_pb_slide][et_pb_slide _builder_version=&#8221;4.27.4&#8243; _module_preset=&#8221;default&#8221; background_image=&#8221;https:\/\/centrocongressi.billia.it\/wp-content\/uploads\/2025\/06\/SALA-GRAN-PARADISO-Basso-Ridotta-copia.webp&#8221; background_enable_image=&#8221;on&#8221; global_colors_info=&#8221;{}&#8221; sticky_transition=&#8221;on&#8221;][\/et_pb_slide][et_pb_slide _builder_version=&#8221;4.27.4&#8243; _module_preset=&#8221;default&#8221; background_image=&#8221;https:\/\/centrocongressi.billia.it\/wp-content\/uploads\/2025\/06\/SALA-GRAN-PARADISO-Basso-Presidenza-copia.webp&#8221; background_enable_image=&#8221;on&#8221; global_colors_info=&#8221;{}&#8221; sticky_transition=&#8221;on&#8221;][\/et_pb_slide][\/et_pb_slider][\/et_pb_column][et_pb_column type=&#8221;1_2&#8243; _builder_version=&#8221;4.27.4&#8243; _module_preset=&#8221;default&#8221; custom_padding=&#8221;3em|5em|3em|0em|true|false&#8221; custom_padding_tablet=&#8221;3em|5em|3em|5em|true|false&#8221; custom_padding_phone=&#8221;5em|2em|5em|2em|true|true&#8221; custom_padding_last_edited=&#8221;on|tablet&#8221; global_colors_info=&#8221;{}&#8221;][et_pb_text _builder_version=&#8221;4.27.4&#8243; _module_preset=&#8221;default&#8221; header_font_size=&#8221;70px&#8221; header_2_font_size=&#8221;50px&#8221; custom_margin=&#8221;||0.5em||false|false&#8221; header_2_font_size_tablet=&#8221;50px&#8221; header_2_font_size_phone=&#8221;38px&#8221; header_2_font_size_last_edited=&#8221;on|phone&#8221; global_colors_info=&#8221;{}&#8221;]<\/p>\n<h2>Sala Gran Paradiso<\/h2>\n<p>[\/et_pb_text][et_pb_accordion _builder_version=&#8221;4.27.4&#8243; _module_preset=&#8221;default&#8221; custom_margin=&#8221;||5px||false|false&#8221; border_radii=&#8221;on|2px|2px|2px|2px&#8221; global_colors_info=&#8221;{}&#8221;][et_pb_accordion_item title=&#8221;Info&#8221; open=&#8221;on&#8221; open_toggle_background_color=&#8221;gcid-07410290-6c7e-421e-9a0e-1994d51fb261&#8243; closed_toggle_text_color=&#8221;gcid-07410290-6c7e-421e-9a0e-1994d51fb261&#8243; closed_toggle_background_color=&#8221;#0D395D&#8221; _builder_version=&#8221;4.27.4&#8243; _module_preset=&#8221;default&#8221; custom_margin=&#8221;||5px||false|false&#8221; global_colors_info=&#8221;{%22gcid-07410290-6c7e-421e-9a0e-1994d51fb261%22:%91%22closed_toggle_text_color%22,%22open_toggle_background_color%22%93}&#8221;]<\/p>\n<p>L<span>&#8216;auditorium, con i suoi 545 posti rappresenta il fiore all\u2019occhiello della struttura. Le finiture di pregio quali parquet in rovere scuro a pavimento e pannelli in tessuto alle pareti, fanno da contrappunto al particolarissimo controsoffitto in legno ad onde che conferisce allo spazio una connotazione di eleganza e forte personalit\u00e0. Un sistema di tende motorizzate consente di utilizzare la sala parzialmente con una capienza di 301 poltrone.<\/span><\/p>\n<p>[\/et_pb_accordion_item][et_pb_accordion_item title=&#8221;Metrature&#8221; open_toggle_background_color=&#8221;gcid-07410290-6c7e-421e-9a0e-1994d51fb261&#8243; closed_toggle_text_color=&#8221;gcid-07410290-6c7e-421e-9a0e-1994d51fb261&#8243; closed_toggle_background_color=&#8221;#0D395D&#8221; _builder_version=&#8221;4.27.4&#8243; _module_preset=&#8221;default&#8221; custom_margin=&#8221;||5px||false|false&#8221; global_colors_info=&#8221;{%22gcid-07410290-6c7e-421e-9a0e-1994d51fb261%22:%91%22closed_toggle_text_color%22,%22open_toggle_background_color%22%93}&#8221; open=&#8221;off&#8221;]<\/p>\n<p>Area mq. = 613<\/p>\n<p>Dimensioni m. = 31,46\u00d719,49<\/p>\n<p>Altezza m. = 6,39<\/p>\n<p>[\/et_pb_accordion_item][et_pb_accordion_item title=&#8221;Capacit\u00e0&#8221; open_toggle_background_color=&#8221;gcid-07410290-6c7e-421e-9a0e-1994d51fb261&#8243; closed_toggle_text_color=&#8221;gcid-07410290-6c7e-421e-9a0e-1994d51fb261&#8243; closed_toggle_background_color=&#8221;#0D395D&#8221; _builder_version=&#8221;4.27.4&#8243; _module_preset=&#8221;default&#8221; custom_margin=&#8221;||5px||false|false&#8221; global_colors_info=&#8221;{%22gcid-07410290-6c7e-421e-9a0e-1994d51fb261%22:%91%22closed_toggle_text_color%22,%22open_toggle_background_color%22%93}&#8221; open=&#8221;off&#8221;]<\/p>\n<p>Capacit\u00e0 massima 545 persone<\/p>\n<p>[\/et_pb_accordion_item][et_pb_accordion_item title=&#8221;Dotazione&#8221; open_toggle_background_color=&#8221;gcid-07410290-6c7e-421e-9a0e-1994d51fb261&#8243; closed_toggle_text_color=&#8221;gcid-07410290-6c7e-421e-9a0e-1994d51fb261&#8243; closed_toggle_background_color=&#8221;#0D395D&#8221; _builder_version=&#8221;4.27.4&#8243; _module_preset=&#8221;default&#8221; custom_margin=&#8221;||5px||false|false&#8221; global_colors_info=&#8221;{%22gcid-07410290-6c7e-421e-9a0e-1994d51fb261%22:%91%22closed_toggle_text_color%22,%22open_toggle_background_color%22%93}&#8221; open=&#8221;off&#8221;]<\/p>\n<ul>\n<li>Video proiettore Panasonic DLP 12.000 lumen, tecnologia laser con risoluzione fino a 4k; i segnali vengono veicolati su cavo ottico HDMI e su cavo SDI;<\/li>\n<li>Schermo motorizzato (per proiezioni frontali) di circa 10 x 4.60 m;<\/li>\n<li>Impianto audio (mono), con disponibilit\u00e0 di microfoni fissi, radiomicrofono a cono o a spilla Shure;<\/li>\n<li>Mixer audio Midas;<\/li>\n<li>Il palco (m. 14,60\u00d76 x 0,30h) \u00e8 attrezzato con ring motorizzato (massima portata 2400 Kg \u2013 50Kg a metro lineare), che potr\u00e0 essere utilizzata per appendimento attrezzature eventuale service tecnico (per audio, luci e\/o schermi) o scenografie;<\/li>\n<li>\u00c8 disponibile un piazzato bianco con 6 fari da 1000 watt.<\/li>\n<\/ul>\n<p>[\/et_pb_accordion_item][\/et_pb_accordion][et_pb_button button_url=&#8221;#mappa&#8221; button_text=&#8221;Mappa interattiva&#8221; button_alignment=&#8221;left&#8221; disabled_on=&#8221;on|on|off&#8221; _builder_version=&#8221;4.27.4&#8243; _module_preset=&#8221;default&#8221; custom_button=&#8221;on&#8221; button_text_color=&#8221;gcid-07410290-6c7e-421e-9a0e-1994d51fb261&#8243; button_bg_color=&#8221;#0D395D&#8221; button_border_radius=&#8221;2px&#8221; button_font=&#8221;&#8211;et_global_heading_font|||on|||||&#8221; button_use_icon=&#8221;off&#8221; custom_margin=&#8221;||7px||false|false&#8221; custom_padding=&#8221;0.5em|1em|0.5em|1em|true|true&#8221; custom_css_main_element=&#8221;width: 100%;&#8221; global_colors_info=&#8221;{%22gcid-07410290-6c7e-421e-9a0e-1994d51fb261%22:%91%22button_text_color__hover%22,%22button_text_color%22%93}&#8221; button_bg_color__hover_enabled=&#8221;on|hover&#8221; button_bg_color__hover=&#8221;#0D395D&#8221; button_bg_enable_color__hover=&#8221;on&#8221; button_text_color__hover_enabled=&#8221;on|hover&#8221; button_text_color__hover=&#8221;#ffffff&#8221;][\/et_pb_button][et_pb_code admin_label=&#8221;Info &#8211; Preventivo BTN&#8221; _builder_version=&#8221;4.27.4&#8243; _module_preset=&#8221;default&#8221; global_colors_info=&#8221;{}&#8221;]<a href=\"#ctc\" class=\"button btn-vuoto ctc\" onclick=\"closePopupAndScrollToContacts()\">Richiedi info o un preventivo<\/a>[\/et_pb_code][\/et_pb_column][\/et_pb_row][et_pb_row custom_padding_last_edited=&#8221;on|tablet&#8221; disabled_on=&#8221;on|on|off&#8221; module_id=&#8221;mappa&#8221; _builder_version=&#8221;4.27.4&#8243; _module_preset=&#8221;default&#8221; width_tablet=&#8221;100%&#8221; width_phone=&#8221;100%&#8221; width_last_edited=&#8221;on|tablet&#8221; max_width_tablet=&#8221;95%&#8221; max_width_phone=&#8221;95%&#8221; max_width_last_edited=&#8221;on|tablet&#8221; custom_padding=&#8221;5em|2em|5em|2em|true|true&#8221; custom_padding_tablet=&#8221;5em|0em|5em|0em|true|true&#8221; custom_padding_phone=&#8221;5em|0em|5em|0em|true|true&#8221; global_colors_info=&#8221;{}&#8221;][et_pb_column type=&#8221;4_4&#8243; _builder_version=&#8221;4.27.4&#8243; _module_preset=&#8221;default&#8221; global_colors_info=&#8221;{}&#8221;][et_pb_code _builder_version=&#8221;4.27.4&#8243; _module_preset=&#8221;default&#8221; global_colors_info=&#8221;{}&#8221;]<iframe loading=\"lazy\" src=\"https:\/\/www.billia.it\/\/sale\/granparadiso\/it\/gran-paradiso.html\" width=\"920px\" height=\"750px\" align=\"middle\" style=\"border-style: solid; border-width: 0;\"><\/iframe>[\/et_pb_code][\/et_pb_column][\/et_pb_row][\/et_pb_section][et_pb_section fb_built=&#8221;1&#8243; admin_label=&#8221;Cervino&#8221; module_id=&#8221;pop-sala-cervino&#8221; module_class=&#8221;popup&#8221; _builder_version=&#8221;4.27.4&#8243; _module_preset=&#8221;default&#8221; custom_padding=&#8221;0px||0px||true|false&#8221; da_is_popup=&#8221;on&#8221; da_popup_slug=&#8221;pop-sala-cervino&#8221; da_disable_devices=&#8221;off|off|off&#8221; global_colors_info=&#8221;{}&#8221; da_exit_intent=&#8221;off&#8221; da_has_close=&#8221;on&#8221; da_alt_close=&#8221;off&#8221; da_dark_close=&#8221;off&#8221; da_not_modal=&#8221;on&#8221; da_is_singular=&#8221;off&#8221; da_with_loader=&#8221;off&#8221; da_has_shadow=&#8221;on&#8221;][et_pb_row column_structure=&#8221;1_2,1_2&#8243; make_equal=&#8221;on&#8221; _builder_version=&#8221;4.27.4&#8243; _module_preset=&#8221;default&#8221; width=&#8221;100%&#8221; max_width=&#8221;100%&#8221; min_height=&#8221;403.8px&#8221; custom_padding=&#8221;0px||0px||true|false&#8221; global_colors_info=&#8221;{}&#8221; custom_css_main_element_last_edited=&#8221;on|tablet&#8221; custom_css_main_element_tablet=&#8221;display: flex;||flex-direction: column-reverse;&#8221; custom_css_main_element_phone=&#8221;display: flex;||flex-direction: column-reverse;&#8221;][et_pb_column type=&#8221;1_2&#8243; _builder_version=&#8221;4.27.4&#8243; _module_preset=&#8221;default&#8221; background_enable_image=&#8221;off&#8221; parallax=&#8221;on&#8221; global_colors_info=&#8221;{}&#8221;][et_pb_slider module_class=&#8221;img-slider&#8221; _builder_version=&#8221;4.27.4&#8243; _module_preset=&#8221;default&#8221; width=&#8221;100%&#8221; custom_margin=&#8221;0px||0px||true|false&#8221; custom_padding=&#8221;0px||0px||true|false&#8221; auto=&#8221;on&#8221; auto_speed=&#8221;3000&#8243; auto_ignore_hover=&#8221;on&#8221; global_colors_info=&#8221;{}&#8221;][et_pb_slide _builder_version=&#8221;4.27.4&#8243; _module_preset=&#8221;default&#8221; background_image=&#8221;https:\/\/centrocongressi.billia.it\/wp-content\/uploads\/2025\/06\/centro-congressi-billia-saint-vincent-valle-aosta-grand-hotel-billia-img-sala-cervino-2.webp&#8221; background_enable_image=&#8221;on&#8221; global_colors_info=&#8221;{}&#8221; sticky_transition=&#8221;on&#8221;][\/et_pb_slide][et_pb_slide _builder_version=&#8221;4.27.4&#8243; _module_preset=&#8221;default&#8221; background_image=&#8221;https:\/\/centrocongressi.billia.it\/wp-content\/uploads\/2025\/06\/centro-congressi-billia-saint-vincent-valle-aosta-grand-hotel-billia-img-sala-cervino-1.webp&#8221; background_enable_image=&#8221;on&#8221; global_colors_info=&#8221;{}&#8221; sticky_transition=&#8221;on&#8221;][\/et_pb_slide][et_pb_slide _builder_version=&#8221;4.27.4&#8243; _module_preset=&#8221;default&#8221; background_image=&#8221;https:\/\/centrocongressi.billia.it\/wp-content\/uploads\/2025\/06\/SALA-CERVINO-Platea-totale-copia.webp&#8221; background_enable_image=&#8221;on&#8221; global_colors_info=&#8221;{}&#8221; sticky_transition=&#8221;on&#8221;][\/et_pb_slide][\/et_pb_slider][\/et_pb_column][et_pb_column type=&#8221;1_2&#8243; _builder_version=&#8221;4.27.4&#8243; _module_preset=&#8221;default&#8221; custom_padding=&#8221;3em|5em|3em|0em|true|false&#8221; custom_padding_tablet=&#8221;3em|5em|3em|5em|true|true&#8221; custom_padding_phone=&#8221;5em|2em|5em|2em|true|true&#8221; custom_padding_last_edited=&#8221;on|tablet&#8221; global_colors_info=&#8221;{}&#8221;][et_pb_text _builder_version=&#8221;4.27.4&#8243; _module_preset=&#8221;default&#8221; header_font_size=&#8221;70px&#8221; header_2_font_size=&#8221;50px&#8221; custom_margin=&#8221;||0.5em||false|false&#8221; header_2_font_size_tablet=&#8221;50px&#8221; header_2_font_size_phone=&#8221;38px&#8221; header_2_font_size_last_edited=&#8221;on|phone&#8221; global_colors_info=&#8221;{}&#8221;]<\/p>\n<h2>Sala Cervino<\/h2>\n<p>[\/et_pb_text][et_pb_accordion _builder_version=&#8221;4.27.4&#8243; _module_preset=&#8221;default&#8221; custom_margin=&#8221;||5px||false|false&#8221; border_radii=&#8221;on|2px|2px|2px|2px&#8221; global_colors_info=&#8221;{}&#8221;][et_pb_accordion_item title=&#8221;Info&#8221; open=&#8221;on&#8221; open_toggle_background_color=&#8221;gcid-07410290-6c7e-421e-9a0e-1994d51fb261&#8243; closed_toggle_text_color=&#8221;gcid-07410290-6c7e-421e-9a0e-1994d51fb261&#8243; closed_toggle_background_color=&#8221;#0D395D&#8221; _builder_version=&#8221;4.27.4&#8243; _module_preset=&#8221;default&#8221; custom_margin=&#8221;||5px||false|false&#8221; global_colors_info=&#8221;{%22gcid-07410290-6c7e-421e-9a0e-1994d51fb261%22:%91%22closed_toggle_text_color%22,%22open_toggle_background_color%22%93}&#8221;]<\/p>\n<p>Situata al piano inferiore del Centro Congressi, la sala pu\u00f2 ospitare fino a 170 posti a sedere, oppure \u00e8 divisibile grazie ad una parete mobile, in due sale da circa 60 posti. La pavimentazione in parquet di rovere chiaro e i rivestimenti delle pareti in boiserie di legno rendono questo spazio al contempo elegante e funzionale. Il foyer esterno permette di organizzare reception di registrazione o benvenuto ed allestire corner per coffee break.<\/p>\n<p>[\/et_pb_accordion_item][et_pb_accordion_item title=&#8221;Metrature&#8221; open_toggle_background_color=&#8221;gcid-07410290-6c7e-421e-9a0e-1994d51fb261&#8243; closed_toggle_text_color=&#8221;gcid-07410290-6c7e-421e-9a0e-1994d51fb261&#8243; closed_toggle_background_color=&#8221;#0D395D&#8221; _builder_version=&#8221;4.27.4&#8243; _module_preset=&#8221;default&#8221; custom_margin=&#8221;||5px||false|false&#8221; global_colors_info=&#8221;{%22gcid-07410290-6c7e-421e-9a0e-1994d51fb261%22:%91%22closed_toggle_text_color%22,%22open_toggle_background_color%22%93}&#8221; open=&#8221;off&#8221;]<\/p>\n<p>Area mq. = 213<\/p>\n<p>Dimensioni m. = 23\u00d79,20<\/p>\n<p>Altezza m. = 3,00<\/p>\n<p>[\/et_pb_accordion_item][et_pb_accordion_item title=&#8221;Capacit\u00e0&#8221; open_toggle_background_color=&#8221;gcid-07410290-6c7e-421e-9a0e-1994d51fb261&#8243; closed_toggle_text_color=&#8221;gcid-07410290-6c7e-421e-9a0e-1994d51fb261&#8243; closed_toggle_background_color=&#8221;#0D395D&#8221; _builder_version=&#8221;4.27.4&#8243; _module_preset=&#8221;default&#8221; custom_margin=&#8221;||5px||false|false&#8221; global_colors_info=&#8221;{%22gcid-07410290-6c7e-421e-9a0e-1994d51fb261%22:%91%22closed_toggle_text_color%22,%22open_toggle_background_color%22%93}&#8221; open=&#8221;off&#8221;]<\/p>\n<p>Capacit\u00e0 massima persone = 176<\/p>\n<p>Capacit\u00e0 con allestimento a ferro di cavallo = 46<\/p>\n<p>Capacit\u00e0 con tavolo unico =52<\/p>\n<p>Capacit\u00e0 con allestimento classe = 68<\/p>\n<p>Capacit\u00e0 con allestimento platea = 176<\/p>\n<p>[\/et_pb_accordion_item][et_pb_accordion_item title=&#8221;Dotazione&#8221; open_toggle_background_color=&#8221;gcid-07410290-6c7e-421e-9a0e-1994d51fb261&#8243; closed_toggle_text_color=&#8221;gcid-07410290-6c7e-421e-9a0e-1994d51fb261&#8243; closed_toggle_background_color=&#8221;#0D395D&#8221; _builder_version=&#8221;4.27.4&#8243; _module_preset=&#8221;default&#8221; custom_margin=&#8221;||5px||false|false&#8221; global_colors_info=&#8221;{%22gcid-07410290-6c7e-421e-9a0e-1994d51fb261%22:%91%22closed_toggle_text_color%22,%22open_toggle_background_color%22%93}&#8221; open=&#8221;off&#8221;]<\/p>\n<ul>\n<li>Videoproiettore Panasonic Full HD 6000 lumen; i segnali vengono veicolati su cavo ottico HDMI<\/li>\n<li>Schermo motorizzato (per proiezioni frontali) di circa 4\u00d73 m<\/li>\n<li>Impianto audio (mono) con disponibilit\u00e0 di microfoni fissi, radiomicrofoni e microfoni a spilla Shure<\/li>\n<li>Mixer audio Midas<\/li>\n<\/ul>\n<p>[\/et_pb_accordion_item][\/et_pb_accordion][et_pb_button button_url=&#8221;#mappa&#8221; button_text=&#8221;Mappa interattiva&#8221; button_alignment=&#8221;left&#8221; disabled_on=&#8221;on|on|off&#8221; _builder_version=&#8221;4.27.4&#8243; _module_preset=&#8221;default&#8221; custom_button=&#8221;on&#8221; button_text_color=&#8221;gcid-07410290-6c7e-421e-9a0e-1994d51fb261&#8243; button_bg_color=&#8221;#0D395D&#8221; button_border_radius=&#8221;2px&#8221; button_font=&#8221;&#8211;et_global_heading_font|||on|||||&#8221; button_use_icon=&#8221;off&#8221; custom_margin=&#8221;||7px||false|false&#8221; custom_padding=&#8221;0.5em|1em|0.5em|1em|true|true&#8221; custom_css_main_element=&#8221;width: 100%;&#8221; global_colors_info=&#8221;{%22gcid-07410290-6c7e-421e-9a0e-1994d51fb261%22:%91%22button_text_color__hover%22,%22button_text_color%22%93}&#8221; button_bg_color__hover_enabled=&#8221;on|hover&#8221; button_bg_color__hover=&#8221;#0D395D&#8221; button_bg_enable_color__hover=&#8221;on&#8221; button_text_color__hover_enabled=&#8221;on|hover&#8221; button_text_color__hover=&#8221;#ffffff&#8221;][\/et_pb_button][et_pb_code admin_label=&#8221;Info &#8211; Preventivo BTN&#8221; _builder_version=&#8221;4.27.4&#8243; _module_preset=&#8221;default&#8221; global_colors_info=&#8221;{}&#8221;]<a href=\"#ctc\" class=\"button btn-vuoto ctc\" onclick=\"closePopupAndScrollToContacts()\">Richiedi info o un preventivo<\/a>[\/et_pb_code][\/et_pb_column][\/et_pb_row][et_pb_row custom_padding_last_edited=&#8221;on|tablet&#8221; disabled_on=&#8221;on|on|off&#8221; module_id=&#8221;mappa&#8221; _builder_version=&#8221;4.27.4&#8243; _module_preset=&#8221;default&#8221; width_tablet=&#8221;100%&#8221; width_phone=&#8221;100%&#8221; width_last_edited=&#8221;on|tablet&#8221; max_width_tablet=&#8221;95%&#8221; max_width_phone=&#8221;95%&#8221; max_width_last_edited=&#8221;on|tablet&#8221; custom_padding=&#8221;5em|2em|5em|2em|true|true&#8221; custom_padding_tablet=&#8221;5em|0em|5em|0em|true|true&#8221; custom_padding_phone=&#8221;5em|0em|5em|0em|true|true&#8221; global_colors_info=&#8221;{}&#8221;][et_pb_column type=&#8221;4_4&#8243; _builder_version=&#8221;4.27.4&#8243; _module_preset=&#8221;default&#8221; global_colors_info=&#8221;{}&#8221;][et_pb_code _builder_version=&#8221;4.27.4&#8243; _module_preset=&#8221;default&#8221; global_colors_info=&#8221;{}&#8221;]<iframe loading=\"lazy\" src=\"https:\/\/www.billia.it\/sale\/cervino\/it\/monte-cervino.html\" width=\"920px\" height=\"750px\" align=\"middle\" style=\"border-style: solid; border-width: 0;\"><\/iframe>[\/et_pb_code][\/et_pb_column][\/et_pb_row][\/et_pb_section][et_pb_section fb_built=&#8221;1&#8243; admin_label=&#8221;Monte Bianco&#8221; module_id=&#8221;pop-sala-monte-bianco&#8221; module_class=&#8221;popup&#8221; _builder_version=&#8221;4.27.4&#8243; _module_preset=&#8221;default&#8221; custom_padding=&#8221;0px||0px||true|false&#8221; da_is_popup=&#8221;on&#8221; da_popup_slug=&#8221;pop-sala-monte-bianco&#8221; da_disable_devices=&#8221;off|off|off&#8221; global_colors_info=&#8221;{}&#8221; da_exit_intent=&#8221;off&#8221; da_has_close=&#8221;on&#8221; da_alt_close=&#8221;off&#8221; da_dark_close=&#8221;off&#8221; da_not_modal=&#8221;on&#8221; da_is_singular=&#8221;off&#8221; da_with_loader=&#8221;off&#8221; da_has_shadow=&#8221;on&#8221;][et_pb_row column_structure=&#8221;1_2,1_2&#8243; make_equal=&#8221;on&#8221; _builder_version=&#8221;4.27.4&#8243; _module_preset=&#8221;default&#8221; width=&#8221;100%&#8221; max_width=&#8221;100%&#8221; min_height=&#8221;403.8px&#8221; custom_padding=&#8221;0px||0px||true|false&#8221; global_colors_info=&#8221;{}&#8221; custom_css_main_element_last_edited=&#8221;on|tablet&#8221; custom_css_main_element_tablet=&#8221;display: flex;||flex-direction: column-reverse;&#8221; custom_css_main_element_phone=&#8221;display: flex;||flex-direction: column-reverse;&#8221;][et_pb_column type=&#8221;1_2&#8243; _builder_version=&#8221;4.27.4&#8243; _module_preset=&#8221;default&#8221; background_image=&#8221;https:\/\/centrocongressi.billia.it\/wp-content\/uploads\/2025\/06\/centro-congressi-billia-saint-vincent-valle-aosta-grand-hotel-billia-img-platea-sala-monte-bianco.webp&#8221; global_colors_info=&#8221;{}&#8221; custom_css_main_element_last_edited=&#8221;on|tablet&#8221; custom_css_main_element_tablet=&#8221;min-height: 50vh!important;&#8221; custom_css_main_element_phone=&#8221;min-height: 50vh!important;&#8221;][\/et_pb_column][et_pb_column type=&#8221;1_2&#8243; _builder_version=&#8221;4.27.4&#8243; _module_preset=&#8221;default&#8221; custom_padding=&#8221;3em|5em|3em|0em|true|false&#8221; custom_padding_tablet=&#8221;3em|5em|3em|5em|true|true&#8221; custom_padding_phone=&#8221;5em|2em|5em|2em|true|true&#8221; custom_padding_last_edited=&#8221;on|tablet&#8221; global_colors_info=&#8221;{}&#8221;][et_pb_text _builder_version=&#8221;4.27.4&#8243; _module_preset=&#8221;default&#8221; header_font_size=&#8221;70px&#8221; header_2_font_size=&#8221;50px&#8221; custom_margin=&#8221;||0.5em||false|false&#8221; header_2_font_size_tablet=&#8221;50px&#8221; header_2_font_size_phone=&#8221;38px&#8221; header_2_font_size_last_edited=&#8221;on|phone&#8221; global_colors_info=&#8221;{}&#8221;]<\/p>\n<h2>Sala Monte Bianco<\/h2>\n<p>[\/et_pb_text][et_pb_accordion _builder_version=&#8221;4.27.4&#8243; _module_preset=&#8221;default&#8221; custom_margin=&#8221;||5px||false|false&#8221; border_radii=&#8221;on|2px|2px|2px|2px&#8221; global_colors_info=&#8221;{}&#8221;][et_pb_accordion_item title=&#8221;Info&#8221; open=&#8221;on&#8221; open_toggle_background_color=&#8221;gcid-07410290-6c7e-421e-9a0e-1994d51fb261&#8243; closed_toggle_text_color=&#8221;gcid-07410290-6c7e-421e-9a0e-1994d51fb261&#8243; closed_toggle_background_color=&#8221;#0D395D&#8221; _builder_version=&#8221;4.27.4&#8243; _module_preset=&#8221;default&#8221; custom_margin=&#8221;||5px||false|false&#8221; global_colors_info=&#8221;{%22gcid-07410290-6c7e-421e-9a0e-1994d51fb261%22:%91%22closed_toggle_text_color%22,%22open_toggle_background_color%22%93}&#8221;]<\/p>\n<p>Si tratta di uno spazio di forma regolare in grado di ospitare 140 sedute con palco fisso che garantisce ottima visibilit\u00e0. La sala \u00e8 pavimentata e rivestita in legno, con colori che creano una atmosfera accogliente. La adiacente cabina di regia, che si affaccia con una vetrata dalla parete di fondo, garantisce la presenza attiva di tecnici. L\u2019assenza di vincoli architettonici consente di ospitare nell\u2019ambiente allestimenti su misura per ogni esigenza di meeting.<\/p>\n<p>[\/et_pb_accordion_item][et_pb_accordion_item title=&#8221;Metrature&#8221; open_toggle_background_color=&#8221;gcid-07410290-6c7e-421e-9a0e-1994d51fb261&#8243; closed_toggle_text_color=&#8221;gcid-07410290-6c7e-421e-9a0e-1994d51fb261&#8243; closed_toggle_background_color=&#8221;#0D395D&#8221; _builder_version=&#8221;4.27.4&#8243; _module_preset=&#8221;default&#8221; custom_margin=&#8221;||5px||false|false&#8221; global_colors_info=&#8221;{%22gcid-07410290-6c7e-421e-9a0e-1994d51fb261%22:%91%22closed_toggle_text_color%22,%22open_toggle_background_color%22%93}&#8221; open=&#8221;off&#8221;]<\/p>\n<p>Area mq. = 182<\/p>\n<p>Dimensioni m. = 13,88\u00d713,20<\/p>\n<p>Altezza m. = 3,23<\/p>\n<p>[\/et_pb_accordion_item][et_pb_accordion_item title=&#8221;Capacit\u00e0&#8221; open_toggle_background_color=&#8221;gcid-07410290-6c7e-421e-9a0e-1994d51fb261&#8243; closed_toggle_text_color=&#8221;gcid-07410290-6c7e-421e-9a0e-1994d51fb261&#8243; closed_toggle_background_color=&#8221;#0D395D&#8221; _builder_version=&#8221;4.27.4&#8243; _module_preset=&#8221;default&#8221; custom_margin=&#8221;||5px||false|false&#8221; global_colors_info=&#8221;{%22gcid-07410290-6c7e-421e-9a0e-1994d51fb261%22:%91%22closed_toggle_text_color%22,%22open_toggle_background_color%22%93}&#8221; open=&#8221;off&#8221;]<\/p>\n<p>Capacit\u00e0 massima persone = 140<\/p>\n<p>Capacit\u00e0 con allestimento a ferro di cavallo = 30<\/p>\n<p>Capacit\u00e0 con tavolo unico =40<\/p>\n<p>Capacit\u00e0 con allestimento classe = 84<\/p>\n<p>Capacit\u00e0 con allestimento platea = 140<\/p>\n<p>[\/et_pb_accordion_item][et_pb_accordion_item title=&#8221;Dotazione&#8221; open_toggle_background_color=&#8221;gcid-07410290-6c7e-421e-9a0e-1994d51fb261&#8243; closed_toggle_text_color=&#8221;gcid-07410290-6c7e-421e-9a0e-1994d51fb261&#8243; closed_toggle_background_color=&#8221;#0D395D&#8221; _builder_version=&#8221;4.27.4&#8243; _module_preset=&#8221;default&#8221; custom_margin=&#8221;||5px||false|false&#8221; global_colors_info=&#8221;{%22gcid-07410290-6c7e-421e-9a0e-1994d51fb261%22:%91%22closed_toggle_text_color%22,%22open_toggle_background_color%22%93}&#8221; open=&#8221;off&#8221;]<\/p>\n<ul>\n<li>Videoproiettore Panasonic DLP 10.000 lumen , tecnologia laser con risoluzione fino a 4k; i segnali vengono veicolati su cavo ottico HDMI e su cavo SDI;<\/li>\n<li>Schermo motorizzato (per proiezioni frontali) di circa 6\u00d73 m;<br \/>Impianto audio (mono) con disponibilit\u00e0 di microfoni fissi , a gelato, a spilla;<\/li>\n<li>Il palco (m. 8,4\u00d72,8 x 0,45h) \u00e8 attrezzato con americana fissa;<\/li>\n<li>\u00c8 disponibile un piazzato bianco con 4 fari da 1000 watt.<\/li>\n<\/ul>\n<p>[\/et_pb_accordion_item][\/et_pb_accordion][et_pb_button button_url=&#8221;#mappa&#8221; button_text=&#8221;Mappa interattiva&#8221; button_alignment=&#8221;left&#8221; disabled_on=&#8221;on|on|off&#8221; _builder_version=&#8221;4.27.4&#8243; _module_preset=&#8221;default&#8221; custom_button=&#8221;on&#8221; button_text_color=&#8221;gcid-07410290-6c7e-421e-9a0e-1994d51fb261&#8243; button_bg_color=&#8221;#0D395D&#8221; button_border_radius=&#8221;2px&#8221; button_font=&#8221;&#8211;et_global_heading_font|||on|||||&#8221; button_use_icon=&#8221;off&#8221; custom_margin=&#8221;||7px||false|false&#8221; custom_padding=&#8221;0.5em|1em|0.5em|1em|true|true&#8221; custom_css_main_element=&#8221;width: 100%;&#8221; global_colors_info=&#8221;{%22gcid-07410290-6c7e-421e-9a0e-1994d51fb261%22:%91%22button_text_color__hover%22,%22button_text_color%22%93}&#8221; button_bg_color__hover_enabled=&#8221;on|hover&#8221; button_bg_color__hover=&#8221;#0D395D&#8221; button_bg_enable_color__hover=&#8221;on&#8221; button_text_color__hover_enabled=&#8221;on|hover&#8221; button_text_color__hover=&#8221;#ffffff&#8221;][\/et_pb_button][et_pb_code admin_label=&#8221;Info &#8211; Preventivo BTN&#8221; _builder_version=&#8221;4.27.4&#8243; _module_preset=&#8221;default&#8221; global_colors_info=&#8221;{}&#8221;]<a href=\"#ctc\" class=\"button btn-vuoto ctc\" onclick=\"closePopupAndScrollToContacts()\">Richiedi info o un preventivo<\/a>[\/et_pb_code][\/et_pb_column][\/et_pb_row][et_pb_row custom_padding_last_edited=&#8221;on|tablet&#8221; disabled_on=&#8221;on|on|off&#8221; module_id=&#8221;mappa&#8221; _builder_version=&#8221;4.27.4&#8243; _module_preset=&#8221;default&#8221; width_tablet=&#8221;100%&#8221; width_phone=&#8221;100%&#8221; width_last_edited=&#8221;on|tablet&#8221; max_width_tablet=&#8221;95%&#8221; max_width_phone=&#8221;95%&#8221; max_width_last_edited=&#8221;on|tablet&#8221; custom_padding=&#8221;5em|2em|5em|2em|true|true&#8221; custom_padding_tablet=&#8221;5em|0em|5em|0em|true|true&#8221; custom_padding_phone=&#8221;5em|0em|5em|0em|true|true&#8221; global_colors_info=&#8221;{}&#8221;][et_pb_column type=&#8221;4_4&#8243; _builder_version=&#8221;4.27.4&#8243; _module_preset=&#8221;default&#8221; global_colors_info=&#8221;{}&#8221;][et_pb_code _builder_version=&#8221;4.27.4&#8243; _module_preset=&#8221;default&#8221; global_colors_info=&#8221;{}&#8221;]<iframe loading=\"lazy\" src=\"https:\/\/test.saintvincentresortcasino.it\/sale\/montebianco\/monte-bianco.html\" width=\"920px\" height=\"750px\" align=\"middle\" style=\"border-style: solid; border-width: 0;\"><\/iframe>[\/et_pb_code][\/et_pb_column][\/et_pb_row][\/et_pb_section][et_pb_section fb_built=&#8221;1&#8243; admin_label=&#8221;Zerbion&#8221; module_id=&#8221;pop-sala-zerbion&#8221; module_class=&#8221;popup&#8221; _builder_version=&#8221;4.27.4&#8243; _module_preset=&#8221;default&#8221; custom_padding=&#8221;0px||0px||true|false&#8221; da_is_popup=&#8221;on&#8221; da_popup_slug=&#8221;pop-sala-zerbion&#8221; da_disable_devices=&#8221;off|off|off&#8221; global_colors_info=&#8221;{}&#8221; da_exit_intent=&#8221;off&#8221; da_has_close=&#8221;on&#8221; da_alt_close=&#8221;off&#8221; da_dark_close=&#8221;off&#8221; da_not_modal=&#8221;on&#8221; da_is_singular=&#8221;off&#8221; da_with_loader=&#8221;off&#8221; da_has_shadow=&#8221;on&#8221;][et_pb_row column_structure=&#8221;1_2,1_2&#8243; make_equal=&#8221;on&#8221; _builder_version=&#8221;4.27.4&#8243; _module_preset=&#8221;default&#8221; width=&#8221;100%&#8221; max_width=&#8221;100%&#8221; min_height=&#8221;403.8px&#8221; custom_padding=&#8221;0px||0px||true|false&#8221; global_colors_info=&#8221;{}&#8221; custom_css_main_element_last_edited=&#8221;on|tablet&#8221; custom_css_main_element_tablet=&#8221;display: flex;||flex-direction: column-reverse;&#8221; custom_css_main_element_phone=&#8221;display: flex;||flex-direction: column-reverse;&#8221;][et_pb_column type=&#8221;1_2&#8243; _builder_version=&#8221;4.27.4&#8243; _module_preset=&#8221;default&#8221; background_enable_image=&#8221;off&#8221; global_colors_info=&#8221;{}&#8221;][et_pb_slider module_class=&#8221;img-slider&#8221; _builder_version=&#8221;4.27.4&#8243; _module_preset=&#8221;default&#8221; width=&#8221;100%&#8221; custom_margin=&#8221;0px||0px||true|false&#8221; custom_padding=&#8221;0px||0px||true|false&#8221; auto=&#8221;on&#8221; auto_speed=&#8221;3000&#8243; auto_ignore_hover=&#8221;on&#8221; global_colors_info=&#8221;{}&#8221;][et_pb_slide _builder_version=&#8221;4.27.4&#8243; _module_preset=&#8221;default&#8221; background_image=&#8221;https:\/\/centrocongressi.billia.it\/wp-content\/uploads\/2025\/06\/centro-congressi-billia-saint-vincent-valle-aosta-grand-hotel-billia-img-sala-zerbion.webp&#8221; background_enable_image=&#8221;on&#8221; global_colors_info=&#8221;{}&#8221; sticky_transition=&#8221;on&#8221;][\/et_pb_slide][et_pb_slide _builder_version=&#8221;4.27.4&#8243; _module_preset=&#8221;default&#8221; background_image=&#8221;https:\/\/centrocongressi.billia.it\/wp-content\/uploads\/2025\/06\/centro-congressi-billia-saint-vincent-valle-aosta-grand-hotel-billia-img-sala-zerbion-3.webp&#8221; background_enable_image=&#8221;on&#8221; global_colors_info=&#8221;{}&#8221; sticky_transition=&#8221;on&#8221;][\/et_pb_slide][et_pb_slide _builder_version=&#8221;4.27.4&#8243; _module_preset=&#8221;default&#8221; background_image=&#8221;https:\/\/centrocongressi.billia.it\/wp-content\/uploads\/2025\/06\/centro-congressi-billia-saint-vincent-valle-aosta-grand-hotel-billia-img-sala-zerbion-2.webp&#8221; background_enable_image=&#8221;on&#8221; global_colors_info=&#8221;{}&#8221; sticky_transition=&#8221;on&#8221;][\/et_pb_slide][\/et_pb_slider][\/et_pb_column][et_pb_column type=&#8221;1_2&#8243; _builder_version=&#8221;4.27.4&#8243; _module_preset=&#8221;default&#8221; custom_padding=&#8221;3em|5em|3em|0em|true|false&#8221; custom_padding_tablet=&#8221;3em|5em|3em|5em|true|true&#8221; custom_padding_phone=&#8221;5em|2em|5em|2em|true|true&#8221; custom_padding_last_edited=&#8221;on|tablet&#8221; global_colors_info=&#8221;{}&#8221;][et_pb_text _builder_version=&#8221;4.27.4&#8243; _module_preset=&#8221;default&#8221; header_font_size=&#8221;70px&#8221; header_2_font_size=&#8221;50px&#8221; custom_margin=&#8221;||0.5em||false|false&#8221; header_2_font_size_tablet=&#8221;50px&#8221; header_2_font_size_phone=&#8221;38px&#8221; header_2_font_size_last_edited=&#8221;on|phone&#8221; global_colors_info=&#8221;{}&#8221;]<\/p>\n<h2>Sala Zerbion<\/h2>\n<p>[\/et_pb_text][et_pb_accordion _builder_version=&#8221;4.27.4&#8243; _module_preset=&#8221;default&#8221; custom_margin=&#8221;||5px||false|false&#8221; border_radii=&#8221;on|2px|2px|2px|2px&#8221; global_colors_info=&#8221;{}&#8221;][et_pb_accordion_item title=&#8221;Info&#8221; open=&#8221;on&#8221; open_toggle_background_color=&#8221;gcid-07410290-6c7e-421e-9a0e-1994d51fb261&#8243; closed_toggle_text_color=&#8221;gcid-07410290-6c7e-421e-9a0e-1994d51fb261&#8243; closed_toggle_background_color=&#8221;#0D395D&#8221; _builder_version=&#8221;4.27.4&#8243; _module_preset=&#8221;default&#8221; custom_margin=&#8221;||5px||false|false&#8221; global_colors_info=&#8221;{%22gcid-07410290-6c7e-421e-9a0e-1994d51fb261%22:%91%22closed_toggle_text_color%22,%22open_toggle_background_color%22%93}&#8221;]<\/p>\n<p>La sala \u00e8 di forma regolare e si trova al piano terreno del Centro Congressi sul lato nord ed affaccia con le sue ampie vetrate sul pendio dello Zerbion, la montagna che domina Saint-Vincent. Lo spazio permette di ospitare 70 posti a sedere con palco e podio, oppure consente allestimenti con banchi di scuola. Le vetrate \u2013 che garantiscono la luce naturale \u2013 creano un ambiente particolarmente accogliente.<\/p>\n<p>[\/et_pb_accordion_item][et_pb_accordion_item title=&#8221;Metrature&#8221; open_toggle_background_color=&#8221;gcid-07410290-6c7e-421e-9a0e-1994d51fb261&#8243; closed_toggle_text_color=&#8221;gcid-07410290-6c7e-421e-9a0e-1994d51fb261&#8243; closed_toggle_background_color=&#8221;#0D395D&#8221; _builder_version=&#8221;4.27.4&#8243; _module_preset=&#8221;default&#8221; custom_margin=&#8221;||5px||false|false&#8221; global_colors_info=&#8221;{%22gcid-07410290-6c7e-421e-9a0e-1994d51fb261%22:%91%22closed_toggle_text_color%22,%22open_toggle_background_color%22%93}&#8221; open=&#8221;off&#8221;]<\/p>\n<p>Area mq. = 78<\/p>\n<p>Dimensioni m. = 10,7 x 7,3<\/p>\n<p>Altezza m. = 3<\/p>\n<p>[\/et_pb_accordion_item][et_pb_accordion_item title=&#8221;Capacit\u00e0&#8221; open_toggle_background_color=&#8221;gcid-07410290-6c7e-421e-9a0e-1994d51fb261&#8243; closed_toggle_text_color=&#8221;gcid-07410290-6c7e-421e-9a0e-1994d51fb261&#8243; closed_toggle_background_color=&#8221;#0D395D&#8221; _builder_version=&#8221;4.27.4&#8243; _module_preset=&#8221;default&#8221; custom_margin=&#8221;||5px||false|false&#8221; global_colors_info=&#8221;{%22gcid-07410290-6c7e-421e-9a0e-1994d51fb261%22:%91%22closed_toggle_text_color%22,%22open_toggle_background_color%22%93}&#8221; open=&#8221;off&#8221;]<\/p>\n<p>Capacit\u00e0 massima persone = 70<\/p>\n<p>Capacit\u00e0 con allestimento a ferro di cavallo = 28<\/p>\n<p>Capacit\u00e0 con tavolo unico =32<\/p>\n<p>Capacit\u00e0 con allestimento classe = 36<\/p>\n<p>Capacit\u00e0 con allestimento platea = 70<\/p>\n<p>[\/et_pb_accordion_item][et_pb_accordion_item title=&#8221;Dotazione&#8221; open_toggle_background_color=&#8221;gcid-07410290-6c7e-421e-9a0e-1994d51fb261&#8243; closed_toggle_text_color=&#8221;gcid-07410290-6c7e-421e-9a0e-1994d51fb261&#8243; closed_toggle_background_color=&#8221;#0D395D&#8221; _builder_version=&#8221;4.27.4&#8243; _module_preset=&#8221;default&#8221; custom_margin=&#8221;||5px||false|false&#8221; global_colors_info=&#8221;{%22gcid-07410290-6c7e-421e-9a0e-1994d51fb261%22:%91%22closed_toggle_text_color%22,%22open_toggle_background_color%22%93}&#8221; open=&#8221;off&#8221;]<\/p>\n<ul>\n<li>Videoproiettore Panasonic Full HD 6000 lumen; i segnali vengono veicolati su cavo ottico HDMI<\/li>\n<li>Schermo motorizzato (per proiezioni frontali) di circa 6\u00d73 m<\/li>\n<li>Impianto audio (mono) con disponibilit\u00e0 di microfoni fissi, radiomicrofoni e microfoni a spilla Shure<\/li>\n<li>Mixer audio Midas<\/li>\n<\/ul>\n<p>[\/et_pb_accordion_item][\/et_pb_accordion][et_pb_code admin_label=&#8221;Info &#8211; Preventivo BTN&#8221; _builder_version=&#8221;4.27.4&#8243; _module_preset=&#8221;default&#8221; global_colors_info=&#8221;{}&#8221;]<a href=\"#ctc\" class=\"button btn-vuoto ctc\" onclick=\"closePopupAndScrollToContacts()\">Richiedi info o un preventivo<\/a>[\/et_pb_code][\/et_pb_column][\/et_pb_row][\/et_pb_section][et_pb_section fb_built=&#8221;1&#8243; admin_label=&#8221;Monte Rosa&#8221; module_id=&#8221;pop-sala-monte-rosa&#8221; module_class=&#8221;popup&#8221; _builder_version=&#8221;4.27.4&#8243; _module_preset=&#8221;default&#8221; custom_padding=&#8221;0px||0px||true|false&#8221; da_is_popup=&#8221;on&#8221; da_popup_slug=&#8221;pop-sala-monte-rosa&#8221; da_disable_devices=&#8221;off|off|off&#8221; global_colors_info=&#8221;{}&#8221; da_exit_intent=&#8221;off&#8221; da_has_close=&#8221;on&#8221; da_alt_close=&#8221;off&#8221; da_dark_close=&#8221;off&#8221; da_not_modal=&#8221;on&#8221; da_is_singular=&#8221;off&#8221; da_with_loader=&#8221;off&#8221; da_has_shadow=&#8221;on&#8221;][et_pb_row column_structure=&#8221;1_2,1_2&#8243; make_equal=&#8221;on&#8221; _builder_version=&#8221;4.27.4&#8243; _module_preset=&#8221;default&#8221; width=&#8221;100%&#8221; max_width=&#8221;100%&#8221; min_height=&#8221;403.8px&#8221; custom_padding=&#8221;0px||0px||true|false&#8221; global_colors_info=&#8221;{}&#8221; custom_css_main_element_last_edited=&#8221;on|tablet&#8221; custom_css_main_element_tablet=&#8221;display: flex;||flex-direction: column-reverse;&#8221; custom_css_main_element_phone=&#8221;display: flex;||flex-direction: column-reverse;&#8221;][et_pb_column type=&#8221;1_2&#8243; _builder_version=&#8221;4.27.4&#8243; _module_preset=&#8221;default&#8221; background_enable_image=&#8221;off&#8221; global_colors_info=&#8221;{}&#8221; custom_css_main_element_last_edited=&#8221;on|tablet&#8221; custom_css_main_element_tablet=&#8221;min-height: 50vh!important;&#8221; custom_css_main_element_phone=&#8221;min-height: 50vh!important;&#8221;][et_pb_slider module_class=&#8221;img-slider&#8221; _builder_version=&#8221;4.27.4&#8243; _module_preset=&#8221;default&#8221; width=&#8221;100%&#8221; height_tablet=&#8221;&#8221; height_phone=&#8221;&#8221; height_last_edited=&#8221;on|tablet&#8221; max_height_tablet=&#8221;50vh&#8221; max_height_phone=&#8221;50vh&#8221; max_height_last_edited=&#8221;on|tablet&#8221; custom_margin=&#8221;0px||0px||true|false&#8221; custom_padding=&#8221;0px||0px||true|false&#8221; auto=&#8221;on&#8221; auto_speed=&#8221;3000&#8243; auto_ignore_hover=&#8221;on&#8221; global_colors_info=&#8221;{}&#8221;][et_pb_slide _builder_version=&#8221;4.27.4&#8243; _module_preset=&#8221;default&#8221; background_image=&#8221;https:\/\/centrocongressi.billia.it\/wp-content\/uploads\/2025\/06\/centro-congressi-billia-saint-vincent-valle-aosta-grand-hotel-billia-img-sala-monte-rosa-3-copia.webp&#8221; background_enable_image=&#8221;on&#8221; global_colors_info=&#8221;{}&#8221; sticky_transition=&#8221;on&#8221;][\/et_pb_slide][et_pb_slide _builder_version=&#8221;4.27.4&#8243; _module_preset=&#8221;default&#8221; background_image=&#8221;https:\/\/centrocongressi.billia.it\/wp-content\/uploads\/2025\/06\/centro-congressi-billia-saint-vincent-valle-aosta-grand-hotel-billia-img-sala-monte-rosa-1-copia.webp&#8221; background_enable_image=&#8221;on&#8221; global_colors_info=&#8221;{}&#8221; sticky_transition=&#8221;on&#8221;][\/et_pb_slide][et_pb_slide _builder_version=&#8221;4.27.4&#8243; _module_preset=&#8221;default&#8221; background_image=&#8221;https:\/\/centrocongressi.billia.it\/wp-content\/uploads\/2025\/06\/centro-congressi-billia-saint-vincent-valle-aosta-grand-hotel-billia-img-sala-monte-rosa-2-copia.webp&#8221; background_enable_image=&#8221;on&#8221; global_colors_info=&#8221;{}&#8221; sticky_transition=&#8221;on&#8221;][\/et_pb_slide][\/et_pb_slider][\/et_pb_column][et_pb_column type=&#8221;1_2&#8243; _builder_version=&#8221;4.27.4&#8243; _module_preset=&#8221;default&#8221; custom_padding=&#8221;3em|5em|3em|0em|true|false&#8221; custom_padding_tablet=&#8221;3em|5em|3em|5em|true|true&#8221; custom_padding_phone=&#8221;5em|2em|5em|2em|true|true&#8221; custom_padding_last_edited=&#8221;on|tablet&#8221; global_colors_info=&#8221;{}&#8221;][et_pb_text _builder_version=&#8221;4.27.4&#8243; _module_preset=&#8221;default&#8221; header_font_size=&#8221;70px&#8221; header_2_font_size=&#8221;50px&#8221; custom_margin=&#8221;||0.5em||false|false&#8221; header_2_font_size_tablet=&#8221;50px&#8221; header_2_font_size_phone=&#8221;38px&#8221; header_2_font_size_last_edited=&#8221;on|phone&#8221; global_colors_info=&#8221;{}&#8221;]<\/p>\n<h2>Sala Monte Rosa<\/h2>\n<p>[\/et_pb_text][et_pb_accordion _builder_version=&#8221;4.27.4&#8243; _module_preset=&#8221;default&#8221; custom_margin=&#8221;||5px||false|false&#8221; border_radii=&#8221;on|2px|2px|2px|2px&#8221; global_colors_info=&#8221;{}&#8221;][et_pb_accordion_item title=&#8221;Info&#8221; open=&#8221;on&#8221; open_toggle_background_color=&#8221;gcid-07410290-6c7e-421e-9a0e-1994d51fb261&#8243; closed_toggle_text_color=&#8221;gcid-07410290-6c7e-421e-9a0e-1994d51fb261&#8243; closed_toggle_background_color=&#8221;#0D395D&#8221; _builder_version=&#8221;4.27.4&#8243; _module_preset=&#8221;default&#8221; custom_margin=&#8221;||5px||false|false&#8221; global_colors_info=&#8221;{%22gcid-07410290-6c7e-421e-9a0e-1994d51fb261%22:%91%22closed_toggle_text_color%22,%22open_toggle_background_color%22%93}&#8221;]<\/p>\n<p>La sala pu\u00f2 ospitare fino a 60 posti con disposizione a platea, ma si adatta a diverse sistemazioni di tavoli di lavoro e di sedute. I colori tenui ed il pavimento in legno chiaro rendono l\u2019ambiente luminoso. Questo spazio si presta ad eventi articolati e riservati grazie all\u2019ampio foyer antistante e alle adiacenti salette Grivola 1 e Grivola 2 per riunioni di sottogruppo.<\/p>\n<p>[\/et_pb_accordion_item][et_pb_accordion_item title=&#8221;Metrature&#8221; open_toggle_background_color=&#8221;gcid-07410290-6c7e-421e-9a0e-1994d51fb261&#8243; closed_toggle_text_color=&#8221;gcid-07410290-6c7e-421e-9a0e-1994d51fb261&#8243; closed_toggle_background_color=&#8221;#0D395D&#8221; _builder_version=&#8221;4.27.4&#8243; _module_preset=&#8221;default&#8221; custom_margin=&#8221;||5px||false|false&#8221; global_colors_info=&#8221;{%22gcid-07410290-6c7e-421e-9a0e-1994d51fb261%22:%91%22closed_toggle_text_color%22,%22open_toggle_background_color%22%93}&#8221; open=&#8221;off&#8221;]<\/p>\n<p>Area mq. = 97<\/p>\n<p>Dimensioni m. = 14,6 x 6,7<\/p>\n<p>Altezza m. = 3<\/p>\n<p>[\/et_pb_accordion_item][et_pb_accordion_item title=&#8221;Capacit\u00e0&#8221; open_toggle_background_color=&#8221;gcid-07410290-6c7e-421e-9a0e-1994d51fb261&#8243; closed_toggle_text_color=&#8221;gcid-07410290-6c7e-421e-9a0e-1994d51fb261&#8243; closed_toggle_background_color=&#8221;#0D395D&#8221; _builder_version=&#8221;4.27.4&#8243; _module_preset=&#8221;default&#8221; custom_margin=&#8221;||5px||false|false&#8221; global_colors_info=&#8221;{%22gcid-07410290-6c7e-421e-9a0e-1994d51fb261%22:%91%22closed_toggle_text_color%22,%22open_toggle_background_color%22%93}&#8221; open=&#8221;off&#8221;]<\/p>\n<p>Capacit\u00e0 massima persone = 60<\/p>\n<p>Capacit\u00e0 con allestimento a ferro di cavallo = 24<\/p>\n<p>Capacit\u00e0 con tavolo unico = 32<\/p>\n<p>Capacit\u00e0 con allestimento classe = 28<\/p>\n<p>Capacit\u00e0 con allestimento platea = 60<\/p>\n<p>[\/et_pb_accordion_item][et_pb_accordion_item title=&#8221;Dotazione&#8221; open_toggle_background_color=&#8221;gcid-07410290-6c7e-421e-9a0e-1994d51fb261&#8243; closed_toggle_text_color=&#8221;gcid-07410290-6c7e-421e-9a0e-1994d51fb261&#8243; closed_toggle_background_color=&#8221;#0D395D&#8221; _builder_version=&#8221;4.27.4&#8243; _module_preset=&#8221;default&#8221; custom_margin=&#8221;||5px||false|false&#8221; global_colors_info=&#8221;{%22gcid-07410290-6c7e-421e-9a0e-1994d51fb261%22:%91%22closed_toggle_text_color%22,%22open_toggle_background_color%22%93}&#8221; open=&#8221;off&#8221;]<\/p>\n<ul>\n<li>Videoproiettore Panasonic Full HD 6000 lumen; i segnali vengono veicolati su cavo ottico HDMI<\/li>\n<li>Schermo motorizzato (per proiezioni frontali) di circa 6\u00d73 m<\/li>\n<li>Impianto audio (mono) con disponibilit\u00e0 di microfoni fissi, radiomicrofoni e microfoni a spilla Shure<\/li>\n<li>Mixer audio Midas<\/li>\n<\/ul>\n<p>[\/et_pb_accordion_item][\/et_pb_accordion][et_pb_code admin_label=&#8221;Info &#8211; Preventivo BTN&#8221; _builder_version=&#8221;4.27.4&#8243; _module_preset=&#8221;default&#8221; global_colors_info=&#8221;{}&#8221;]<a href=\"#ctc\" class=\"button btn-vuoto ctc\" onclick=\"closePopupAndScrollToContacts()\">Richiedi info o un preventivo<\/a>[\/et_pb_code][\/et_pb_column][\/et_pb_row][\/et_pb_section][et_pb_section fb_built=&#8221;1&#8243; custom_padding_last_edited=&#8221;on|phone&#8221; admin_label=&#8221;Servizi&#8221; _builder_version=&#8221;4.27.4&#8243; _module_preset=&#8221;default&#8221; custom_padding=&#8221;||5em||false|false&#8221; custom_padding_tablet=&#8221;||3em||false|false&#8221; custom_padding_phone=&#8221;||3em||false|false&#8221; da_disable_devices=&#8221;off|off|off&#8221; global_colors_info=&#8221;{}&#8221; da_is_popup=&#8221;off&#8221; da_exit_intent=&#8221;off&#8221; da_has_close=&#8221;on&#8221; da_alt_close=&#8221;off&#8221; da_dark_close=&#8221;off&#8221; da_not_modal=&#8221;on&#8221; da_is_singular=&#8221;off&#8221; da_with_loader=&#8221;off&#8221; da_has_shadow=&#8221;on&#8221;][et_pb_row custom_padding_last_edited=&#8221;on|phone&#8221; _builder_version=&#8221;4.27.4&#8243; _module_preset=&#8221;default&#8221; width_tablet=&#8221;&#8221; width_phone=&#8221;100%&#8221; width_last_edited=&#8221;on|phone&#8221; custom_padding=&#8221;||||false|false&#8221; custom_padding_tablet=&#8221;||||false|false&#8221; custom_padding_phone=&#8221;|1em||1em|false|true&#8221; global_colors_info=&#8221;{}&#8221;][et_pb_column type=&#8221;4_4&#8243; _builder_version=&#8221;4.27.4&#8243; _module_preset=&#8221;default&#8221; global_colors_info=&#8221;{}&#8221;][et_pb_text _builder_version=&#8221;4.27.4&#8243; _module_preset=&#8221;default&#8221; header_2_text_align=&#8221;center&#8221; header_2_font_size=&#8221;50px&#8221; custom_margin=&#8221;||2em||false|false&#8221; header_2_text_align_tablet=&#8221;center&#8221; header_2_text_align_phone=&#8221;center&#8221; header_2_text_align_last_edited=&#8221;on|tablet&#8221; header_2_font_size_tablet=&#8221;50px&#8221; header_2_font_size_phone=&#8221;35px&#8221; header_2_font_size_last_edited=&#8221;on|phone&#8221; global_colors_info=&#8221;{}&#8221;]<\/p>\n<h2><strong>Per il successo dell&#8217;evento<\/strong>,<br \/>completa il programma con uno dei nostri servizi<\/h2>\n<p>[\/et_pb_text][\/et_pb_column][\/et_pb_row][et_pb_row column_structure=&#8221;1_2,1_2&#8243; use_custom_gutter=&#8221;on&#8221; gutter_width=&#8221;1&#8243; make_equal=&#8221;on&#8221; custom_padding_last_edited=&#8221;on|tablet&#8221; _builder_version=&#8221;4.27.4&#8243; _module_preset=&#8221;default&#8221; width=&#8221;100%&#8221; max_width=&#8221;1380px&#8221; custom_margin=&#8221;||1%||false|false&#8221; custom_margin_tablet=&#8221;||0%||false|false&#8221; custom_margin_phone=&#8221;||0em||false|false&#8221; custom_margin_last_edited=&#8221;on|tablet&#8221; custom_padding=&#8221;0px||0px||true|false&#8221; custom_padding_tablet=&#8221;|3em||3em|true|true&#8221; custom_padding_phone=&#8221;|10px||10px|true|true&#8221; global_colors_info=&#8221;{}&#8221; custom_css_main_element_last_edited=&#8221;on|phone&#8221; custom_css_main_element_phone=&#8221;gap: 2em;||display: flex;||flex-direction: column;&#8221;][et_pb_column type=&#8221;1_2&#8243; _builder_version=&#8221;4.27.4&#8243; _module_preset=&#8221;default&#8221; background_image=&#8221;https:\/\/centrocongressi.billia.it\/wp-content\/uploads\/2025\/07\/centro-congressi-billia-saint-vincent-valle-aosta-grand-hotel-billia-img-coffee-break-flip-crop.webp&#8221; parallax=&#8221;on&#8221; custom_padding=&#8221;0px|0px|0px|0px|true|true&#8221; custom_padding_tablet=&#8221;0em|0em|0em|0em|true|true&#8221; custom_padding_phone=&#8221;0em|0em|0em|0em|true|true&#8221; custom_padding_last_edited=&#8221;on|phone&#8221; animation_style=&#8221;fold&#8221; background_last_edited=&#8221;on|phone&#8221; parallax_phone=&#8221;off&#8221; parallax_method_phone=&#8221;off&#8221; background_size_phone=&#8221;custom&#8221; background_image_height_phone=&#8221;400px&#8221; background_position_phone=&#8221;top_center&#8221; overflow-y_tablet=&#8221;&#8221; overflow-y_phone=&#8221;&#8221; overflow-y_last_edited=&#8221;on|phone&#8221; custom_css_main_element=&#8221;min-height: 30vh;||display: flex;||align-items: stretch;||justify-content: flex-start;||margin-right: 1%!important;&#8221; border_radii=&#8221;on|2px|2px|2px|2px&#8221; box_shadow_style=&#8221;preset1&#8243; box_shadow_color=&#8221;rgba(13,57,93,0.3)&#8221; global_colors_info=&#8221;{%22gcid-07410290-6c7e-421e-9a0e-1994d51fb261%22:%91%22header_text_color%22,%22body_text_color%22%93}&#8221; custom_css_main_element_last_edited=&#8221;on|phone&#8221; custom_css_main_element_tablet=&#8221;min-height: 30vh;||display: flex;||align-items: stretch;||justify-content: flex-start;||margin-bottom: 3% !important;&#8221; custom_css_main_element_phone=&#8221;min-height: 650px;||display: flex;||align-items: flex-end;||margin-bottom: 250px!important;&#8221;][et_pb_text _builder_version=&#8221;4.27.4&#8243; _module_preset=&#8221;default&#8221; text_text_color=&#8221;gcid-07410290-6c7e-421e-9a0e-1994d51fb261&#8243; header_3_text_align=&#8221;left&#8221; header_3_text_color=&#8221;gcid-07410290-6c7e-421e-9a0e-1994d51fb261&#8243; header_3_font_size=&#8221;30px&#8221; background_enable_color=&#8221;off&#8221; use_background_color_gradient=&#8221;on&#8221; background_color_gradient_direction=&#8221;45deg&#8221; background_color_gradient_stops=&#8221;#0d395d 0%|rgba(13,57,93,0.84) 100%&#8221; vertical_offset=&#8221;-80px&#8221; position_origin_a_tablet=&#8221;&#8221; position_origin_a_phone=&#8221;bottom_left&#8221; position_origin_a_last_edited=&#8221;on|phone&#8221; position_origin_f_tablet=&#8221;&#8221; position_origin_f_phone=&#8221;&#8221; position_origin_f_last_edited=&#8221;on|phone&#8221; position_origin_r_tablet=&#8221;&#8221; position_origin_r_phone=&#8221;&#8221; position_origin_r_last_edited=&#8221;on|phone&#8221; width=&#8221;50%&#8221; width_tablet=&#8221;50%&#8221; width_phone=&#8221;100%&#8221; width_last_edited=&#8221;on|tablet&#8221; custom_margin_tablet=&#8221;&#8221; custom_margin_phone=&#8221;250px||||false|false&#8221; custom_margin_last_edited=&#8221;on|phone&#8221; custom_padding=&#8221;3em|3em|3em|3em|true|true&#8221; custom_padding_tablet=&#8221;3em|3em|3em|3em|true|true&#8221; custom_padding_phone=&#8221;2em|2em|2em|2em|true|true&#8221; custom_padding_last_edited=&#8221;on|phone&#8221; background_color_phone=&#8221;#0D395D&#8221; background_last_edited=&#8221;on|phone&#8221; background_enable_color_phone=&#8221;on&#8221; positioning_tablet=&#8221;&#8221; positioning_phone=&#8221;none&#8221; positioning_last_edited=&#8221;on|phone&#8221; module_alignment_tablet=&#8221;left&#8221; module_alignment_phone=&#8221;left&#8221; module_alignment_last_edited=&#8221;on|tablet&#8221; custom_css_main_element=&#8221;display: flex;||align-items: center;||backdrop-filter: blur(3px);||-webkit-backdrop-filter: blur(3px);&#8221; border_radii=&#8221;on|2px|2px|2px|2px&#8221; box_shadow_style=&#8221;preset1&#8243; box_shadow_color=&#8221;rgba(0,0,0,0.12)&#8221; global_colors_info=&#8221;{%22gcid-07410290-6c7e-421e-9a0e-1994d51fb261%22:%91%22background_color_gradient_stops%22,%22text_text_color%22,%22header_3_text_color%22%93}&#8221;]<\/p>\n<h3>Coffee Break<\/h3>\n<p><span style=\"font-weight: 400;\">Un\u2019<strong>occasione per staccare<\/strong> <strong>la spina<\/strong> e ricaricarsi durante i meeting. Il <strong>coffee break<\/strong> offre caff\u00e8, t\u00e8, brioches, succhi di frutta e tanto altro, per trasformare ogni pausa in un momento di piacere.<\/span><\/p>\n<p>[\/et_pb_text][\/et_pb_column][et_pb_column type=&#8221;1_2&#8243; _builder_version=&#8221;4.27.4&#8243; _module_preset=&#8221;default&#8221; background_image=&#8221;https:\/\/centrocongressi.billia.it\/wp-content\/uploads\/2025\/06\/centro-congressi-billia-saint-vincent-valle-aosta-grand-hotel-billia-img-cheminee-0741.webp&#8221; parallax=&#8221;on&#8221; custom_padding=&#8221;0px|0px|0px|0px|true|true&#8221; custom_padding_tablet=&#8221;0em|0em|0em|0em|true|true&#8221; custom_padding_phone=&#8221;||||true|true&#8221; custom_padding_last_edited=&#8221;on|phone&#8221; animation_style=&#8221;fold&#8221; background_last_edited=&#8221;on|phone&#8221; parallax_phone=&#8221;off&#8221; background_size_phone=&#8221;custom&#8221; background_image_height_phone=&#8221;400px&#8221; background_position_phone=&#8221;top_center&#8221; custom_css_main_element=&#8221;min-height: 30vh;||display: flex;||align-items: stretch;||justify-content: flex-end;||margin-right: 1%!important;&#8221; border_radii=&#8221;on|2px|2px|2px|2px&#8221; box_shadow_style=&#8221;preset1&#8243; box_shadow_color=&#8221;rgba(13,57,93,0.3)&#8221; global_colors_info=&#8221;{%22gcid-07410290-6c7e-421e-9a0e-1994d51fb261%22:%91%22header_text_color%22,%22body_text_color%22,%22header_text_color%22,%22body_text_color%22%93}&#8221; custom_css_main_element__hover_enabled=&#8221;off|desktop&#8221; custom_css_main_element_tablet=&#8221;min-height: 30vh;||display: flex;||align-items: stretch;||justify-content: flex-start;||margin-bottom: 3% !important;&#8221; custom_css_main_element_phone=&#8221;min-height: 650px;||display: flex;||align-items: flex-end;||margin-bottom: 3em!important;&#8221; custom_css_main_element_last_edited=&#8221;on|phone&#8221;][et_pb_text _builder_version=&#8221;4.27.4&#8243; _module_preset=&#8221;default&#8221; text_text_color=&#8221;gcid-07410290-6c7e-421e-9a0e-1994d51fb261&#8243; header_3_text_align=&#8221;left&#8221; header_3_text_color=&#8221;gcid-07410290-6c7e-421e-9a0e-1994d51fb261&#8243; header_3_font_size=&#8221;30px&#8221; background_enable_color=&#8221;off&#8221; use_background_color_gradient=&#8221;on&#8221; background_color_gradient_direction=&#8221;45deg&#8221; background_color_gradient_stops=&#8221;#0d395d 0%|rgba(13,57,93,0.84) 100%&#8221; width=&#8221;50%&#8221; width_tablet=&#8221;50%&#8221; width_phone=&#8221;100%&#8221; width_last_edited=&#8221;on|tablet&#8221; module_alignment=&#8221;right&#8221; custom_margin_tablet=&#8221;&#8221; custom_margin_phone=&#8221;250px||||false|false&#8221; custom_margin_last_edited=&#8221;on|phone&#8221; custom_padding=&#8221;3em|3em|3em|3em|true|true&#8221; custom_padding_tablet=&#8221;3em|3em|3em|3em|true|true&#8221; custom_padding_phone=&#8221;2em|2em|2em|2em|true|true&#8221; custom_padding_last_edited=&#8221;on|phone&#8221; background_color_phone=&#8221;#0D395D&#8221; background_last_edited=&#8221;on|phone&#8221; background_enable_color_phone=&#8221;on&#8221; custom_css_main_element=&#8221;display: flex;||align-items: center;||backdrop-filter: blur(3px);||-webkit-backdrop-filter: blur(3px);&#8221; border_radii=&#8221;on|2px|2px|2px|2px&#8221; box_shadow_style=&#8221;preset1&#8243; box_shadow_color=&#8221;rgba(0,0,0,0.12)&#8221; global_colors_info=&#8221;{%22gcid-07410290-6c7e-421e-9a0e-1994d51fb261%22:%91%22background_color_gradient_stops%22,%22text_text_color%22,%22header_3_text_color%22,%22background_color_gradient_stops%22,%22text_text_color%22,%22header_3_text_color%22,%22background_color_gradient_stops%22,%22text_text_color%22,%22header_3_text_color%22,%22background_color_gradient_stops%22%93}&#8221;]<\/p>\n<h3>Ristorazione su misura<\/h3>\n<p><strong>Proponiamo menu personalizzati<\/strong> per trasformare tutti i pasti in momenti gastronomici alla scoperta della cucina nazionale oppure tradizionale della Valle d\u2019Aosta e <strong>aperitivi sfiziosi<\/strong> che possono creare momenti di networking e socialit\u00e0.<\/p>\n<p>[\/et_pb_text][\/et_pb_column][\/et_pb_row][et_pb_row column_structure=&#8221;1_2,1_2&#8243; use_custom_gutter=&#8221;on&#8221; gutter_width=&#8221;1&#8243; make_equal=&#8221;on&#8221; custom_padding_last_edited=&#8221;on|tablet&#8221; _builder_version=&#8221;4.27.4&#8243; _module_preset=&#8221;default&#8221; width=&#8221;100%&#8221; max_width=&#8221;1380px&#8221; custom_margin_tablet=&#8221;&#8221; custom_margin_phone=&#8221;||0px||false|false&#8221; custom_margin_last_edited=&#8221;on|phone&#8221; custom_padding=&#8221;0px||0px||true|false&#8221; custom_padding_tablet=&#8221;0px|3em|0px|3em|true|true&#8221; custom_padding_phone=&#8221;0px|10px|0px|10px|true|true&#8221; global_colors_info=&#8221;{}&#8221; custom_css_main_element_last_edited=&#8221;on|phone&#8221; custom_css_main_element_phone=&#8221;gap: 2em;||display: flex;||flex-direction: column;&#8221;][et_pb_column type=&#8221;1_2&#8243; _builder_version=&#8221;4.27.4&#8243; _module_preset=&#8221;default&#8221; background_image=&#8221;https:\/\/centrocongressi.billia.it\/wp-content\/uploads\/2025\/06\/centro-congressi-billia-saint-vincent-valle-aosta-grand-hotel-billia-img-hall.webp&#8221; parallax=&#8221;on&#8221; custom_padding=&#8221;0px|0px|0px|0px|true|true&#8221; custom_padding_tablet=&#8221;0px|0px|0px|0px|true|true&#8221; custom_padding_phone=&#8221;||||true|true&#8221; custom_padding_last_edited=&#8221;on|phone&#8221; animation_style=&#8221;fold&#8221; background_last_edited=&#8221;on|phone&#8221; parallax_phone=&#8221;off&#8221; background_size_phone=&#8221;custom&#8221; background_image_height_phone=&#8221;400px&#8221; background_position_phone=&#8221;top_center&#8221; custom_css_main_element=&#8221;min-height: 30vh;||display: flex;||align-items: stretch;||justify-content: flex-start;||margin-right: 1%!important;&#8221; border_radii=&#8221;on|2px|2px|2px|2px&#8221; box_shadow_style=&#8221;preset1&#8243; box_shadow_color=&#8221;rgba(13,57,93,0.3)&#8221; global_colors_info=&#8221;{%22gcid-07410290-6c7e-421e-9a0e-1994d51fb261%22:%91%22header_text_color%22,%22body_text_color%22,%22header_text_color%22,%22body_text_color%22,%22header_text_color%22,%22body_text_color%22%93}&#8221; custom_css_main_element_last_edited=&#8221;on|phone&#8221; custom_css_main_element_tablet=&#8221;min-height: 30vh;||display: flex;||align-items: stretch;||justify-content: flex-start;||margin-bottom: 3% !important;&#8221; custom_css_main_element_phone=&#8221;min-height: 650px;||display: flex;||align-items: flex-end;||margin-bottom: 3em!important;&#8221;][et_pb_text _builder_version=&#8221;4.27.4&#8243; _module_preset=&#8221;default&#8221; text_text_color=&#8221;gcid-07410290-6c7e-421e-9a0e-1994d51fb261&#8243; header_3_text_align=&#8221;left&#8221; header_3_text_color=&#8221;gcid-07410290-6c7e-421e-9a0e-1994d51fb261&#8243; header_3_font_size=&#8221;30px&#8221; background_enable_color=&#8221;off&#8221; use_background_color_gradient=&#8221;on&#8221; background_color_gradient_direction=&#8221;45deg&#8221; background_color_gradient_stops=&#8221;#0d395d 0%|rgba(13,57,93,0.84) 100%&#8221; width=&#8221;50%&#8221; width_tablet=&#8221;50%&#8221; width_phone=&#8221;100%&#8221; width_last_edited=&#8221;on|tablet&#8221; custom_margin_tablet=&#8221;&#8221; custom_margin_phone=&#8221;250px||||false|false&#8221; custom_margin_last_edited=&#8221;on|phone&#8221; custom_padding=&#8221;3em|3em|3em|3em|true|true&#8221; custom_padding_tablet=&#8221;3em|3em|3em|3em|true|true&#8221; custom_padding_phone=&#8221;2em|2em|2em|2em|true|true&#8221; custom_padding_last_edited=&#8221;on|phone&#8221; background_color_phone=&#8221;#0D395D&#8221; background_last_edited=&#8221;on|phone&#8221; background_enable_color_phone=&#8221;on&#8221; module_alignment_tablet=&#8221;left&#8221; module_alignment_phone=&#8221;left&#8221; module_alignment_last_edited=&#8221;on|tablet&#8221; custom_css_main_element=&#8221;display: flex;||align-items: center;||backdrop-filter: blur(3px);||-webkit-backdrop-filter: blur(3px);&#8221; border_radii=&#8221;on|2px|2px|2px|2px&#8221; box_shadow_style=&#8221;preset1&#8243; box_shadow_color=&#8221;rgba(0,0,0,0.12)&#8221; global_colors_info=&#8221;{%22gcid-07410290-6c7e-421e-9a0e-1994d51fb261%22:%91%22background_color_gradient_stops%22,%22text_text_color%22,%22header_3_text_color%22,%22background_color_gradient_stops%22,%22text_text_color%22,%22header_3_text_color%22,%22background_color_gradient_stops%22,%22text_text_color%22,%22header_3_text_color%22,%22background_color_gradient_stops%22,%22text_text_color%22,%22header_3_text_color%22,%22background_color_gradient_stops%22%93}&#8221;]<\/p>\n<h3>Supporto professionale<\/h3>\n<p><strong>Siamo lieti di rispondere a tutte le richieste<\/strong>, per rendere davvero unico il vostro evento. Il nostro staff dedicato vi <strong>accompagner\u00e0 passo dopo passo<\/strong> affinch\u00e9 tutto ci\u00f2 che il \u201cmondo Billia\u201d offre possa supportarvi nel centrare i vostri obiettivi.<\/p>\n<p>[\/et_pb_text][\/et_pb_column][et_pb_column type=&#8221;1_2&#8243; _builder_version=&#8221;4.27.4&#8243; _module_preset=&#8221;default&#8221; background_image=&#8221;https:\/\/centrocongressi.billia.it\/wp-content\/uploads\/2025\/06\/centro-congressi-billia-saint-vincent-valle-aosta-grand-hotel-billia-img-centro-congressi-divani.webp&#8221; parallax=&#8221;on&#8221; custom_padding=&#8221;0px|0px|0px|0px|true|true&#8221; custom_padding_tablet=&#8221;||||true|true&#8221; custom_padding_phone=&#8221;0px|0px|0px|0px|true|true&#8221; custom_padding_last_edited=&#8221;on|phone&#8221; animation_style=&#8221;fold&#8221; background_last_edited=&#8221;on|phone&#8221; parallax_phone=&#8221;off&#8221; background_size_phone=&#8221;custom&#8221; background_image_height_phone=&#8221;400px&#8221; background_position_phone=&#8221;top_center&#8221; custom_css_main_element=&#8221;min-height: 30vh;||display: flex;||align-items: stretch;||justify-content: flex-end;&#8221; border_radii=&#8221;on|2px|2px|2px|2px&#8221; box_shadow_style=&#8221;preset1&#8243; box_shadow_color=&#8221;rgba(13,57,93,0.3)&#8221; global_colors_info=&#8221;{%22gcid-07410290-6c7e-421e-9a0e-1994d51fb261%22:%91%22header_text_color%22,%22body_text_color%22,%22header_text_color%22,%22body_text_color%22,%22header_text_color%22,%22body_text_color%22%93}&#8221; custom_css_main_element_tablet=&#8221;min-height: 30vh;||display: flex;||align-items: stretch;||justify-content: flex-start;&#8221; custom_css_main_element_phone=&#8221;min-height: 600px;||display: flex;||align-items: flex-end;&#8221; custom_css_main_element_last_edited=&#8221;on|phone&#8221;][et_pb_text _builder_version=&#8221;4.27.4&#8243; _module_preset=&#8221;default&#8221; text_text_color=&#8221;gcid-07410290-6c7e-421e-9a0e-1994d51fb261&#8243; header_3_text_align=&#8221;left&#8221; header_3_text_color=&#8221;gcid-07410290-6c7e-421e-9a0e-1994d51fb261&#8243; header_3_font_size=&#8221;30px&#8221; background_enable_color=&#8221;off&#8221; use_background_color_gradient=&#8221;on&#8221; background_color_gradient_direction=&#8221;45deg&#8221; background_color_gradient_stops=&#8221;#0d395d 0%|rgba(13,57,93,0.84) 100%&#8221; width=&#8221;50%&#8221; width_tablet=&#8221;50%&#8221; width_phone=&#8221;100%&#8221; width_last_edited=&#8221;on|tablet&#8221; module_alignment=&#8221;right&#8221; custom_margin_tablet=&#8221;&#8221; custom_margin_phone=&#8221;250px||||false|false&#8221; custom_margin_last_edited=&#8221;on|phone&#8221; custom_padding=&#8221;3em|3em|3em|3em|true|true&#8221; custom_padding_tablet=&#8221;3em|3em|3em|3em|true|true&#8221; custom_padding_phone=&#8221;2em|2em|2em|2em|true|true&#8221; custom_padding_last_edited=&#8221;on|phone&#8221; background_color_phone=&#8221;#0D395D&#8221; background_last_edited=&#8221;on|phone&#8221; background_enable_color_phone=&#8221;on&#8221; custom_css_main_element=&#8221;display: flex;||align-items: center;||backdrop-filter: blur(3px);||-webkit-backdrop-filter: blur(3px);&#8221; border_radii=&#8221;on|2px|2px|2px|2px&#8221; box_shadow_style=&#8221;preset1&#8243; box_shadow_color=&#8221;rgba(0,0,0,0.12)&#8221; global_colors_info=&#8221;{%22gcid-07410290-6c7e-421e-9a0e-1994d51fb261%22:%91%22background_color_gradient_stops%22,%22text_text_color%22,%22header_3_text_color%22,%22background_color_gradient_stops%22,%22text_text_color%22,%22header_3_text_color%22,%22background_color_gradient_stops%22,%22text_text_color%22,%22header_3_text_color%22,%22background_color_gradient_stops%22,%22background_color_gradient_stops%22,%22text_text_color%22,%22header_3_text_color%22,%22background_color_gradient_stops%22,%22text_text_color%22,%22header_3_text_color%22,%22background_color_gradient_stops%22,%22text_text_color%22,%22header_3_text_color%22,%22background_color_gradient_stops%22,%22background_color_gradient_stops%22,%22text_text_color%22,%22header_3_text_color%22,%22background_color_gradient_stops%22,%22text_text_color%22,%22header_3_text_color%22,%22background_color_gradient_stops%22,%22text_text_color%22,%22header_3_text_color%22,%22background_color_gradient_stops%22,%22background_color_gradient_stops%22,%22text_text_color%22,%22header_3_text_color%22,%22background_color_gradient_stops%22,%22text_text_color%22,%22header_3_text_color%22,%22background_color_gradient_stops%22%93}&#8221;]<\/p>\n<h3>Team building<\/h3>\n<p>In collaborazione con <strong>partner selezionati<\/strong> possiamo proporre una <strong>vasta scelta di attivit\u00e0<\/strong> direttamente in Hotel o nelle immediate vicinanze.<\/p>\n<p>[\/et_pb_text][\/et_pb_column][\/et_pb_row][et_pb_row custom_padding_last_edited=&#8221;on|desktop&#8221; module_class=&#8221;pa-inline-buttons&#8221; _builder_version=&#8221;4.27.4&#8243; _module_preset=&#8221;default&#8221; custom_margin=&#8221;4em||||false|false&#8221; custom_margin_tablet=&#8221;4em||||false|false&#8221; custom_margin_phone=&#8221;2em||||false|false&#8221; custom_margin_last_edited=&#8221;on|phone&#8221; custom_padding=&#8221;0px||0px||true|false&#8221; custom_padding_tablet=&#8221;0px||0px||true|false&#8221; custom_padding_phone=&#8221;0px||0px||true|false&#8221; global_colors_info=&#8221;{}&#8221; custom_css_main_element_last_edited=&#8221;off|desktop&#8221;][et_pb_column type=&#8221;4_4&#8243; module_class=&#8221;btn-mob-w100&#8243; _builder_version=&#8221;4.27.4&#8243; _module_preset=&#8221;default&#8221; custom_css_main_element=&#8221;display: flex;||justify-content: center;||align-items: center;&#8221; global_colors_info=&#8221;{}&#8221; custom_css_main_element_last_edited=&#8221;on|phone&#8221; custom_css_main_element_phone=&#8221;gap: 1em;||display: flex;||flex-direction: column;&#8221; custom_css_main_element_tablet=&#8221;display: flex;||justify-content: center;||align-items: center;&#8221;][et_pb_button button_url=&#8221;#virtual-tour&#8221; button_text=&#8221;Virtual Tour&#8221; button_alignment=&#8221;left&#8221; button_alignment_tablet=&#8221;left&#8221; button_alignment_phone=&#8221;center&#8221; button_alignment_last_edited=&#8221;on|phone&#8221; _builder_version=&#8221;4.27.4&#8243; _module_preset=&#8221;default&#8221; custom_button=&#8221;on&#8221; button_text_size=&#8221;16px&#8221; button_text_color=&#8221;gcid-07410290-6c7e-421e-9a0e-1994d51fb261&#8243; button_bg_color=&#8221;#0D395D&#8221; button_border_color=&#8221;gcid-primary-color&#8221; button_font=&#8221;&#8211;et_global_heading_font|||on|||||&#8221; button_use_icon=&#8221;off&#8221; custom_margin=&#8221;|1em|0px||false|false&#8221; custom_margin_tablet=&#8221;|1em|0px||false|false&#8221; custom_margin_phone=&#8221;|0em|0px||false|false&#8221; custom_margin_last_edited=&#8221;on|phone&#8221; custom_padding=&#8221;0.5em|2em|0.5em|2em|true|true&#8221; global_colors_info=&#8221;{%22gcid-07410290-6c7e-421e-9a0e-1994d51fb261%22:%91%22button_text_color%22,%22button_bg_color__hover%22%93,%22gcid-primary-color%22:%91%22button_border_color%22,%22button_text_color__hover%22%93}&#8221; button_bg_color__hover_enabled=&#8221;on|hover&#8221; button_bg_color__hover=&#8221;#ffffff&#8221; button_bg_enable_color__hover=&#8221;on&#8221; button_text_color__hover_enabled=&#8221;on|hover&#8221; button_text_color__hover=&#8221;#0d395d&#8221; custom_css_main_element_last_edited=&#8221;on|phone&#8221; custom_css_main_element_phone=&#8221;width: 100%;&#8221;][\/et_pb_button][et_pb_button button_url=&#8221;https:\/\/www.billia.info\/footage\/centro-congressi-brochure.pdf&#8221; url_new_window=&#8221;on&#8221; button_text=&#8221;Scarica la brochure&#8221; button_alignment=&#8221;left&#8221; button_alignment_tablet=&#8221;left&#8221; button_alignment_phone=&#8221;center&#8221; button_alignment_last_edited=&#8221;on|phone&#8221; _builder_version=&#8221;4.27.4&#8243; _module_preset=&#8221;default&#8221; custom_button=&#8221;on&#8221; button_text_size=&#8221;16px&#8221; button_bg_color=&#8221;gcid-07410290-6c7e-421e-9a0e-1994d51fb261&#8243; button_font=&#8221;&#8211;et_global_heading_font|||on|||||&#8221; button_use_icon=&#8221;off&#8221; custom_padding=&#8221;0.5em|2em|0.5em|2em|true|true&#8221; global_colors_info=&#8221;{%22gcid-07410290-6c7e-421e-9a0e-1994d51fb261%22:%91%22button_bg_color%22,%22button_text_color__hover%22%93}&#8221; button_bg_color__hover_enabled=&#8221;on|hover&#8221; button_bg_color__hover=&#8221;#0D395D&#8221; button_bg_enable_color__hover=&#8221;on&#8221; button_text_color__hover_enabled=&#8221;on|hover&#8221; button_text_color__hover=&#8221;#ffffff&#8221; custom_css_main_element_last_edited=&#8221;on|phone&#8221; custom_css_main_element_phone=&#8221;width: 100%;&#8221;][\/et_pb_button][\/et_pb_column][\/et_pb_row][\/et_pb_section][et_pb_section fb_built=&#8221;1&#8243; admin_label=&#8221;Virtual Tour&#8221; module_id=&#8221;virtual-tour&#8221; module_class=&#8221;popup&#8221; _builder_version=&#8221;4.27.4&#8243; _module_preset=&#8221;default&#8221; da_is_popup=&#8221;on&#8221; da_popup_slug=&#8221;virtual-tour&#8221; da_disable_devices=&#8221;off|off|off&#8221; global_colors_info=&#8221;{}&#8221; da_exit_intent=&#8221;off&#8221; da_has_close=&#8221;on&#8221; da_alt_close=&#8221;off&#8221; da_dark_close=&#8221;off&#8221; da_not_modal=&#8221;on&#8221; da_is_singular=&#8221;off&#8221; da_with_loader=&#8221;off&#8221; da_has_shadow=&#8221;on&#8221;][et_pb_row _builder_version=&#8221;4.27.4&#8243; _module_preset=&#8221;default&#8221; width=&#8221;100%&#8221; max_width=&#8221;100%&#8221; custom_margin=&#8221;|auto|-144px|auto||&#8221; global_colors_info=&#8221;{}&#8221;][et_pb_column type=&#8221;4_4&#8243; _builder_version=&#8221;4.27.4&#8243; _module_preset=&#8221;default&#8221; global_colors_info=&#8221;{}&#8221;][et_pb_code _builder_version=&#8221;4.27.4&#8243; _module_preset=&#8221;default&#8221; global_colors_info=&#8221;{}&#8221;]<iframe loading=\"lazy\" src=\"https:\/\/www.billia.info\/virtual-tour\/\" style=\"border:0px #ffffff none;\" name=\"billia\" scrolling=\"no\" frameborder=\"0\" marginheight=\"0px\" marginwidth=\"0px\" height=\"800px\" width=\"100%\" allowfullscreen><\/iframe>[\/et_pb_code][\/et_pb_column][\/et_pb_row][\/et_pb_section][et_pb_section fb_built=&#8221;1&#8243; disabled_on=&#8221;on|on|on&#8221; admin_label=&#8221;Dicono di noi&#8221; _builder_version=&#8221;4.27.4&#8243; _module_preset=&#8221;default&#8221; custom_padding=&#8221;0px||5em||false|false&#8221; da_disable_devices=&#8221;off|off|off&#8221; disabled=&#8221;on&#8221; global_colors_info=&#8221;{}&#8221; da_is_popup=&#8221;off&#8221; da_exit_intent=&#8221;off&#8221; da_has_close=&#8221;on&#8221; da_alt_close=&#8221;off&#8221; da_dark_close=&#8221;off&#8221; da_not_modal=&#8221;on&#8221; da_is_singular=&#8221;off&#8221; da_with_loader=&#8221;off&#8221; da_has_shadow=&#8221;on&#8221;][et_pb_row _builder_version=&#8221;4.27.4&#8243; _module_preset=&#8221;default&#8221; global_colors_info=&#8221;{}&#8221;][et_pb_column type=&#8221;4_4&#8243; _builder_version=&#8221;4.27.4&#8243; _module_preset=&#8221;default&#8221; global_colors_info=&#8221;{}&#8221;][et_pb_text _builder_version=&#8221;4.27.4&#8243; _module_preset=&#8221;default&#8221; header_2_text_align=&#8221;center&#8221; header_2_font_size=&#8221;50px&#8221; custom_margin=&#8221;||2em||false|false&#8221; global_colors_info=&#8221;{}&#8221;]<\/p>\n<h2>Pensano di noi<\/h2>\n<p>[\/et_pb_text][\/et_pb_column][\/et_pb_row][et_pb_row column_structure=&#8221;1_3,1_3,1_3&#8243; use_custom_gutter=&#8221;on&#8221; gutter_width=&#8221;2&#8243; make_equal=&#8221;on&#8221; custom_padding_last_edited=&#8221;on|tablet&#8221; _builder_version=&#8221;4.27.4&#8243; _module_preset=&#8221;default&#8221; width=&#8221;100%&#8221; max_width=&#8221;1380px&#8221; custom_padding=&#8221;0px||0px||true|false&#8221; custom_padding_tablet=&#8221;0px|5em|0px|5em|true|true&#8221; custom_padding_phone=&#8221;0px|3em|0px|3em|true|true&#8221; global_colors_info=&#8221;{}&#8221;][et_pb_column type=&#8221;1_3&#8243; _builder_version=&#8221;4.27.4&#8243; _module_preset=&#8221;default&#8221; use_background_color_gradient=&#8221;on&#8221; background_color_gradient_direction=&#8221;45deg&#8221; background_color_gradient_stops=&#8221;#0d395d 0%|#222222 98%&#8221; custom_padding=&#8221;3em|3em|3em|3em|true|true&#8221; animation_style=&#8221;fold&#8221; animation_delay=&#8221;300ms&#8221; border_radii=&#8221;on|2px|2px|2px|2px&#8221; box_shadow_style=&#8221;preset1&#8243; box_shadow_color=&#8221;rgba(13,57,93,0.3)&#8221; global_colors_info=&#8221;{%22gcid-07410290-6c7e-421e-9a0e-1994d51fb261%22:%91%22header_text_color%22,%22body_text_color%22,%22header_text_color%22,%22body_text_color%22,%22header_text_color%22,%22body_text_color%22,%22header_text_color%22,%22body_text_color%22,%22header_text_color%22,%22body_text_color%22,%22header_text_color%22,%22body_text_color%22,%22header_text_color%22,%22body_text_color%22,%22header_text_color%22,%22body_text_color%22,%22header_text_color%22,%22body_text_color%22,%22header_text_color%22,%22body_text_color%22%93}&#8221;][et_pb_code _builder_version=&#8221;4.27.4&#8243; _module_preset=&#8221;default&#8221; custom_margin=&#8221;||2em||false|false&#8221; global_colors_info=&#8221;{}&#8221;]<\/p>\n<div class=\"et_pb_module et_pb_icon stelle\"><!-- [et_pb_line_break_holder] -->\t\t\t\t<!-- [et_pb_line_break_holder] -->    <span class=\"et_pb_icon_wrap \"><span class=\"et-pb-icon\">\ue033<\/span><\/span><!-- [et_pb_line_break_holder] -->    <span class=\"et_pb_icon_wrap \"><span class=\"et-pb-icon\">\ue033<\/span><\/span><!-- [et_pb_line_break_holder] -->    <span class=\"et_pb_icon_wrap \"><span class=\"et-pb-icon\">\ue033<\/span><\/span><!-- [et_pb_line_break_holder] -->    <span class=\"et_pb_icon_wrap \"><span class=\"et-pb-icon\">\ue033<\/span><\/span><span class=\"et_pb_icon_wrap \"><span class=\"et-pb-icon\">\ue033<\/span><\/span><!-- [et_pb_line_break_holder] -->\t\t\t<\/div>\n<p>[\/et_pb_code][et_pb_text _builder_version=&#8221;4.27.4&#8243; _module_preset=&#8221;default&#8221; text_text_color=&#8221;gcid-07410290-6c7e-421e-9a0e-1994d51fb261&#8243; header_3_text_color=&#8221;gcid-07410290-6c7e-421e-9a0e-1994d51fb261&#8243; text_orientation=&#8221;center&#8221; global_colors_info=&#8221;{%22gcid-07410290-6c7e-421e-9a0e-1994d51fb261%22:%91%22text_text_color%22,%22header_3_text_color%22%93}&#8221;]<\/p>\n<h3>Ottima esperienza<\/h3>\n<p>Ottima esperienza, verremo di nuovo qui! Bellissimo hotel, centro congressi perfetto!<\/p>\n<p><strong>Robert P.<\/strong><\/p>\n<p>[\/et_pb_text][\/et_pb_column][et_pb_column type=&#8221;1_3&#8243; _builder_version=&#8221;4.27.4&#8243; _module_preset=&#8221;default&#8221; use_background_color_gradient=&#8221;on&#8221; background_color_gradient_direction=&#8221;45deg&#8221; background_color_gradient_stops=&#8221;#0d395d 0%|#222222 98%&#8221; custom_padding=&#8221;3em|3em|3em|3em|true|true&#8221; animation_style=&#8221;fold&#8221; animation_delay=&#8221;300ms&#8221; border_radii=&#8221;on|2px|2px|2px|2px&#8221; box_shadow_style=&#8221;preset1&#8243; box_shadow_color=&#8221;rgba(13,57,93,0.3)&#8221; global_colors_info=&#8221;{%22gcid-07410290-6c7e-421e-9a0e-1994d51fb261%22:%91%22header_text_color%22,%22body_text_color%22,%22header_text_color%22,%22body_text_color%22,%22header_text_color%22,%22body_text_color%22,%22header_text_color%22,%22body_text_color%22,%22header_text_color%22,%22body_text_color%22,%22header_text_color%22,%22body_text_color%22,%22header_text_color%22,%22body_text_color%22,%22header_text_color%22,%22body_text_color%22,%22header_text_color%22,%22body_text_color%22,%22header_text_color%22,%22body_text_color%22%93}&#8221;][et_pb_code _builder_version=&#8221;4.27.4&#8243; _module_preset=&#8221;default&#8221; custom_margin=&#8221;||2em||false|false&#8221; global_colors_info=&#8221;{}&#8221;]<\/p>\n<div class=\"et_pb_module et_pb_icon stelle\"><!-- [et_pb_line_break_holder] -->\t\t\t\t<!-- [et_pb_line_break_holder] -->    <span class=\"et_pb_icon_wrap \"><span class=\"et-pb-icon\">\ue033<\/span><\/span><!-- [et_pb_line_break_holder] -->    <span class=\"et_pb_icon_wrap \"><span class=\"et-pb-icon\">\ue033<\/span><\/span><!-- [et_pb_line_break_holder] -->    <span class=\"et_pb_icon_wrap \"><span class=\"et-pb-icon\">\ue033<\/span><\/span><!-- [et_pb_line_break_holder] -->    <span class=\"et_pb_icon_wrap \"><span class=\"et-pb-icon\">\ue033<\/span><\/span><span class=\"et_pb_icon_wrap \"><span class=\"et-pb-icon\">\ue033<\/span><\/span><!-- [et_pb_line_break_holder] -->\t\t\t<\/div>\n<p>[\/et_pb_code][et_pb_text _builder_version=&#8221;4.27.4&#8243; _module_preset=&#8221;default&#8221; text_text_color=&#8221;gcid-07410290-6c7e-421e-9a0e-1994d51fb261&#8243; header_3_text_color=&#8221;gcid-07410290-6c7e-421e-9a0e-1994d51fb261&#8243; text_orientation=&#8221;center&#8221; global_colors_info=&#8221;{%22gcid-07410290-6c7e-421e-9a0e-1994d51fb261%22:%91%22text_text_color%22,%22header_3_text_color%22%93}&#8221;]<\/p>\n<h3>Complimenti<\/h3>\n<p>Complimenti ai responsabili del Grand Hotel Billia, del Centro Congressi e del Casino per la calendarizzazione di concerti jazz di grande qualit\u00e0 , aperti al pubblico, per la proposta post concerto con un aperitivo vario ed abbondante, sempre originale e diverso. La raffinata decorazione abituale degli spazi ed ora natalizia invitano ad una gradevole sosta nella hall del Centro Congressi o al Bar del GHBillia, una struttura d eccellenza non solo per vacanzieri ma anche per i residenti valdostani. Molto gentile ed attento il personale sia del Centro congressi che del Grand Hotel.<\/p>\n<p><strong>Anna T.<\/strong><\/p>\n<p>[\/et_pb_text][\/et_pb_column][et_pb_column type=&#8221;1_3&#8243; _builder_version=&#8221;4.27.4&#8243; _module_preset=&#8221;default&#8221; use_background_color_gradient=&#8221;on&#8221; background_color_gradient_direction=&#8221;45deg&#8221; background_color_gradient_stops=&#8221;#0d395d 0%|#222222 98%&#8221; custom_padding=&#8221;3em|3em|3em|3em|true|true&#8221; animation_style=&#8221;fold&#8221; animation_delay=&#8221;300ms&#8221; border_radii=&#8221;on|2px|2px|2px|2px&#8221; box_shadow_style=&#8221;preset1&#8243; box_shadow_color=&#8221;rgba(13,57,93,0.3)&#8221; global_colors_info=&#8221;{%22gcid-07410290-6c7e-421e-9a0e-1994d51fb261%22:%91%22header_text_color%22,%22body_text_color%22,%22header_text_color%22,%22body_text_color%22,%22header_text_color%22,%22body_text_color%22,%22header_text_color%22,%22body_text_color%22,%22header_text_color%22,%22body_text_color%22,%22header_text_color%22,%22body_text_color%22,%22header_text_color%22,%22body_text_color%22,%22header_text_color%22,%22body_text_color%22,%22header_text_color%22,%22body_text_color%22,%22header_text_color%22,%22body_text_color%22%93}&#8221;][et_pb_code _builder_version=&#8221;4.27.4&#8243; _module_preset=&#8221;default&#8221; custom_margin=&#8221;||2em||false|false&#8221; global_colors_info=&#8221;{}&#8221;]<\/p>\n<div class=\"et_pb_module et_pb_icon stelle\"><!-- [et_pb_line_break_holder] -->\t\t\t\t<!-- [et_pb_line_break_holder] -->    <span class=\"et_pb_icon_wrap \"><span class=\"et-pb-icon\">\ue033<\/span><\/span><!-- [et_pb_line_break_holder] -->    <span class=\"et_pb_icon_wrap \"><span class=\"et-pb-icon\">\ue033<\/span><\/span><!-- [et_pb_line_break_holder] -->    <span class=\"et_pb_icon_wrap \"><span class=\"et-pb-icon\">\ue033<\/span><\/span><!-- [et_pb_line_break_holder] -->    <span class=\"et_pb_icon_wrap \"><span class=\"et-pb-icon\">\ue033<\/span><\/span><span class=\"et_pb_icon_wrap \"><span class=\"et-pb-icon\">\ue033<\/span><\/span><!-- [et_pb_line_break_holder] -->\t\t\t<\/div>\n<p>[\/et_pb_code][et_pb_text _builder_version=&#8221;4.27.4&#8243; _module_preset=&#8221;default&#8221; text_text_color=&#8221;gcid-07410290-6c7e-421e-9a0e-1994d51fb261&#8243; header_3_text_color=&#8221;gcid-07410290-6c7e-421e-9a0e-1994d51fb261&#8243; text_orientation=&#8221;center&#8221; global_colors_info=&#8221;{%22gcid-07410290-6c7e-421e-9a0e-1994d51fb261%22:%91%22text_text_color%22,%22header_3_text_color%22%93}&#8221;]<\/p>\n<h3>Complimenti<\/h3>\n<p>Complimenti ai responsabili del Grand Hotel Billia, del Centro Congressi e del Casino per la calendarizzazione di concerti jazz di grande qualit\u00e0 , aperti al pubblico, per la proposta post concerto con un aperitivo vario ed abbondante, sempre originale e diverso. La raffinata decorazione abituale degli spazi ed ora natalizia invitano ad una gradevole sosta nella hall del Centro Congressi o al Bar del GHBillia, una struttura d eccellenza non solo per vacanzieri ma anche per i residenti valdostani. Molto gentile ed attento il personale sia del Centro congressi che del Grand Hotel.<\/p>\n<p><strong>Anna T.<\/strong><\/p>\n<p>[\/et_pb_text][\/et_pb_column][\/et_pb_row][\/et_pb_section][et_pb_section fb_built=&#8221;1&#8243; custom_padding_last_edited=&#8221;on|tablet&#8221; admin_label=&#8221;Gallery&#8221; _builder_version=&#8221;4.27.4&#8243; _module_preset=&#8221;default&#8221; custom_padding=&#8221;||0px||false|false&#8221; custom_padding_tablet=&#8221;0px||||false|false&#8221; custom_padding_phone=&#8221;0px||||false|false&#8221; da_disable_devices=&#8221;off|off|off&#8221; global_colors_info=&#8221;{}&#8221; da_is_popup=&#8221;off&#8221; da_exit_intent=&#8221;off&#8221; da_has_close=&#8221;on&#8221; da_alt_close=&#8221;off&#8221; da_dark_close=&#8221;off&#8221; da_not_modal=&#8221;on&#8221; da_is_singular=&#8221;off&#8221; da_with_loader=&#8221;off&#8221; da_has_shadow=&#8221;on&#8221;][et_pb_row custom_padding_last_edited=&#8221;on|tablet&#8221; _builder_version=&#8221;4.27.4&#8243; _module_preset=&#8221;default&#8221; width=&#8221;99%&#8221; max_width=&#8221;100%&#8221; custom_margin=&#8221;||0px||false|false&#8221; custom_margin_tablet=&#8221;0px||||false|false&#8221; custom_margin_phone=&#8221;0px||||false|false&#8221; custom_margin_last_edited=&#8221;on|tablet&#8221; custom_padding=&#8221;||10px||false|false&#8221; custom_padding_tablet=&#8221;|10px|10px|10px|false|true&#8221; custom_padding_phone=&#8221;|10px|10px|10px|false|true&#8221; global_colors_info=&#8221;{}&#8221;][et_pb_column type=&#8221;4_4&#8243; _builder_version=&#8221;4.27.4&#8243; _module_preset=&#8221;default&#8221; global_colors_info=&#8221;{}&#8221;][modula_gallery gallery_select=&#8221;299&#8243; _builder_version=&#8221;4.27.4&#8243; _module_preset=&#8221;default&#8221; global_colors_info=&#8221;{}&#8221;][\/modula_gallery][\/et_pb_column][\/et_pb_row][\/et_pb_section][et_pb_section fb_built=&#8221;1&#8243; admin_label=&#8221;Cosa fare in valle d&#8217;aosta&#8221; module_id=&#8221;pop-sala-paradiso&#8221; _builder_version=&#8221;4.27.4&#8243; _module_preset=&#8221;default&#8221; background_color=&#8221;gcid-07410290-6c7e-421e-9a0e-1994d51fb261&#8243; custom_margin=&#8221;||||false|false&#8221; custom_padding=&#8221;0px||10px||false|false&#8221; da_popup_slug=&#8221;pop-sala-paradiso&#8221; da_disable_devices=&#8221;off|off|off&#8221; global_colors_info=&#8221;{%22gcid-07410290-6c7e-421e-9a0e-1994d51fb261%22:%91%22background_color%22%93}&#8221; da_is_popup=&#8221;off&#8221; da_exit_intent=&#8221;off&#8221; da_has_close=&#8221;on&#8221; da_alt_close=&#8221;off&#8221; da_dark_close=&#8221;off&#8221; da_not_modal=&#8221;on&#8221; da_is_singular=&#8221;off&#8221; da_with_loader=&#8221;off&#8221; da_has_shadow=&#8221;on&#8221;][et_pb_row column_structure=&#8221;1_2,1_2&#8243; make_equal=&#8221;on&#8221; custom_padding_last_edited=&#8221;on|tablet&#8221; _builder_version=&#8221;4.27.4&#8243; _module_preset=&#8221;default&#8221; width=&#8221;100%&#8221; max_width=&#8221;100%&#8221; min_height=&#8221;403.8px&#8221; custom_padding=&#8221;0px||0px||true|false&#8221; custom_padding_tablet=&#8221;0px||0px||true|true&#8221; custom_padding_phone=&#8221;0px||0px||true|true&#8221; global_colors_info=&#8221;{}&#8221;][et_pb_column type=&#8221;1_2&#8243; module_class=&#8221;bg-click-change&#8221; _builder_version=&#8221;4.27.4&#8243; _module_preset=&#8221;default&#8221; background_image=&#8221;https:\/\/centrocongressi.billia.it\/wp-content\/uploads\/2025\/06\/centro_congressi-cervinia-valle-d-aosta.webp&#8221; custom_padding_tablet=&#8221;|10px||10px|false|true&#8221; custom_padding_phone=&#8221;|10px||10px|false|true&#8221; custom_padding_last_edited=&#8221;on|tablet&#8221; border_radii=&#8221;on|3px|3px|3px|3px&#8221; global_colors_info=&#8221;{}&#8221; custom_css_main_element_last_edited=&#8221;on|tablet&#8221; custom_css_main_element_tablet=&#8221;min-height: 50vh!important;||display: block!important;||margin-left: 10px!important;||margin-right: 10px!important;||width: calc(100% &#8211; 20px)!important;&#8221; custom_css_main_element_phone=&#8221;min-height: 50vh!important;||display: block!important;||margin-left: 10px!important;||margin-right: 10px!important;||width: calc(100% &#8211; 20px)!important;&#8221;][\/et_pb_column][et_pb_column type=&#8221;1_2&#8243; _builder_version=&#8221;4.27.4&#8243; _module_preset=&#8221;default&#8221; custom_padding=&#8221;3em|5em|3em|0em|true|false&#8221; custom_padding_tablet=&#8221;3em|3em|3em|3em|true|false&#8221; custom_padding_phone=&#8221;3em|10px|3em|10px|true|true&#8221; custom_padding_last_edited=&#8221;on|tablet&#8221; global_colors_info=&#8221;{}&#8221;][et_pb_text _builder_version=&#8221;4.27.4&#8243; _module_preset=&#8221;default&#8221; header_font_size=&#8221;70px&#8221; header_2_font_size=&#8221;50px&#8221; custom_margin=&#8221;||1em||false|false&#8221; custom_margin_tablet=&#8221;||1em||false|false&#8221; custom_margin_phone=&#8221;||2em||false|false&#8221; custom_margin_last_edited=&#8221;on|phone&#8221; custom_padding_tablet=&#8221;&#8221; custom_padding_phone=&#8221;|1em||1em|false|true&#8221; custom_padding_last_edited=&#8221;on|phone&#8221; header_2_font_size_tablet=&#8221;50px&#8221; header_2_font_size_phone=&#8221;35px&#8221; header_2_font_size_last_edited=&#8221;on|phone&#8221; global_colors_info=&#8221;{}&#8221;]<\/p>\n<h2>Cosa fare in<br \/>valle d&#8217;aosta?<\/h2>\n<p>[\/et_pb_text][et_pb_accordion module_class=&#8221;acc-foto acc-click-change&#8221; _builder_version=&#8221;4.27.4&#8243; _module_preset=&#8221;default&#8221; custom_margin=&#8221;||5px||false|false&#8221; border_radii=&#8221;on|2px|2px|2px|2px&#8221; global_colors_info=&#8221;{}&#8221;][et_pb_accordion_item title=&#8221;Skyway Monte Bianco \u2013 Un&#8217;ascensione mozzafiato&#8221; open=&#8221;on&#8221; open_toggle_background_color=&#8221;gcid-07410290-6c7e-421e-9a0e-1994d51fb261&#8243; closed_toggle_text_color=&#8221;gcid-07410290-6c7e-421e-9a0e-1994d51fb261&#8243; closed_toggle_background_color=&#8221;#0D395D&#8221; _builder_version=&#8221;4.27.4&#8243; _module_preset=&#8221;default&#8221; custom_margin=&#8221;||5px||false|false&#8221; global_colors_info=&#8221;{%22gcid-07410290-6c7e-421e-9a0e-1994d51fb261%22:%91%22closed_toggle_text_color%22,%22open_toggle_background_color%22%93}&#8221;]<\/p>\n<p>Skyway Monte Bianco offre un\u2019esperienza unica: cabine panoramiche rotanti, accesso a un giardino botanico alpino a 2.173 metri e la salita fino a Punta Helbronner &#8211; a 3.466 metri &#8211; il punto pi\u00f9 alto d\u2019Italia, per un incredibile faccia a faccia con il Monte Bianco. Un\u2019avventura imperdibile per gli amanti della natura e dell\u2019emozione.<\/p>\n<p>[\/et_pb_accordion_item][et_pb_accordion_item title=&#8221;Forte di Bard \u2013 Storia e cultura nel cuore della Valle d\u2019Aosta&#8221; open_toggle_background_color=&#8221;gcid-07410290-6c7e-421e-9a0e-1994d51fb261&#8243; closed_toggle_text_color=&#8221;gcid-07410290-6c7e-421e-9a0e-1994d51fb261&#8243; closed_toggle_background_color=&#8221;#0D395D&#8221; _builder_version=&#8221;4.27.4&#8243; _module_preset=&#8221;default&#8221; custom_margin=&#8221;||5px||false|false&#8221; global_colors_info=&#8221;{%22gcid-07410290-6c7e-421e-9a0e-1994d51fb261%22:%91%22closed_toggle_text_color%22,%22open_toggle_background_color%22%93}&#8221; open=&#8221;off&#8221;]<\/p>\n<p>Imponente fortezza ottocentesca che domina la gola di Bard, il Forte di Bard ospita musei, mostre temporanee e eventi culturali di rilievo. Dalle prigioni storiche al Museo delle Alpi, ogni angolo racconta la storia delle Alpi. Una visita che unisce cultura, storia e panorami suggestivi sul Fondo Valle.<\/p>\n<p>[\/et_pb_accordion_item][et_pb_accordion_item title=&#8221;Cervinia \u2013 Un&#8217;esperienza a 360\u00b0&#8221; open_toggle_background_color=&#8221;gcid-07410290-6c7e-421e-9a0e-1994d51fb261&#8243; closed_toggle_text_color=&#8221;gcid-07410290-6c7e-421e-9a0e-1994d51fb261&#8243; closed_toggle_background_color=&#8221;#0D395D&#8221; _builder_version=&#8221;4.27.4&#8243; _module_preset=&#8221;default&#8221; custom_margin=&#8221;||5px||false|false&#8221; global_colors_info=&#8221;{%22gcid-07410290-6c7e-421e-9a0e-1994d51fb261%22:%91%22closed_toggle_text_color%22,%22open_toggle_background_color%22%93}&#8221; open=&#8221;off&#8221;]<\/p>\n<p>Scopri la bellezza e la ricchezza della Valle del Cervino; dai pi\u00f9 moderni comuni di Cervinia e Valtournenche, ai pi\u00f9 piccoli paesini, come Chamoix e La Magdeleine, che raccontano storie di montagna. In questa vallata, ricca di proposte, \u00e8 possibile organizzare escursioni tra i paesaggi montani mozzafiato, teambuilding sportivi grazie ai comprensori sciistici ed esperienze culturali e gastronomiche.<\/p>\n<p>[\/et_pb_accordion_item][et_pb_accordion_item title=&#8221;Aosta Romana \u2013 Una passeggiata nella storia&#8221; open_toggle_background_color=&#8221;gcid-07410290-6c7e-421e-9a0e-1994d51fb261&#8243; closed_toggle_text_color=&#8221;gcid-07410290-6c7e-421e-9a0e-1994d51fb261&#8243; closed_toggle_background_color=&#8221;#0D395D&#8221; _builder_version=&#8221;4.27.4&#8243; _module_preset=&#8221;default&#8221; custom_margin=&#8221;||5px||false|false&#8221; global_colors_info=&#8221;{%22gcid-07410290-6c7e-421e-9a0e-1994d51fb261%22:%91%22closed_toggle_text_color%22,%22open_toggle_background_color%22%93}&#8221; open=&#8221;off&#8221;]<\/p>\n<p>Aosta, fondata dai Romani come Augusta Praetoria Salassorum, conserva ancora oggi numerosi monumenti dell\u2019epoca. Passeggiando per il centro storico, si possono ammirare l\u2019Arco di Augusto, il Teatro Romano e le antiche mura cittadine. Un viaggio nel cuore della storia, a pochi passi dal presente.<\/p>\n<p>[\/et_pb_accordion_item][\/et_pb_accordion][et_pb_code _builder_version=&#8221;4.27.4&#8243; _module_preset=&#8221;default&#8221; global_colors_info=&#8221;{}&#8221;]<script><!-- [et_pb_line_break_holder] -->(function ($) {<!-- [et_pb_line_break_holder] -->  $(document).ready(function () {<!-- [et_pb_line_break_holder] -->    $('.et_pb_accordion_item').on('click', function () {<!-- [et_pb_line_break_holder] -->      var index = $(this).index();<!-- [et_pb_line_break_holder] -->      var className;<!-- [et_pb_line_break_holder] --><!-- [et_pb_line_break_holder] -->      switch(index) {<!-- [et_pb_line_break_holder] -->        case 0:<!-- [et_pb_line_break_holder] -->          className = 'bg-change-1';<!-- [et_pb_line_break_holder] -->          break;<!-- [et_pb_line_break_holder] -->        case 1:<!-- [et_pb_line_break_holder] -->          className = 'bg-change-2';<!-- [et_pb_line_break_holder] -->          break;<!-- [et_pb_line_break_holder] -->        case 2:<!-- [et_pb_line_break_holder] -->          className = 'bg-change-3';<!-- [et_pb_line_break_holder] -->          break;<!-- [et_pb_line_break_holder] -->        case 3:<!-- [et_pb_line_break_holder] -->          className = 'bg-change-4';<!-- [et_pb_line_break_holder] -->          break;<!-- [et_pb_line_break_holder] -->        default:<!-- [et_pb_line_break_holder] -->          className = 'bg-change-1';<!-- [et_pb_line_break_holder] -->      }<!-- [et_pb_line_break_holder] --><!-- [et_pb_line_break_holder] -->      $('.bg-click-change')<!-- [et_pb_line_break_holder] -->        .removeClass('bg-change-1 bg-change-2 bg-change-3 bg-change-4')<!-- [et_pb_line_break_holder] -->        .addClass(className);<!-- [et_pb_line_break_holder] -->    });<!-- [et_pb_line_break_holder] -->  });<!-- [et_pb_line_break_holder] -->})(jQuery);<!-- [et_pb_line_break_holder] --><!-- [et_pb_line_break_holder] --><\/script>[\/et_pb_code][et_pb_image src=&#8221;https:\/\/centrocongressi.billia.it\/wp-content\/uploads\/2025\/06\/centro_congressi-billia-skyway-monte-bianco-valle-d-aosta.webp&#8221; title_text=&#8221;centro_congressi-billia-skyway-monte-bianco-valle-d-aosta&#8221; show_in_lightbox=&#8221;on&#8221; align=&#8221;center&#8221; force_fullwidth=&#8221;on&#8221; module_class=&#8221;hidden-img&#8221; _builder_version=&#8221;4.27.4&#8243; _module_preset=&#8221;default&#8221; module_alignment=&#8221;center&#8221; custom_padding=&#8221;|0px|||false|false&#8221; global_colors_info=&#8221;{}&#8221;][\/et_pb_image][\/et_pb_column][\/et_pb_row][\/et_pb_section][et_pb_section fb_built=&#8221;1&#8243; admin_label=&#8221;Follow c2a&#8221; _builder_version=&#8221;4.27.4&#8243; _module_preset=&#8221;default&#8221; background_color=&#8221;#0D395D&#8221; use_background_color_gradient=&#8221;on&#8221; background_color_gradient_direction=&#8221;45deg&#8221; background_color_gradient_stops=&#8221;#0d395d 0%|gcid-72113eb7-40fe-40b9-9099-4d206bf69aab 100%&#8221; z_index=&#8221;50&#8243; custom_padding=&#8221;0px||0px||true|false&#8221; sticky_position=&#8221;bottom&#8221; da_disable_devices=&#8221;off|off|off&#8221; global_colors_info=&#8221;{%22gcid-72113eb7-40fe-40b9-9099-4d206bf69aab%22:%91%22background_color_gradient_stops%22%93}&#8221; da_is_popup=&#8221;off&#8221; da_exit_intent=&#8221;off&#8221; da_has_close=&#8221;on&#8221; da_alt_close=&#8221;off&#8221; da_dark_close=&#8221;off&#8221; da_not_modal=&#8221;on&#8221; da_is_singular=&#8221;off&#8221; da_with_loader=&#8221;off&#8221; da_has_shadow=&#8221;on&#8221;][et_pb_row custom_padding_last_edited=&#8221;on|phone&#8221; _builder_version=&#8221;4.27.4&#8243; _module_preset=&#8221;default&#8221; width=&#8221;90%&#8221; width_tablet=&#8221;90%&#8221; width_phone=&#8221;100%&#8221; width_last_edited=&#8221;on|phone&#8221; max_width=&#8221;90%&#8221; max_width_tablet=&#8221;90%&#8221; max_width_phone=&#8221;100%&#8221; max_width_last_edited=&#8221;on|phone&#8221; custom_padding=&#8221;0.5em||0.5em||true|false&#8221; custom_padding_tablet=&#8221;0.5em||0.5em||true|false&#8221; custom_padding_phone=&#8221;0.5em|10px|0.5em|10px|true|true&#8221; global_colors_info=&#8221;{}&#8221; custom_padding__sticky_enabled=&#8221;on|desktop&#8221;][et_pb_column type=&#8221;4_4&#8243; _builder_version=&#8221;4.27.4&#8243; _module_preset=&#8221;default&#8221; global_colors_info=&#8221;{}&#8221;][et_pb_button button_url=&#8221;#ctc&#8221; button_text=&#8221;Richiedi Info o un Preventivo&#8221; button_alignment=&#8221;center&#8221; button_alignment_tablet=&#8221;center&#8221; button_alignment_phone=&#8221;center&#8221; button_alignment_last_edited=&#8221;on|phone&#8221; _builder_version=&#8221;4.27.4&#8243; _module_preset=&#8221;default&#8221; custom_button=&#8221;on&#8221; button_bg_color=&#8221;gcid-07410290-6c7e-421e-9a0e-1994d51fb261&#8243; button_font=&#8221;&#8211;et_global_heading_font|||on|||||&#8221; button_use_icon=&#8221;off&#8221; custom_padding=&#8221;0.5em|2em|0.5em|2em|true|true&#8221; custom_css_main_element=&#8221;line-height: 1.2em !important;&#8221; global_colors_info=&#8221;{%22gcid-07410290-6c7e-421e-9a0e-1994d51fb261%22:%91%22button_bg_color%22,%22button_text_color__hover%22%93}&#8221; button_bg_color__hover_enabled=&#8221;on|hover&#8221; button_bg_color__hover=&#8221;#0D395D&#8221; button_bg_enable_color__hover=&#8221;on&#8221; button_text_color__hover_enabled=&#8221;on|hover&#8221; button_text_color__hover=&#8221;#ffffff&#8221;][\/et_pb_button][\/et_pb_column][\/et_pb_row][\/et_pb_section][et_pb_section fb_built=&#8221;1&#8243; custom_padding_last_edited=&#8221;on|tablet&#8221; admin_label=&#8221;Contatti&#8221; _builder_version=&#8221;4.27.4&#8243; _module_preset=&#8221;default&#8221; custom_padding_tablet=&#8221;0px|0px|0px|0px|true|true&#8221; custom_padding_phone=&#8221;3em|0px|3em|0px|true|true&#8221; da_disable_devices=&#8221;off|off|off&#8221; global_colors_info=&#8221;{}&#8221; da_is_popup=&#8221;off&#8221; da_exit_intent=&#8221;off&#8221; da_has_close=&#8221;on&#8221; da_alt_close=&#8221;off&#8221; da_dark_close=&#8221;off&#8221; da_not_modal=&#8221;on&#8221; da_is_singular=&#8221;off&#8221; da_with_loader=&#8221;off&#8221; da_has_shadow=&#8221;on&#8221;][et_pb_row column_structure=&#8221;1_2,1_2&#8243; make_equal=&#8221;on&#8221; custom_padding_last_edited=&#8221;on|tablet&#8221; module_id=&#8221;ctc&#8221; _builder_version=&#8221;4.27.4&#8243; _module_preset=&#8221;default&#8221; width=&#8221;90%&#8221; width_tablet=&#8221;100%&#8221; width_phone=&#8221;100%&#8221; width_last_edited=&#8221;on|tablet&#8221; max_width=&#8221;1380px&#8221; custom_padding_tablet=&#8221;|3em||3em|false|true&#8221; custom_padding_phone=&#8221;|2em||2em|false|true&#8221; global_colors_info=&#8221;{}&#8221;][et_pb_column type=&#8221;1_2&#8243; module_class=&#8221;btn-w100&#8243; _builder_version=&#8221;4.27.4&#8243; _module_preset=&#8221;default&#8221; custom_padding=&#8221;3em|3em|3em|3em|true|true&#8221; custom_padding_tablet=&#8221;3em|0em|3em|0em|true|true&#8221; custom_padding_phone=&#8221;0em|0em|0em|0em|false|true&#8221; custom_padding_last_edited=&#8221;on|tablet&#8221; custom_css_main_element=&#8221;display: flex;||flex-direction: column;||align-items: flex-start;||justify-content: center;||&#8221; global_colors_info=&#8221;{}&#8221;][et_pb_image src=&#8221;https:\/\/centrocongressi.billia.it\/wp-content\/uploads\/2025\/06\/centro-congressi-billia-saint-vincent-valle-aosta-grand-hotel-billia-logo-512x.webp&#8221; title_text=&#8221;centro-congressi-billia-saint-vincent-valle-aosta-grand-hotel-billia-logo-512x&#8221; show_bottom_space=&#8221;off&#8221; _builder_version=&#8221;4.27.4&#8243; _module_preset=&#8221;default&#8221; width=&#8221;100px&#8221; width_tablet=&#8221;150px&#8221; width_phone=&#8221;120px&#8221; width_last_edited=&#8221;on|tablet&#8221; custom_margin=&#8221;||2em||false|false&#8221; custom_margin_tablet=&#8221;||||false|false&#8221; custom_margin_phone=&#8221;||||false|false&#8221; custom_margin_last_edited=&#8221;off|desktop&#8221; custom_padding=&#8221;||||false|false&#8221; custom_padding_tablet=&#8221;||||false|false&#8221; custom_padding_phone=&#8221;||||false|false&#8221; custom_padding_last_edited=&#8221;on|desktop&#8221; border_width_right_tablet=&#8221;&#8221; border_width_right_phone=&#8221;&#8221; border_width_right_last_edited=&#8221;on|desktop&#8221; global_colors_info=&#8221;{}&#8221;][\/et_pb_image][et_pb_text _builder_version=&#8221;4.27.4&#8243; _module_preset=&#8221;default&#8221; header_font_size=&#8221;70px&#8221; header_2_font_size=&#8221;50px&#8221; custom_margin=&#8221;||0.5em||false|false&#8221; header_2_font_size_tablet=&#8221;50px&#8221; header_2_font_size_phone=&#8221;35px&#8221; header_2_font_size_last_edited=&#8221;on|phone&#8221; global_colors_info=&#8221;{}&#8221;]<\/p>\n<h2>Richiedi Informazioni \/ Preventivo<\/h2>\n<p>[\/et_pb_text][et_pb_text _builder_version=&#8221;4.27.4&#8243; _module_preset=&#8221;default&#8221; global_colors_info=&#8221;{}&#8221;]<\/p>\n<p>Compilando il <a href=\"#form\"><strong>form<\/strong><\/a> potrai ricevere informazioni dettagliate e un preventivo personalizzato per l\u2019evento che stai organizzando. <br \/>In alternativa \u00e8 possibile contattarci telefonicamente al numero sottostante:<\/p>\n<p>[\/et_pb_text][et_pb_button button_url=&#8221;tel:+390166523261&#8243; url_new_window=&#8221;on&#8221; button_text=&#8221;(+39) 0166 523261&#8243; button_alignment=&#8221;left&#8221; button_alignment_tablet=&#8221;left&#8221; button_alignment_phone=&#8221;center&#8221; button_alignment_last_edited=&#8221;on|phone&#8221; _builder_version=&#8221;4.27.4&#8243; _module_preset=&#8221;default&#8221; custom_button=&#8221;on&#8221; button_text_size=&#8221;16px&#8221; button_text_color=&#8221;gcid-07410290-6c7e-421e-9a0e-1994d51fb261&#8243; button_bg_color=&#8221;#0D395D&#8221; button_border_color=&#8221;gcid-primary-color&#8221; button_font=&#8221;&#8211;et_global_heading_font|||on|||||&#8221; button_icon=&#8221;&#xe090;||divi||400&#8243; button_icon_placement=&#8221;left&#8221; button_on_hover=&#8221;off&#8221; custom_margin=&#8221;|1em|0px||false|false&#8221; custom_margin_tablet=&#8221;|1em|0px||false|false&#8221; custom_margin_phone=&#8221;|0em|0px||false|false&#8221; custom_margin_last_edited=&#8221;on|phone&#8221; custom_padding=&#8221;0.5em|2em|0.5em|3em|true|false&#8221; custom_css_main_element=&#8221;width: 100%!important;&#8221; global_colors_info=&#8221;{%22gcid-07410290-6c7e-421e-9a0e-1994d51fb261%22:%91%22button_text_color%22,%22button_bg_color__hover%22%93,%22gcid-primary-color%22:%91%22button_border_color%22,%22button_text_color__hover%22%93}&#8221; button_bg_color__hover_enabled=&#8221;on|hover&#8221; button_bg_color__hover=&#8221;#ffffff&#8221; button_bg_enable_color__hover=&#8221;on&#8221; button_text_color__hover_enabled=&#8221;on|hover&#8221; button_text_color__hover=&#8221;#0d395d&#8221; custom_css_main_element_last_edited=&#8221;on|phone&#8221; custom_css_main_element_phone=&#8221;width: 100%;&#8221; custom_css_main_element_tablet=&#8221;width: 100%!important;&#8221;][\/et_pb_button][\/et_pb_column][et_pb_column type=&#8221;1_2&#8243; _builder_version=&#8221;4.27.4&#8243; _module_preset=&#8221;default&#8221; custom_padding_tablet=&#8221;||||false|true&#8221; custom_padding_phone=&#8221;||||false|true&#8221; custom_padding_last_edited=&#8221;on|tablet&#8221; global_colors_info=&#8221;{}&#8221;][et_pb_code module_id=&#8221;form&#8221; _builder_version=&#8221;4.27.4&#8243; _module_preset=&#8221;default&#8221; global_colors_info=&#8221;{}&#8221;]<form id=\"forminator-module-1028\" class=\"forminator-custom-form forminator-custom-form-1028\" method=\"post\" data-forminator-render=\"0\" data-uid=\"69f5224303294\"><div role=\"alert\" aria-live=\"polite\" class=\"forminator-response-message forminator-error\" aria-hidden=\"true\"><\/div><\/form>[\/et_pb_code][et_pb_code admin_label=&#8221;Script Chiusura tasto popup&#8221; _builder_version=&#8221;4.27.4&#8243; _module_preset=&#8221;default&#8221; global_colors_info=&#8221;{}&#8221;]<script><!-- [et_pb_line_break_holder] -->function closePopupAndScrollToContacts() {<!-- [et_pb_line_break_holder] -->    var closeButton = document.querySelector('.da-close');<!-- [et_pb_line_break_holder] -->    if (closeButton) {<!-- [et_pb_line_break_holder] -->        closeButton.click();<!-- [et_pb_line_break_holder] -->    }<!-- [et_pb_line_break_holder] --><!-- [et_pb_line_break_holder] -->    var element = document.getElementById(\"ctc\");<!-- [et_pb_line_break_holder] -->    if (element) {<!-- [et_pb_line_break_holder] -->        element.scrollIntoView({ behavior: \"smooth\" });<!-- [et_pb_line_break_holder] -->    }<!-- [et_pb_line_break_holder] -->}<!-- [et_pb_line_break_holder] --><\/script>[\/et_pb_code][\/et_pb_column][\/et_pb_row][\/et_pb_section]<\/p>\n","protected":false},"excerpt":{"rendered":"<p>Organizza il tuo evento al Centro Congressi BilliaUn luogo ricco di storia, in una posizione strategica con servizi esclusivi per i vostri meeting.Il Centro Congressi Billia di Saint-Vincent in Valle d\u2019Aosta, unito al prestigioso Grand H\u00f4tel Billia e al Parc Hotel Billia, \u00e8 un punto di riferimento per tutti gli eventi aziendali.Scopri Ogni Angolo del [&hellip;]<\/p>\n","protected":false},"author":3,"featured_media":0,"parent":0,"menu_order":0,"comment_status":"closed","ping_status":"closed","template":"","meta":{"_et_pb_use_builder":"on","_et_pb_old_content":"","_et_gb_content_width":"","footnotes":""},"class_list":["post-881","page","type-page","status-publish","hentry"],"_links":{"self":[{"href":"https:\/\/centrocongressi.billia.it\/fr\/wp-json\/wp\/v2\/pages\/881","targetHints":{"allow":["GET"]}}],"collection":[{"href":"https:\/\/centrocongressi.billia.it\/fr\/wp-json\/wp\/v2\/pages"}],"about":[{"href":"https:\/\/centrocongressi.billia.it\/fr\/wp-json\/wp\/v2\/types\/page"}],"author":[{"embeddable":true,"href":"https:\/\/centrocongressi.billia.it\/fr\/wp-json\/wp\/v2\/users\/3"}],"replies":[{"embeddable":true,"href":"https:\/\/centrocongressi.billia.it\/fr\/wp-json\/wp\/v2\/comments?post=881"}],"version-history":[{"count":78,"href":"https:\/\/centrocongressi.billia.it\/fr\/wp-json\/wp\/v2\/pages\/881\/revisions"}],"predecessor-version":[{"id":1115,"href":"https:\/\/centrocongressi.billia.it\/fr\/wp-json\/wp\/v2\/pages\/881\/revisions\/1115"}],"wp:attachment":[{"href":"https:\/\/centrocongressi.billia.it\/fr\/wp-json\/wp\/v2\/media?parent=881"}],"curies":[{"name":"wp","href":"https:\/\/api.w.org\/{rel}","templated":true}]}}